{"id":26725,"date":"2022-09-16T12:23:28","date_gmt":"2022-09-16T10:23:28","guid":{"rendered":"https:\/\/www.exenia.eu\/sustainability\/"},"modified":"2023-04-19T13:57:33","modified_gmt":"2023-04-19T11:57:33","slug":"nachhaltigkeit","status":"publish","type":"page","link":"https:\/\/restyling.exenia.eu\/de\/nachhaltigkeit\/","title":{"rendered":"Nachhaltigkeit"},"content":{"rendered":"\t\t<div data-elementor-type=\"wp-page\" data-elementor-id=\"26725\" class=\"elementor elementor-26725 elementor-511\" wpc-filter-elementor-widget=\"1\" data-elementor-post-type=\"page\">\n\t\t\t\t\t\t<section class=\"elementor-section elementor-top-section elementor-element elementor-element-9415229 elementor-section-full_width elementor-section-height-default elementor-section-height-default\" data-id=\"9415229\" data-element_type=\"section\" data-e-type=\"section\">\n\t\t\t\t\t\t<div class=\"elementor-container elementor-column-gap-default\">\n\t\t\t\t\t<div class=\"elementor-column elementor-col-100 elementor-top-column elementor-element elementor-element-4eed8f0\" data-id=\"4eed8f0\" data-element_type=\"column\" data-e-type=\"column\">\n\t\t\t<div class=\"elementor-widget-wrap elementor-element-populated\">\n\t\t\t\t\t\t<div class=\"elementor-element elementor-element-0dc2f1e elementor-widget elementor-widget-text-editor\" data-id=\"0dc2f1e\" data-element_type=\"widget\" data-e-type=\"widget\" data-widget_type=\"text-editor.default\">\n\t\t\t\t<div class=\"elementor-widget-container\">\n\t\t\t\t\t\t\t\t\t<p><span style=\"font-size: 14.4px;\">In dieser Zeit, in welcher der Klimawandel immer dr\u00e4ngender wird, st\u00fctzt <b>Exenia <\/b>seine Unternehmensphilosophie auf eine <b>nachhaltige Entwicklung<\/b>, bei der Anlagen, Ausstattung, Arbeitspl\u00e4tze und Betriebsvorg\u00e4nge so gestaltet sind, dass die Gesundheit der Arbeitnehmer und der Gemeinschaft, in welcher das Unternehmen t\u00e4tig ist, gesch\u00fctzt ist. Das Werk des Unternehmens befindet sich in einer 800 m2 gro\u00dfen Gr\u00fcnanlage. Die umgebende Natur ist eine Quelle der Inspiration und ein wesentlicher Bestandteil der Entwurfsphilosophie des Unternehmens.<\/span><\/p><p><span style=\"font-size: 14.4px;\">Die Arbeitsumgebungen sind als gemeinsame, behagliche und entspannte R\u00e4ume konzipiert.<\/span><\/p>\t\t\t\t\t\t\t\t<\/div>\n\t\t\t\t<\/div>\n\t\t\t\t\t<\/div>\n\t\t<\/div>\n\t\t\t\t\t<\/div>\n\t\t<\/section>\n\t\t\t\t<section class=\"elementor-section elementor-top-section elementor-element elementor-element-8e95ce1 elementor-section-full_width elementor-section-height-default elementor-section-height-default\" data-id=\"8e95ce1\" data-element_type=\"section\" data-e-type=\"section\">\n\t\t\t\t\t\t<div class=\"elementor-container elementor-column-gap-default\">\n\t\t\t\t\t<div class=\"elementor-column elementor-col-50 elementor-top-column elementor-element elementor-element-8f93ae8\" data-id=\"8f93ae8\" data-element_type=\"column\" data-e-type=\"column\">\n\t\t\t<div class=\"elementor-widget-wrap elementor-element-populated\">\n\t\t\t\t\t\t<div class=\"elementor-element elementor-element-e0ebbbf dce_masking-none elementor-widget elementor-widget-image\" data-id=\"e0ebbbf\" data-element_type=\"widget\" data-e-type=\"widget\" data-widget_type=\"image.default\">\n\t\t\t\t<div class=\"elementor-widget-container\">\n\t\t\t\t\t\t\t\t\t\t\t\t\t\t\t\t<a href=\"https:\/\/restyling.exenia.eu\/de\/nachhaltigkeit\/sustainable-company\/\">\n\t\t\t\t\t\t\t<img decoding=\"async\" src=\"https:\/\/restyling.exenia.eu\/wp-content\/uploads\/elementor\/thumbs\/azienda-sostenibile-1-rmfih87hfz2burcu5c115lk06a7x6m2bps4jdp7j8m.jpg\" title=\"azienda-sostenibile-1\" alt=\"azienda-sostenibile-1\" loading=\"lazy\" \/>\t\t\t\t\t\t\t\t<\/a>\n\t\t\t\t\t\t\t\t\t\t\t\t\t\t\t<\/div>\n\t\t\t\t<\/div>\n\t\t\t\t\t<\/div>\n\t\t<\/div>\n\t\t\t\t<div class=\"elementor-column elementor-col-50 elementor-top-column elementor-element elementor-element-3bc3ca9\" data-id=\"3bc3ca9\" data-element_type=\"column\" data-e-type=\"column\">\n\t\t\t<div class=\"elementor-widget-wrap elementor-element-populated\">\n\t\t\t\t\t\t<div class=\"elementor-element elementor-element-63c8ad6 dce_masking-none elementor-widget elementor-widget-image\" data-id=\"63c8ad6\" data-element_type=\"widget\" data-e-type=\"widget\" data-widget_type=\"image.default\">\n\t\t\t\t<div class=\"elementor-widget-container\">\n\t\t\t\t\t\t\t\t\t\t\t\t\t\t\t\t<a href=\"https:\/\/restyling.exenia.eu\/de\/nachhaltigkeit\/exenia-people\/\">\n\t\t\t\t\t\t\t<img decoding=\"async\" src=\"https:\/\/restyling.exenia.eu\/wp-content\/uploads\/elementor\/thumbs\/489_it_331b5_82177_exenia-people-copia-rmfiiy8tz1f950uq32ueq5wfdpq5amwlyb6l1ynjty.jpg\" title=\"489_it_331b5_82177_exenia-people-copia\" alt=\"https:\/\/restyling.exenia.eu\/sostenibilita\/exenia-people\/\" loading=\"lazy\" \/>\t\t\t\t\t\t\t\t<\/a>\n\t\t\t\t\t\t\t\t\t\t\t\t\t\t\t<\/div>\n\t\t\t\t<\/div>\n\t\t\t\t\t<\/div>\n\t\t<\/div>\n\t\t\t\t\t<\/div>\n\t\t<\/section>\n\t\t\t\t<section class=\"elementor-section elementor-top-section elementor-element elementor-element-8c6a0a6 elementor-section-full_width elementor-section-height-default elementor-section-height-default\" data-id=\"8c6a0a6\" data-element_type=\"section\" data-e-type=\"section\">\n\t\t\t\t\t\t<div class=\"elementor-container elementor-column-gap-default\">\n\t\t\t\t\t<div class=\"elementor-column elementor-col-50 elementor-top-column elementor-element elementor-element-c66fea6\" data-id=\"c66fea6\" data-element_type=\"column\" data-e-type=\"column\">\n\t\t\t<div class=\"elementor-widget-wrap elementor-element-populated\">\n\t\t\t\t\t\t<div class=\"elementor-element elementor-element-eeb89fc dce_masking-none elementor-widget elementor-widget-image\" data-id=\"eeb89fc\" data-element_type=\"widget\" data-e-type=\"widget\" data-widget_type=\"image.default\">\n\t\t\t\t<div class=\"elementor-widget-container\">\n\t\t\t\t\t\t\t\t\t\t\t\t\t\t\t\t<a href=\"https:\/\/restyling.exenia.eu\/de\/nachhaltigkeit\/circular-economy\/\">\n\t\t\t\t\t\t\t<img decoding=\"async\" src=\"https:\/\/restyling.exenia.eu\/wp-content\/uploads\/elementor\/thumbs\/en-economia-circolare-rmfiha35tn4whza3ucuaal2xd1ynm09se1fic94qw6.jpg\" title=\"en-economia-circolare\" alt=\"en-economia-circolare\" loading=\"lazy\" \/>\t\t\t\t\t\t\t\t<\/a>\n\t\t\t\t\t\t\t\t\t\t\t\t\t\t\t<\/div>\n\t\t\t\t<\/div>\n\t\t\t\t\t<\/div>\n\t\t<\/div>\n\t\t\t\t<div class=\"elementor-column elementor-col-50 elementor-top-column elementor-element elementor-element-cb8169d\" data-id=\"cb8169d\" data-element_type=\"column\" data-e-type=\"column\">\n\t\t\t<div class=\"elementor-widget-wrap elementor-element-populated\">\n\t\t\t\t\t\t<div class=\"elementor-element elementor-element-b5f68d7 dce_masking-none elementor-widget elementor-widget-image\" data-id=\"b5f68d7\" data-element_type=\"widget\" data-e-type=\"widget\" data-widget_type=\"image.default\">\n\t\t\t\t<div class=\"elementor-widget-container\">\n\t\t\t\t\t\t\t\t\t\t\t\t\t\t\t\t<a href=\"https:\/\/restyling.exenia.eu\/de\/nachhaltigkeit\/lighting-wellness\/\">\n\t\t\t\t\t\t\t<img decoding=\"async\" src=\"https:\/\/restyling.exenia.eu\/wp-content\/uploads\/2023\/04\/Lighting-Wellness.jpg\" title=\"\" alt=\"\" loading=\"lazy\" \/>\t\t\t\t\t\t\t\t<\/a>\n\t\t\t\t\t\t\t\t\t\t\t\t\t\t\t<\/div>\n\t\t\t\t<\/div>\n\t\t\t\t\t<\/div>\n\t\t<\/div>\n\t\t\t\t\t<\/div>\n\t\t<\/section>\n\t\t\t\t<section class=\"elementor-section elementor-top-section elementor-element elementor-element-a58193d elementor-section-full_width elementor-section-height-default elementor-section-height-default\" data-id=\"a58193d\" data-element_type=\"section\" data-e-type=\"section\">\n\t\t\t\t\t\t<div class=\"elementor-container elementor-column-gap-default\">\n\t\t\t\t\t<div class=\"elementor-column elementor-col-100 elementor-top-column elementor-element elementor-element-a6ba9cb\" data-id=\"a6ba9cb\" data-element_type=\"column\" data-e-type=\"column\">\n\t\t\t<div class=\"elementor-widget-wrap elementor-element-populated\">\n\t\t\t\t\t\t<div class=\"elementor-element elementor-element-dce87f7 elementor-widget elementor-widget-text-editor\" data-id=\"dce87f7\" data-element_type=\"widget\" data-e-type=\"widget\" data-widget_type=\"text-editor.default\">\n\t\t\t\t<div class=\"elementor-widget-container\">\n\t\t\t\t\t\t\t\t\t<h2>Die Ziele f\u00fcr nachhaltige Entwicklung der Vereinten Nationen<\/h2>\t\t\t\t\t\t\t\t<\/div>\n\t\t\t\t<\/div>\n\t\t\t\t\t<\/div>\n\t\t<\/div>\n\t\t\t\t\t<\/div>\n\t\t<\/section>\n\t\t\t\t<section class=\"elementor-section elementor-top-section elementor-element elementor-element-08ebaef elementor-section-full_width elementor-section-height-default elementor-section-height-default\" data-id=\"08ebaef\" data-element_type=\"section\" data-e-type=\"section\">\n\t\t\t\t\t\t<div class=\"elementor-container elementor-column-gap-default\">\n\t\t\t\t\t<div class=\"elementor-column elementor-col-50 elementor-top-column elementor-element elementor-element-393da83\" data-id=\"393da83\" data-element_type=\"column\" data-e-type=\"column\">\n\t\t\t<div class=\"elementor-widget-wrap elementor-element-populated\">\n\t\t\t\t\t\t<div class=\"elementor-element elementor-element-8bf1de9 elementor-widget elementor-widget-text-editor\" data-id=\"8bf1de9\" data-element_type=\"widget\" data-e-type=\"widget\" data-widget_type=\"text-editor.default\">\n\t\t\t\t<div class=\"elementor-widget-container\">\n\t\t\t\t\t\t\t\t\t<p>Die Agenda 2030 f\u00fcr nachhaltige Entwicklung ist ein Aktionsprogramm f\u00fcr die Menschen, den Planeten und den Wohlstand. Exenia verpflichtet sich, den Weg hin zum Erreichen der Ziele f\u00fcr nachhaltige Entwicklung zu respektieren und ihm zu folgen. Die Agenda wurde im September 2015 von den Regierungen der 193 Mitgliedsstaaten der UN unterzeichnet. Sie umfasst 17 Ziele f\u00fcr Nachhaltige Entwicklung \u2013 Sustainable Development Goals, SDGs \u2013 zusammengefasst in einem gro\u00dfen Aktionsprogramm mit insgesamt 169 \u201eTargets\u201c. Anfang 2016 fiel der offizieller Startschuss f\u00fcr den Weg zum Erreichen der Ziele f\u00fcr Nachhaltige Entwicklung. Sie zeichnen der Welt den Weg der n\u00e4chsten 15 Jahre vor, denn die L\u00e4nder haben sich verpflichtet, sie bis 2030 zu erreichen.<\/p>\t\t\t\t\t\t\t\t<\/div>\n\t\t\t\t<\/div>\n\t\t\t\t\t<\/div>\n\t\t<\/div>\n\t\t\t\t<div class=\"elementor-column elementor-col-50 elementor-top-column elementor-element elementor-element-d16d0b1\" data-id=\"d16d0b1\" data-element_type=\"column\" data-e-type=\"column\">\n\t\t\t<div class=\"elementor-widget-wrap elementor-element-populated\">\n\t\t\t\t\t\t<div class=\"elementor-element elementor-element-c45da18 elementor-widget elementor-widget-text-editor\" data-id=\"c45da18\" data-element_type=\"widget\" data-e-type=\"widget\" data-widget_type=\"text-editor.default\">\n\t\t\t\t<div class=\"elementor-widget-container\">\n\t\t\t\t\t\t\t\t\t<p>Diese Entwicklungsziele folgen auf die Ergebnisse der Millenniums-Entwicklungsziele (Millennium Development Goals), die ihnen vorausgingen. Sie stellen gemeinsame Ziele im Zusammenhang mit wichtigen Entwicklungsthemen dar: die Bek\u00e4mpfung der Armut und des Hungers sowie des Klimawandels, um nur einige zu nennen. \u201eGemeinsame Ziele\u201c bedeutet, dass diese Ziele alle L\u00e4nder und alle einzelnen Menschen betreffen. Niemand ist ausgeschlossen und niemand sollte auf dem Weg zur\u00fcckbleiben, der notwendig ist, um die Welt in die Nachhaltigkeit zu f\u00fchren.<\/p>\t\t\t\t\t\t\t\t<\/div>\n\t\t\t\t<\/div>\n\t\t\t\t\t<\/div>\n\t\t<\/div>\n\t\t\t\t\t<\/div>\n\t\t<\/section>\n\t\t\t\t<section class=\"elementor-section elementor-top-section elementor-element elementor-element-6c6b0ef elementor-section-full_width elementor-section-height-default elementor-section-height-default\" data-id=\"6c6b0ef\" data-element_type=\"section\" data-e-type=\"section\">\n\t\t\t\t\t\t<div class=\"elementor-container elementor-column-gap-default\">\n\t\t\t\t\t<div class=\"elementor-column elementor-col-100 elementor-top-column elementor-element elementor-element-d08839b\" data-id=\"d08839b\" data-element_type=\"column\" data-e-type=\"column\">\n\t\t\t<div class=\"elementor-widget-wrap elementor-element-populated\">\n\t\t\t\t\t\t<div class=\"elementor-element elementor-element-fb23a2c dce_masking-none elementor-widget elementor-widget-image\" data-id=\"fb23a2c\" data-element_type=\"widget\" data-e-type=\"widget\" data-widget_type=\"image.default\">\n\t\t\t\t<div class=\"elementor-widget-container\">\n\t\t\t\t\t\t\t\t\t\t\t\t\t\t\t\t<a href=\"https:\/\/restyling.exenia.eu\/wp-content\/uploads\/2022\/09\/495_it_af272_82186_eur-aktion-aktion-6-7374-67535-10-mediacockpit-2743662-67535.jpg\" data-elementor-open-lightbox=\"yes\" data-elementor-lightbox-title=\"495_it_af272_82186_eur-aktion-aktion-6-7374-67535-10-mediacockpit-2743662-67535\" data-e-action-hash=\"#elementor-action%3Aaction%3Dlightbox%26settings%3DeyJpZCI6NTQyLCJ1cmwiOiJodHRwczpcL1wvcmVzdHlsaW5nLmV4ZW5pYS5ldVwvd3AtY29udGVudFwvdXBsb2Fkc1wvMjAyMlwvMDlcLzQ5NV9pdF9hZjI3Ml84MjE4Nl9ldXItYWt0aW9uLWFrdGlvbi02LTczNzQtNjc1MzUtMTAtbWVkaWFjb2NrcGl0LTI3NDM2NjItNjc1MzUuanBnIn0%3D\">\n\t\t\t\t\t\t\t<img fetchpriority=\"high\" decoding=\"async\" width=\"768\" height=\"512\" src=\"https:\/\/restyling.exenia.eu\/wp-content\/uploads\/2022\/09\/495_it_af272_82186_eur-aktion-aktion-6-7374-67535-10-mediacockpit-2743662-67535-768x512.jpg\" class=\"attachment-medium_large size-medium_large wp-image-542\" alt=\"\" srcset=\"https:\/\/restyling.exenia.eu\/wp-content\/uploads\/2022\/09\/495_it_af272_82186_eur-aktion-aktion-6-7374-67535-10-mediacockpit-2743662-67535-768x512.jpg 768w, https:\/\/restyling.exenia.eu\/wp-content\/uploads\/2022\/09\/495_it_af272_82186_eur-aktion-aktion-6-7374-67535-10-mediacockpit-2743662-67535-300x200.jpg 300w, https:\/\/restyling.exenia.eu\/wp-content\/uploads\/2022\/09\/495_it_af272_82186_eur-aktion-aktion-6-7374-67535-10-mediacockpit-2743662-67535-1024x683.jpg 1024w, https:\/\/restyling.exenia.eu\/wp-content\/uploads\/2022\/09\/495_it_af272_82186_eur-aktion-aktion-6-7374-67535-10-mediacockpit-2743662-67535.jpg 1204w\" sizes=\"(max-width: 768px) 100vw, 768px\" \/>\t\t\t\t\t\t\t\t<\/a>\n\t\t\t\t\t\t\t\t\t\t\t\t\t\t\t<\/div>\n\t\t\t\t<\/div>\n\t\t\t\t\t<\/div>\n\t\t<\/div>\n\t\t\t\t\t<\/div>\n\t\t<\/section>\n\t\t\t\t<\/div>\n\t\t","protected":false},"excerpt":{"rendered":"<p>In dieser Zeit, in welcher der Klimawandel immer dr\u00e4ngender wird,&#8230;<\/p>\n","protected":false},"author":1,"featured_media":509,"parent":0,"menu_order":0,"comment_status":"closed","ping_status":"closed","template":"","meta":{"_acf_changed":false,"footnotes":""},"class_list":["post-26725","page","type-page","status-publish","has-post-thumbnail","hentry"],"acf":[],"yoast_head":"<!-- This site is optimized with the Yoast SEO plugin v27.4 - https:\/\/yoast.com\/product\/yoast-seo-wordpress\/ -->\n<title>Nachhaltigkeit | Exenia<\/title>\n<meta name=\"robots\" content=\"noindex, follow, max-snippet:-1, max-image-preview:large, max-video-preview:-1\" \/>\n<meta property=\"og:locale\" content=\"de_DE\" \/>\n<meta property=\"og:type\" content=\"article\" \/>\n<meta property=\"og:title\" content=\"Nachhaltigkeit | Exenia\" \/>\n<meta property=\"og:description\" content=\"In dieser Zeit, in welcher der Klimawandel immer dr\u00e4ngender wird,...\" \/>\n<meta property=\"og:url\" content=\"https:\/\/restyling.exenia.eu\/sostenibilita\/\" \/>\n<meta property=\"og:site_name\" content=\"Exenia\" \/>\n<meta property=\"article:publisher\" content=\"https:\/\/www.facebook.com\/exenialighting\" \/>\n<meta property=\"article:modified_time\" content=\"2023-04-19T11:57:33+00:00\" \/>\n<meta property=\"og:image\" content=\"https:\/\/restyling.exenia.eu\/wp-content\/uploads\/2023\/04\/Sustainability.jpg\" \/>\n\t<meta property=\"og:image:width\" content=\"800\" \/>\n\t<meta property=\"og:image:height\" content=\"533\" \/>\n\t<meta property=\"og:image:type\" content=\"image\/jpeg\" \/>\n<!-- \/ Yoast SEO plugin. -->","yoast_head_json":{"title":"Nachhaltigkeit | Exenia","robots":{"index":"noindex","follow":"follow","max-snippet":"max-snippet:-1","max-image-preview":"max-image-preview:large","max-video-preview":"max-video-preview:-1"},"og_locale":"de_DE","og_type":"article","og_title":"Nachhaltigkeit | Exenia","og_description":"In dieser Zeit, in welcher der Klimawandel immer dr\u00e4ngender wird,...","og_url":"https:\/\/restyling.exenia.eu\/sostenibilita\/","og_site_name":"Exenia","article_publisher":"https:\/\/www.facebook.com\/exenialighting","article_modified_time":"2023-04-19T11:57:33+00:00","og_image":[{"url":"https:\/\/restyling.exenia.eu\/wp-content\/uploads\/2023\/04\/Sustainability.jpg","width":800,"height":533,"type":"image\/jpeg"}],"schema":{"@context":"https:\/\/schema.org","@graph":[{"@type":"WebPage","@id":"https:\/\/restyling.exenia.eu\/sostenibilita\/","url":"https:\/\/restyling.exenia.eu\/sostenibilita\/","name":"Nachhaltigkeit | Exenia","isPartOf":{"@id":"https:\/\/restyling.exenia.eu\/#website"},"primaryImageOfPage":{"@id":"https:\/\/restyling.exenia.eu\/sostenibilita\/#primaryimage"},"image":{"@id":"https:\/\/restyling.exenia.eu\/sostenibilita\/#primaryimage"},"thumbnailUrl":"https:\/\/restyling.exenia.eu\/wp-content\/uploads\/2023\/04\/Sustainability.jpg","datePublished":"2022-09-16T10:23:28+00:00","dateModified":"2023-04-19T11:57:33+00:00","breadcrumb":{"@id":"https:\/\/restyling.exenia.eu\/sostenibilita\/#breadcrumb"},"inLanguage":"de","potentialAction":[{"@type":"ReadAction","target":["https:\/\/restyling.exenia.eu\/sostenibilita\/"]}]},{"@type":"ImageObject","inLanguage":"de","@id":"https:\/\/restyling.exenia.eu\/sostenibilita\/#primaryimage","url":"https:\/\/restyling.exenia.eu\/wp-content\/uploads\/2023\/04\/Sustainability.jpg","contentUrl":"https:\/\/restyling.exenia.eu\/wp-content\/uploads\/2023\/04\/Sustainability.jpg","width":2560,"height":1707,"caption":"In un'epoca in cui il tema dei cambiamenti climatici diventa sempre pi\u00f9 pressante, Exenia fonda la sua filosofia sullo sviluppo sostenibile in cui impianti, attrezzature, luoghi di lavoro e metodi operativi sono realizzati in modo da salvaguardare la salute dei lavoratori e la comunit\u00e0 in cui l'azienda opera. Lo stabilimento aziendale \u00e8 immerso in un parco verde di 800 mq in cui la natura \u00e8 fonte di ispirazione e parte integrante della filosofia progettuale. Gli ambienti di lavoro sono studiati per creare spazi condivisi, accoglienti e rilassati."},{"@type":"BreadcrumbList","@id":"https:\/\/restyling.exenia.eu\/sostenibilita\/#breadcrumb","itemListElement":[{"@type":"ListItem","position":1,"name":"Home","item":"https:\/\/restyling.exenia.eu\/"},{"@type":"ListItem","position":2,"name":"Nachhaltigkeit"}]},{"@type":"WebSite","@id":"https:\/\/restyling.exenia.eu\/#website","url":"https:\/\/restyling.exenia.eu\/","name":"Exenia","description":"","publisher":{"@id":"https:\/\/restyling.exenia.eu\/#organization"},"potentialAction":[{"@type":"SearchAction","target":{"@type":"EntryPoint","urlTemplate":"https:\/\/restyling.exenia.eu\/?s={search_term_string}"},"query-input":{"@type":"PropertyValueSpecification","valueRequired":true,"valueName":"search_term_string"}}],"inLanguage":"de"},{"@type":"Organization","@id":"https:\/\/restyling.exenia.eu\/#organization","name":"Exenia","url":"https:\/\/restyling.exenia.eu\/","logo":{"@type":"ImageObject","inLanguage":"de","@id":"https:\/\/restyling.exenia.eu\/#\/schema\/logo\/image\/","url":"https:\/\/restyling.exenia.eu\/wp-content\/uploads\/2022\/09\/logo_exenia-e1678467519405.png","contentUrl":"https:\/\/restyling.exenia.eu\/wp-content\/uploads\/2022\/09\/logo_exenia-e1678467519405.png","width":600,"height":194,"caption":"Exenia"},"image":{"@id":"https:\/\/restyling.exenia.eu\/#\/schema\/logo\/image\/"},"sameAs":["https:\/\/www.facebook.com\/exenialighting","https:\/\/x.com\/ExeniaLighting"]}]}},"_links":{"self":[{"href":"https:\/\/restyling.exenia.eu\/de\/wp-json\/wp\/v2\/pages\/26725","targetHints":{"allow":["GET"]}}],"collection":[{"href":"https:\/\/restyling.exenia.eu\/de\/wp-json\/wp\/v2\/pages"}],"about":[{"href":"https:\/\/restyling.exenia.eu\/de\/wp-json\/wp\/v2\/types\/page"}],"author":[{"embeddable":true,"href":"https:\/\/restyling.exenia.eu\/de\/wp-json\/wp\/v2\/users\/1"}],"replies":[{"embeddable":true,"href":"https:\/\/restyling.exenia.eu\/de\/wp-json\/wp\/v2\/comments?post=26725"}],"version-history":[{"count":0,"href":"https:\/\/restyling.exenia.eu\/de\/wp-json\/wp\/v2\/pages\/26725\/revisions"}],"wp:featuredmedia":[{"embeddable":true,"href":"https:\/\/restyling.exenia.eu\/de\/wp-json\/wp\/v2\/media\/509"}],"wp:attachment":[{"href":"https:\/\/restyling.exenia.eu\/de\/wp-json\/wp\/v2\/media?parent=26725"}],"curies":[{"name":"wp","href":"https:\/\/api.w.org\/{rel}","templated":true}]}}