{"id":27507,"date":"2022-11-24T09:49:47","date_gmt":"2022-11-24T08:49:47","guid":{"rendered":"https:\/\/www.exenia.eu\/prodotto\/dark-tilt-medium-2-2\/"},"modified":"2025-03-26T11:50:38","modified_gmt":"2025-03-26T10:50:38","slug":"dark-einstellbare-medium","status":"publish","type":"product","link":"https:\/\/restyling.exenia.eu\/de\/produkt\/dark-einstellbare-medium\/","title":{"rendered":"Dark Tilt Medium"},"content":{"rendered":"<p>Extrem kompakter ausrichtbarer Einbaustrahler f\u00fcr die professionelle Beleuchtung. Er bietet maximale Leistung bei minimaler Gr\u00f6\u00dfe. Ausgestattet mit dem neuen optischen System Revo mit der \u0091Cross\u0092-Technologie, wodurch au\u00dfergew\u00f6hnliche Leistungen und ein sehr sauberer Lichtstrahl erm\u00f6glicht wurden.<\/p>\n<p>Die schwenkbaren Versionen k\u00f6nnen um bis zu <strong> 40\u00b0<\/strong> geneigt werden, ohne dass dadurch der Abstrahlwinkel ge\u00e4ndert oder der Lichtstrahl beeintr\u00e4chtigt wird.<\/p>\n<p>Durch das einzigartige &#8218;Anti-Slot\u0092-System wird der Blick in die Zwischendecke verhindert. So sind eine gro\u00dfe \u00e4sthetische Reinheit und ein sauberes Design bei jeder Ausrichtung garantiert.<\/p>\n<p>Die Produktfamilie <strong>Dark<\/strong> zeichnet sich in all ihren Versionen durch h\u00f6chsten visuellen Komfort und durch ein <strong>Lux-Watt-Verh\u00e4ltnis<\/strong> mit unvergleichlicher Leistung und Gr\u00f6\u00dfe aus.<\/p>\n<p>Erh\u00e4ltlich als Einzel- oder Zweifachleuchten mit rundem oder quadratischem Rahmen und mit einem gro\u00dfen Angebot an optischen Optionen, Zubeh\u00f6r und Konfigurationen der Form.<\/p>\n<p><a href=\"https:\/\/restyling.exenia.eu\/wp-content\/uploads\/2023\/02\/brochure-dark-de.pdf\"><img fetchpriority=\"high\" decoding=\"async\" class=\"alignnone size-medium wp-image-26242\" src=\"https:\/\/restyling.exenia.eu\/wp-content\/uploads\/2023\/02\/indoor-4-212x300.jpeg\" alt=\"\" width=\"212\" height=\"300\" srcset=\"https:\/\/restyling.exenia.eu\/wp-content\/uploads\/2023\/02\/indoor-4-212x300.jpeg 212w, https:\/\/restyling.exenia.eu\/wp-content\/uploads\/2023\/02\/indoor-4-725x1024.jpeg 725w, https:\/\/restyling.exenia.eu\/wp-content\/uploads\/2023\/02\/indoor-4-768x1085.jpeg 768w, https:\/\/restyling.exenia.eu\/wp-content\/uploads\/2023\/02\/indoor-4-1087x1536.jpeg 1087w, https:\/\/restyling.exenia.eu\/wp-content\/uploads\/2023\/02\/indoor-4.jpeg 1360w\" sizes=\"(max-width: 212px) 100vw, 212px\" \/> <img decoding=\"async\" class=\"alignnone size-medium wp-image-72760\" src=\"https:\/\/restyling.exenia.eu\/wp-content\/uploads\/2022\/11\/Media-Kit-212x300.jpg\" alt=\"\" width=\"212\" height=\"300\" srcset=\"https:\/\/restyling.exenia.eu\/wp-content\/uploads\/2022\/11\/Media-Kit-212x300.jpg 212w, https:\/\/restyling.exenia.eu\/wp-content\/uploads\/2022\/11\/Media-Kit-725x1024.jpg 725w, https:\/\/restyling.exenia.eu\/wp-content\/uploads\/2022\/11\/Media-Kit-768x1085.jpg 768w, https:\/\/restyling.exenia.eu\/wp-content\/uploads\/2022\/11\/Media-Kit-1087x1536.jpg 1087w, https:\/\/restyling.exenia.eu\/wp-content\/uploads\/2022\/11\/Media-Kit.jpg 1360w\" sizes=\"(max-width: 212px) 100vw, 212px\" \/><\/a><\/p>\n<p><iframe title=\"Exenia DARK\" width=\"800\" height=\"450\" src=\"https:\/\/www.youtube.com\/embed\/lHLJsd7GOcA?start=7&#038;feature=oembed\" frameborder=\"0\" allow=\"accelerometer; autoplay; clipboard-write; encrypted-media; gyroscope; picture-in-picture; web-share\" referrerpolicy=\"strict-origin-when-cross-origin\" allowfullscreen><\/iframe><\/p>\n","protected":false},"excerpt":{"rendered":"<p>Extrem kompakter ausrichtbarer Einbaustrahler f\u00fcr die professionelle Beleuchtung. Er bietet&#8230;<\/p>\n","protected":false},"featured_media":22658,"template":"","meta":{"_acf_changed":false},"product_brand":[],"product_cat":[8975,2786],"product_tag":[7158,7242,7278,7283],"categoria-admin-prodotto":[],"class_list":{"0":"post-27507","1":"product","2":"type-product","3":"status-publish","4":"has-post-thumbnail","6":"product_cat-dark-tilt-de","7":"product_cat-dark-deckeneinbauleuchten","8":"product_tag-1338b-de","9":"product_tag-1338a-de","10":"product_tag-13380-de","11":"product_tag-13381-de","12":"pa_cct-2700k-de","13":"pa_cct-3000k-de","14":"pa_cct-3500k-de","15":"pa_cct-4000k-de","16":"pa_certificazione-conformita-ce-de","17":"pa_classe-f-da","18":"pa_cri-92-de","19":"pa_cri-98-de","20":"pa_grado-ip-ip20-innenraum","21":"pa_grado-ip-optisches-fach-ip54","22":"pa_temperatura-di-esercizio-10-35-de","24":"first","25":"instock","26":"purchasable","27":"product-type-composite"},"composite_virtual":false,"composite_layout":"single","composite_add_to_cart_form_location":"default","composite_editable_in_cart":false,"composite_sold_individually_context":"product","composite_shop_price_calc":"defaults","composite_components":[{"id":"1674729650","title":"Geh\u00e4use der Leuchte","description":"","query_type":"product_ids","query_ids":[20576],"default_option_id":20576,"thumbnail_id":"","thumbnail_src":"","quantity_min":1,"quantity_max":1,"priced_individually":false,"shipped_individually":false,"optional":false,"discount":"","options_style":"radios","pagination_style":"classic","display_prices":"absolute","show_sorting_options":false,"show_filtering_options":false,"attribute_filter_ids":[],"product_title_visible":false,"product_descr_visible":false,"product_price_visible":false,"product_thumb_visible":false,"subtotal_visible_product":false,"subtotal_visible_cart":false,"subtotal_visible_orders":false},{"id":"1674729651","title":"Version","description":"","query_type":"product_ids","query_ids":[21201,21236,21210,21237],"default_option_id":"","thumbnail_id":"","thumbnail_src":"","quantity_min":1,"quantity_max":1,"priced_individually":false,"shipped_individually":false,"optional":true,"discount":"","options_style":"radios","pagination_style":"classic","display_prices":"absolute","show_sorting_options":false,"show_filtering_options":false,"attribute_filter_ids":[],"product_title_visible":false,"product_descr_visible":false,"product_price_visible":false,"product_thumb_visible":false,"subtotal_visible_product":false,"subtotal_visible_cart":false,"subtotal_visible_orders":false},{"id":"1674729652","title":"Kontrolle","description":"","query_type":"product_ids","query_ids":[20557],"default_option_id":20557,"thumbnail_id":"","thumbnail_src":"","quantity_min":1,"quantity_max":1,"priced_individually":false,"shipped_individually":false,"optional":false,"discount":"","options_style":"radios","pagination_style":"classic","display_prices":"absolute","show_sorting_options":false,"show_filtering_options":false,"attribute_filter_ids":[],"product_title_visible":false,"product_descr_visible":false,"product_price_visible":false,"product_thumb_visible":false,"subtotal_visible_product":false,"subtotal_visible_cart":false,"subtotal_visible_orders":false},{"id":"1674729653","title":"Oberfl\u00e4che","description":"","query_type":"product_ids","query_ids":[20838,20813,20771,20825,20817],"default_option_id":"","thumbnail_id":"","thumbnail_src":"","quantity_min":1,"quantity_max":1,"priced_individually":false,"shipped_individually":false,"optional":true,"discount":"","options_style":"radios","pagination_style":"classic","display_prices":"absolute","show_sorting_options":false,"show_filtering_options":false,"attribute_filter_ids":[],"product_title_visible":false,"product_descr_visible":false,"product_price_visible":false,"product_thumb_visible":false,"subtotal_visible_product":false,"subtotal_visible_cart":false,"subtotal_visible_orders":false},{"id":"1674729654","title":"CRI-CCT","description":"","query_type":"product_ids","query_ids":[20691,20692,20694,20693,20701,20702,20704,20703],"default_option_id":"","thumbnail_id":"","thumbnail_src":"","quantity_min":1,"quantity_max":1,"priced_individually":false,"shipped_individually":false,"optional":true,"discount":"","options_style":"radios","pagination_style":"classic","display_prices":"absolute","show_sorting_options":false,"show_filtering_options":false,"attribute_filter_ids":[],"product_title_visible":false,"product_descr_visible":false,"product_price_visible":false,"product_thumb_visible":false,"subtotal_visible_product":false,"subtotal_visible_cart":false,"subtotal_visible_orders":false},{"id":"1674729655","title":"Optik","description":"","query_type":"product_ids","query_ids":[20990,20963,20855,20979,20952,20927,20997,20860,20933,20911],"default_option_id":"","thumbnail_id":"","thumbnail_src":"","quantity_min":1,"quantity_max":1,"priced_individually":false,"shipped_individually":false,"optional":true,"discount":"","options_style":"radios","pagination_style":"classic","display_prices":"absolute","show_sorting_options":false,"show_filtering_options":false,"attribute_filter_ids":[],"product_title_visible":false,"product_descr_visible":false,"product_price_visible":false,"product_thumb_visible":false,"subtotal_visible_product":false,"subtotal_visible_cart":false,"subtotal_visible_orders":false},{"id":"1674729656","title":"Werkseitig montiertes Zubeh\u00f6r","description":"","query_type":"product_ids","query_ids":[17954],"default_option_id":17954,"thumbnail_id":"","thumbnail_src":"","quantity_min":1,"quantity_max":1,"priced_individually":false,"shipped_individually":false,"optional":false,"discount":"","options_style":"radios","pagination_style":"classic","display_prices":"absolute","show_sorting_options":false,"show_filtering_options":false,"attribute_filter_ids":[],"product_title_visible":false,"product_descr_visible":true,"product_price_visible":false,"product_thumb_visible":true,"subtotal_visible_product":false,"subtotal_visible_cart":false,"subtotal_visible_orders":false},{"id":"1675941375","title":" ","description":"","query_type":"product_ids","query_ids":[7635],"default_option_id":7635,"thumbnail_id":"","thumbnail_src":"","quantity_min":1,"quantity_max":1,"priced_individually":false,"shipped_individually":false,"optional":false,"discount":"","options_style":"radios","pagination_style":"classic","display_prices":"absolute","show_sorting_options":false,"show_filtering_options":false,"attribute_filter_ids":[],"product_title_visible":false,"product_descr_visible":false,"product_price_visible":false,"product_thumb_visible":false,"subtotal_visible_product":false,"subtotal_visible_cart":false,"subtotal_visible_orders":false},{"id":"1675941376","title":"Stromversorgung (F\u00fcr die Option Notfall kontaktieren Sie uns)","description":"","query_type":"product_ids","query_ids":[40323,40300,40276,40266],"default_option_id":"","thumbnail_id":"","thumbnail_src":"","quantity_min":1,"quantity_max":1,"priced_individually":false,"shipped_individually":false,"optional":true,"discount":"","options_style":"radios","pagination_style":"classic","display_prices":"absolute","show_sorting_options":false,"show_filtering_options":false,"attribute_filter_ids":[],"product_title_visible":false,"product_descr_visible":false,"product_price_visible":false,"product_thumb_visible":true,"subtotal_visible_product":false,"subtotal_visible_cart":false,"subtotal_visible_orders":false},{"id":"1676892838","title":"Unabh\u00e4ngiges Zubeh\u00f6r","description":"","query_type":"product_ids","query_ids":[40612],"default_option_id":40612,"thumbnail_id":"","thumbnail_src":"","quantity_min":1,"quantity_max":1,"priced_individually":false,"shipped_individually":false,"optional":false,"discount":"","options_style":"radios","pagination_style":"classic","display_prices":"absolute","show_sorting_options":false,"show_filtering_options":false,"attribute_filter_ids":[],"product_title_visible":false,"product_descr_visible":true,"product_price_visible":false,"product_thumb_visible":false,"subtotal_visible_product":false,"subtotal_visible_cart":false,"subtotal_visible_orders":false},{"id":"1689346311","title":"Lebenslang","description":"","query_type":"product_ids","query_ids":[50125,50129],"default_option_id":"","thumbnail_id":"","thumbnail_src":"","quantity_min":1,"quantity_max":1,"priced_individually":false,"shipped_individually":false,"optional":true,"discount":"","options_style":"radios","pagination_style":"classic","display_prices":"absolute","show_sorting_options":false,"show_filtering_options":false,"attribute_filter_ids":[],"product_title_visible":false,"product_descr_visible":false,"product_price_visible":false,"product_thumb_visible":false,"subtotal_visible_product":false,"subtotal_visible_cart":false,"subtotal_visible_orders":false}],"composite_scenarios":[{"id":"1674730629","name":"cri98","description":"","configuration":[{"component_id":"1674729654","options_modifier":"in","component_options":[20701,20702,20704,20703]}],"actions":[{"action_id":"compat_group","is_active":false},{"action_id":"conditional_components","is_active":false,"hidden_components":[]},{"action_id":"conditional_options","is_active":true,"hidden_options":[{"component_id":"1674729655","component_options":[20990],"options_modifier":"in"}]}],"enabled":true},{"id":"1674730630","name":"very narrow","description":"","configuration":[{"component_id":"1674729655","options_modifier":"in","component_options":[20990]}],"actions":[{"action_id":"compat_group","is_active":false},{"action_id":"conditional_components","is_active":false,"hidden_components":[]},{"action_id":"conditional_options","is_active":true,"hidden_options":[{"component_id":"1674729654","component_options":[20701,20702,20704,20703],"options_modifier":"in"}]}],"enabled":true},{"id":"1674730631","name":"narrow spot \/ wide flood","description":"","configuration":[{"component_id":"1674729655","options_modifier":"in","component_options":[20963,20997]}],"actions":[{"action_id":"compat_group","is_active":false},{"action_id":"conditional_components","is_active":false,"hidden_components":[]},{"action_id":"conditional_options","is_active":true,"hidden_options":[{"component_id":"1674729656","component_options":[18058,18063,18070,18071,18074,18075],"options_modifier":"in"}]}],"enabled":true},{"id":"1674730632","name":"ellittiche","description":"","configuration":[{"component_id":"1674729655","options_modifier":"in","component_options":[20855,20860]}],"actions":[{"action_id":"compat_group","is_active":false},{"action_id":"conditional_components","is_active":false,"hidden_components":[]},{"action_id":"conditional_options","is_active":true,"hidden_options":[{"component_id":"1674729656","component_options":[-1,18054],"options_modifier":"not-in"}]}],"enabled":true},{"id":"1674730633","name":"wall washer","description":"","configuration":[{"component_id":"1674729655","options_modifier":"in","component_options":[20933,20911]}],"actions":[{"action_id":"compat_group","is_active":false},{"action_id":"conditional_components","is_active":true,"hidden_components":["1676892838"]},{"action_id":"conditional_options","is_active":true,"hidden_options":[{"component_id":"1674729656","component_options":[-1,18054],"options_modifier":"not-in"}]}],"enabled":true},{"id":"1674730634","name":"honeycomb + diffondente + snoot","description":"","configuration":[{"component_id":"1674729656","options_modifier":"in","component_options":[18055,18057,18059,18062,18063,18064,18065,18068,18069,18070,18072,18073,18074,18075]}],"actions":[{"action_id":"compat_group","is_active":false},{"action_id":"conditional_components","is_active":false,"hidden_components":[]},{"action_id":"conditional_options","is_active":true,"hidden_options":[{"component_id":"1674729655","component_options":[20855,20860,20933,20911],"options_modifier":"in"}]}],"enabled":true},{"id":"1674730635","name":"lente ellittica","description":"","configuration":[{"component_id":"1674729656","options_modifier":"in","component_options":[18058,18063,18070,18071,18074,18075]}],"actions":[{"action_id":"compat_group","is_active":false},{"action_id":"conditional_components","is_active":false,"hidden_components":[]},{"action_id":"conditional_options","is_active":true,"hidden_options":[{"component_id":"1674729655","component_options":[20963,20855,20997,20860,20933,20911],"options_modifier":"in"}]}],"enabled":true},{"id":"1674730636","name":"visor","description":"","configuration":[{"component_id":"1674729656","options_modifier":"in","component_options":[18060,18065,18069,18071,18073,18075]}],"actions":[{"action_id":"compat_group","is_active":false},{"action_id":"conditional_components","is_active":false,"hidden_components":[]},{"action_id":"conditional_options","is_active":true,"hidden_options":[{"component_id":"1674729655","component_options":[20933,20911],"options_modifier":"in"}]}],"enabled":true},{"id":"1675941585","name":"NO DRIVER NO SELECTION ","description":"","configuration":[{"component_id":"1674729655","options_modifier":"in","component_options":[-1]}],"actions":[{"action_id":"compat_group","is_active":false},{"action_id":"conditional_components","is_active":false,"hidden_components":[]},{"action_id":"conditional_options","is_active":true,"hidden_options":[{"component_id":"1675941376","component_options":[-1],"options_modifier":"not-in"}]}],"enabled":true},{"id":"1675941586","name":"V","description":"","configuration":[{"component_id":"1674729655","options_modifier":"in","component_options":[20990]}],"actions":[{"action_id":"compat_group","is_active":false},{"action_id":"conditional_components","is_active":false,"hidden_components":[]},{"action_id":"conditional_options","is_active":true,"hidden_options":[{"component_id":"1675941376","component_options":[-1,40296,40293,40291,40289,40283],"options_modifier":"not-in"}]}],"enabled":true},{"id":"1675941587","name":"N-2","description":"","configuration":[{"component_id":"1674729655","options_modifier":"in","component_options":[20963,20855]}],"actions":[{"action_id":"compat_group","is_active":false},{"action_id":"conditional_components","is_active":false,"hidden_components":[]},{"action_id":"conditional_options","is_active":true,"hidden_options":[{"component_id":"1675941376","component_options":[-1,75356,75365,40273,40272,40270],"options_modifier":"not-in"}]}],"enabled":true},{"id":"1675941588","name":"S-M-F-W-6","description":"","configuration":[{"component_id":"1674729655","options_modifier":"in","component_options":[20979,20952,20927,20997,20860]}],"actions":[{"action_id":"compat_group","is_active":false},{"action_id":"conditional_components","is_active":false,"hidden_components":[]},{"action_id":"conditional_options","is_active":true,"hidden_options":[{"component_id":"1675941376","component_options":[-1,40305,40307,40309,40311,40316],"options_modifier":"not-in"}]}],"enabled":true},{"id":"1675941589","name":"A-G","description":"","configuration":[{"component_id":"1674729655","options_modifier":"in","component_options":[20933,20911]}],"actions":[{"action_id":"compat_group","is_active":false},{"action_id":"conditional_components","is_active":false,"hidden_components":[]},{"action_id":"conditional_options","is_active":true,"hidden_options":[{"component_id":"1675941376","component_options":[-1,40329,75306,75307,40332,40333],"options_modifier":"not-in"}]}],"enabled":true},{"id":"1689346367","name":"LT 80 N-2","description":"","configuration":[{"component_id":"1674729655","options_modifier":"in","component_options":[20963,20855]}],"actions":[{"action_id":"compat_group","is_active":false},{"action_id":"conditional_components","is_active":false,"hidden_components":[]},{"action_id":"conditional_options","is_active":true,"hidden_options":[{"component_id":"1689346311","component_options":[-1,50125],"options_modifier":"not-in"}]}],"enabled":true},{"id":"1689346368","name":"LT 100 V-S-M-F-W-6-A-G","description":"","configuration":[{"component_id":"1674729655","options_modifier":"in","component_options":[20990,20979,20952,20927,20997,20860,20933,20911]}],"actions":[{"action_id":"compat_group","is_active":false},{"action_id":"conditional_components","is_active":false,"hidden_components":[]},{"action_id":"conditional_options","is_active":true,"hidden_options":[{"component_id":"1689346311","component_options":[-1,50129],"options_modifier":"not-in"}]}],"enabled":true}],"bundled_by":[],"bundle_stock_status":"instock","bundle_stock_quantity":null,"bundle_virtual":false,"bundle_layout":"","bundle_add_to_cart_form_location":"","bundle_editable_in_cart":false,"bundle_sold_individually_context":"","bundle_item_grouping":"","bundle_min_size":"","bundle_max_size":"","bundled_items":[],"bundle_sell_ids":[],"acf":[],"yoast_head":"<!-- This site is optimized with the Yoast SEO plugin v27.4 - https:\/\/yoast.com\/product\/yoast-seo-wordpress\/ -->\n<title>Dark Tilt Medium | Exenia<\/title>\n<meta name=\"robots\" content=\"noindex, follow, max-snippet:-1, max-image-preview:large, max-video-preview:-1\" \/>\n<meta property=\"og:locale\" content=\"de_DE\" \/>\n<meta property=\"og:type\" content=\"article\" \/>\n<meta property=\"og:title\" content=\"Dark Tilt Medium | Exenia\" \/>\n<meta property=\"og:description\" content=\"Extrem kompakter ausrichtbarer Einbaustrahler f\u00fcr die professionelle Beleuchtung. Er bietet...\" \/>\n<meta property=\"og:url\" content=\"https:\/\/restyling.exenia.eu\/de\/produkt\/dark-einstellbare-medium\/\" \/>\n<meta property=\"og:site_name\" content=\"Exenia\" \/>\n<meta property=\"article:publisher\" content=\"https:\/\/www.facebook.com\/exenialighting\" \/>\n<meta property=\"article:modified_time\" content=\"2025-03-26T10:50:38+00:00\" \/>\n<meta property=\"og:image\" content=\"https:\/\/restyling.exenia.eu\/wp-content\/uploads\/2023\/01\/Dark-tilt-medium-prodotto.jpg\" \/>\n\t<meta property=\"og:image:width\" content=\"2000\" \/>\n\t<meta property=\"og:image:height\" content=\"1919\" \/>\n\t<meta property=\"og:image:type\" content=\"image\/jpeg\" \/>\n<!-- \/ Yoast SEO plugin. -->","yoast_head_json":{"title":"Dark Tilt Medium | Exenia","robots":{"index":"noindex","follow":"follow","max-snippet":"max-snippet:-1","max-image-preview":"max-image-preview:large","max-video-preview":"max-video-preview:-1"},"og_locale":"de_DE","og_type":"article","og_title":"Dark Tilt Medium | Exenia","og_description":"Extrem kompakter ausrichtbarer Einbaustrahler f\u00fcr die professionelle Beleuchtung. Er bietet...","og_url":"https:\/\/restyling.exenia.eu\/de\/produkt\/dark-einstellbare-medium\/","og_site_name":"Exenia","article_publisher":"https:\/\/www.facebook.com\/exenialighting","article_modified_time":"2025-03-26T10:50:38+00:00","og_image":[{"width":2000,"height":1919,"url":"https:\/\/restyling.exenia.eu\/wp-content\/uploads\/2023\/01\/Dark-tilt-medium-prodotto.jpg","type":"image\/jpeg"}],"schema":{"@context":"https:\/\/schema.org","@graph":[{"@type":"WebPage","@id":"https:\/\/restyling.exenia.eu\/de\/produkt\/dark-einstellbare-medium\/","url":"https:\/\/restyling.exenia.eu\/de\/produkt\/dark-einstellbare-medium\/","name":"Dark Tilt Medium | Exenia","isPartOf":{"@id":"https:\/\/restyling.exenia.eu\/#website"},"primaryImageOfPage":{"@id":"https:\/\/restyling.exenia.eu\/de\/produkt\/dark-einstellbare-medium\/#primaryimage"},"image":{"@id":"https:\/\/restyling.exenia.eu\/de\/produkt\/dark-einstellbare-medium\/#primaryimage"},"thumbnailUrl":"https:\/\/restyling.exenia.eu\/wp-content\/uploads\/2023\/01\/Dark-tilt-medium-prodotto.jpg","datePublished":"2022-11-24T08:49:47+00:00","dateModified":"2025-03-26T10:50:38+00:00","breadcrumb":{"@id":"https:\/\/restyling.exenia.eu\/de\/produkt\/dark-einstellbare-medium\/#breadcrumb"},"inLanguage":"de","potentialAction":[{"@type":"ReadAction","target":["https:\/\/restyling.exenia.eu\/de\/produkt\/dark-einstellbare-medium\/"]}]},{"@type":"ImageObject","inLanguage":"de","@id":"https:\/\/restyling.exenia.eu\/de\/produkt\/dark-einstellbare-medium\/#primaryimage","url":"https:\/\/restyling.exenia.eu\/wp-content\/uploads\/2023\/01\/Dark-tilt-medium-prodotto.jpg","contentUrl":"https:\/\/restyling.exenia.eu\/wp-content\/uploads\/2023\/01\/Dark-tilt-medium-prodotto.jpg","width":2000,"height":1919},{"@type":"BreadcrumbList","@id":"https:\/\/restyling.exenia.eu\/de\/produkt\/dark-einstellbare-medium\/#breadcrumb","itemListElement":[{"@type":"ListItem","position":1,"name":"Home","item":"https:\/\/restyling.exenia.eu\/"},{"@type":"ListItem","position":2,"name":"Produkte","item":"https:\/\/restyling.exenia.eu\/prodotti\/"},{"@type":"ListItem","position":3,"name":"Indoor","item":"https:\/\/restyling.exenia.eu\/de\/c\/indoor\/"},{"@type":"ListItem","position":4,"name":"Deckeneinbauleuchten","item":"https:\/\/restyling.exenia.eu\/de\/c\/indoor\/deckeneinbauleuchten\/"},{"@type":"ListItem","position":5,"name":"Dark","item":"https:\/\/restyling.exenia.eu\/c\/indoor\/apparecchi-ad-incasso\/dark\/"},{"@type":"ListItem","position":6,"name":"Dark Tilt Medium"}]},{"@type":"WebSite","@id":"https:\/\/restyling.exenia.eu\/#website","url":"https:\/\/restyling.exenia.eu\/","name":"Exenia","description":"","publisher":{"@id":"https:\/\/restyling.exenia.eu\/#organization"},"potentialAction":[{"@type":"SearchAction","target":{"@type":"EntryPoint","urlTemplate":"https:\/\/restyling.exenia.eu\/?s={search_term_string}"},"query-input":{"@type":"PropertyValueSpecification","valueRequired":true,"valueName":"search_term_string"}}],"inLanguage":"de"},{"@type":"Organization","@id":"https:\/\/restyling.exenia.eu\/#organization","name":"Exenia","url":"https:\/\/restyling.exenia.eu\/","logo":{"@type":"ImageObject","inLanguage":"de","@id":"https:\/\/restyling.exenia.eu\/#\/schema\/logo\/image\/","url":"https:\/\/restyling.exenia.eu\/wp-content\/uploads\/2022\/09\/logo_exenia-e1678467519405.png","contentUrl":"https:\/\/restyling.exenia.eu\/wp-content\/uploads\/2022\/09\/logo_exenia-e1678467519405.png","width":600,"height":194,"caption":"Exenia"},"image":{"@id":"https:\/\/restyling.exenia.eu\/#\/schema\/logo\/image\/"},"sameAs":["https:\/\/www.facebook.com\/exenialighting","https:\/\/x.com\/ExeniaLighting"]}]}},"_links":{"self":[{"href":"https:\/\/restyling.exenia.eu\/de\/wp-json\/wp\/v2\/product\/27507","targetHints":{"allow":["GET"]}}],"collection":[{"href":"https:\/\/restyling.exenia.eu\/de\/wp-json\/wp\/v2\/product"}],"about":[{"href":"https:\/\/restyling.exenia.eu\/de\/wp-json\/wp\/v2\/types\/product"}],"wp:featuredmedia":[{"embeddable":true,"href":"https:\/\/restyling.exenia.eu\/de\/wp-json\/wp\/v2\/media\/22658"}],"wp:attachment":[{"href":"https:\/\/restyling.exenia.eu\/de\/wp-json\/wp\/v2\/media?parent=27507"}],"wp:term":[{"taxonomy":"product_brand","embeddable":true,"href":"https:\/\/restyling.exenia.eu\/de\/wp-json\/wp\/v2\/product_brand?post=27507"},{"taxonomy":"product_cat","embeddable":true,"href":"https:\/\/restyling.exenia.eu\/de\/wp-json\/wp\/v2\/product_cat?post=27507"},{"taxonomy":"product_tag","embeddable":true,"href":"https:\/\/restyling.exenia.eu\/de\/wp-json\/wp\/v2\/product_tag?post=27507"},{"taxonomy":"categoria-admin-prodotto","embeddable":true,"href":"https:\/\/restyling.exenia.eu\/de\/wp-json\/wp\/v2\/categoria-admin-prodotto?post=27507"}],"curies":[{"name":"wp","href":"https:\/\/api.w.org\/{rel}","templated":true}]}}