{"id":27715,"date":"2022-11-24T09:51:46","date_gmt":"2022-11-24T08:51:46","guid":{"rendered":"https:\/\/www.exenia.eu\/prodotto\/wolf-proiettore-base\/"},"modified":"2023-06-12T09:47:58","modified_gmt":"2023-06-12T07:47:58","slug":"wolf-projektor-sockel","status":"publish","type":"product","link":"https:\/\/restyling.exenia.eu\/de\/produkt\/wolf-projektor-sockel\/","title":{"rendered":"Wolf Strahler Sockel"},"content":{"rendered":"<p>Strahler mit Sockel mit LED-Leuchtmittel. Leuchtengeh\u00e4use aus Druckguss-Aluminium und versiegeltes Optikgeh\u00e4use aus Glas.<br \/>\nDer Leuchtenk\u00f6rper kann um 305\u00b0 gedreht und um 135\u00b0 geneigt werden. Nennleistung 7 W und 13 W. Erh\u00e4ltlich in den Farbtemperaturen 2700 K, 3000 K oder 4000 K bei einem CRI 95 oder 3000 K bei einem CRI 85. Lichtstromerhalt von 115.000 Stunden (L80\/B10).<br \/>\nZu den Optionen f\u00fcr die nat\u00fcrliche Pulverbeschichtung geh\u00f6ren Carbongrau, Fangobraun, Sand, Mattwei\u00df txt und Rost-Effekt.<br \/>\nZur Auswahl stehen die folgenden Optiken: Spot, Flood, Medium und Wide.<br \/>\nF\u00fcr WOLF steht ein Sortiment an optischem Zubeh\u00f6r zur Verf\u00fcgung, unter anderem das Bienenwaben-Gitter (werksseitig montiert) wie auch der farbige Ring, der Snoot und die Blende sowie eine einstellbare elliptische Linse (18\u00b0 x 40\u00b0 f\u00fcr 7 W oder 23\u00b0 x 65\u00b0 f\u00fcr 13 W) (separat zu bestellen).<br \/>\nDie Farbringe bestehen aus UV-Strahlen-resistentem PMMA und sind erh\u00e4ltlich in durchscheinendem Orange, durchscheinendem Blau, durchscheinendem Gr\u00fcn und Neutral. Schutzart IP66.<br \/>\nLeuchte der Schutzklasse I inklusive Betriebsger\u00e4t f\u00fcr den Betriebsmodus ON\/OFF im Sockel. Konform zur Richtlinie EN 62471:2008 in aktueller Fassung zur fotobiologischen Sicherheit von Beleuchtungsanlagen, eingestuft als geringes Risiko (6RG1).<\/p>\n","protected":false},"excerpt":{"rendered":"<p>Strahler mit Sockel mit LED-Leuchtmittel. Leuchtengeh\u00e4use aus Druckguss-Aluminium und versiegeltes&#8230;<\/p>\n","protected":false},"featured_media":24243,"template":"","meta":{"_acf_changed":false},"product_brand":[],"product_cat":[2842],"product_tag":[7558,7671],"categoria-admin-prodotto":[],"class_list":{"0":"post-27715","1":"product","2":"type-product","3":"status-publish","4":"has-post-thumbnail","6":"product_cat-wolf-projektoren-outdoor","7":"product_tag-84024a-de","8":"product_tag-840240-de","9":"pa_cct-2700k-de","10":"pa_cct-3000k-de","11":"pa_cct-4000k-de","12":"pa_certificazione-conformita-ce-de","13":"pa_classe-f-da","14":"pa_cri-85-de","15":"pa_cri-95-de","16":"pa_grado-ip-ip66-de","17":"pa_grado-ip-ik08-de","18":"pa_lifetime-l80b10-115-000-h-de","19":"pa_temperatura-di-esercizio-10-30-de","21":"first","22":"instock","23":"purchasable","24":"product-type-composite"},"composite_virtual":false,"composite_layout":"single","composite_add_to_cart_form_location":"default","composite_editable_in_cart":false,"composite_sold_individually_context":"product","composite_shop_price_calc":"defaults","composite_components":[{"id":"1674057197","title":"Geh\u00e4use der Leuchte","description":"","query_type":"product_ids","query_ids":[13583],"default_option_id":13583,"thumbnail_id":"","thumbnail_src":"","quantity_min":1,"quantity_max":1,"priced_individually":false,"shipped_individually":false,"optional":false,"discount":"","options_style":"radios","pagination_style":"classic","display_prices":"absolute","show_sorting_options":false,"show_filtering_options":false,"attribute_filter_ids":[],"product_title_visible":false,"product_descr_visible":false,"product_price_visible":false,"product_thumb_visible":false,"subtotal_visible_product":false,"subtotal_visible_cart":false,"subtotal_visible_orders":false},{"id":"1674057198","title":"Leistung","description":"","query_type":"product_ids","query_ids":[21107,21233],"default_option_id":"","thumbnail_id":"","thumbnail_src":"","quantity_min":1,"quantity_max":1,"priced_individually":false,"shipped_individually":false,"optional":true,"discount":"","options_style":"radios","pagination_style":"classic","display_prices":"absolute","show_sorting_options":false,"show_filtering_options":false,"attribute_filter_ids":[],"product_title_visible":false,"product_descr_visible":false,"product_price_visible":false,"product_thumb_visible":false,"subtotal_visible_product":false,"subtotal_visible_cart":false,"subtotal_visible_orders":false},{"id":"1674057199","title":"Kontrolle","description":"","query_type":"product_ids","query_ids":[20508],"default_option_id":20508,"thumbnail_id":"","thumbnail_src":"","quantity_min":1,"quantity_max":1,"priced_individually":false,"shipped_individually":false,"optional":false,"discount":"","options_style":"radios","pagination_style":"classic","display_prices":"absolute","show_sorting_options":false,"show_filtering_options":false,"attribute_filter_ids":[],"product_title_visible":false,"product_descr_visible":false,"product_price_visible":false,"product_thumb_visible":false,"subtotal_visible_product":false,"subtotal_visible_cart":false,"subtotal_visible_orders":false},{"id":"1674057200","title":"Oberfl\u00e4che","description":"","query_type":"product_ids","query_ids":[20822,20826,20829,20831,20838],"default_option_id":"","thumbnail_id":"","thumbnail_src":"","quantity_min":1,"quantity_max":1,"priced_individually":false,"shipped_individually":false,"optional":true,"discount":"","options_style":"radios","pagination_style":"classic","display_prices":"absolute","show_sorting_options":false,"show_filtering_options":false,"attribute_filter_ids":[],"product_title_visible":false,"product_descr_visible":false,"product_price_visible":false,"product_thumb_visible":false,"subtotal_visible_product":false,"subtotal_visible_cart":false,"subtotal_visible_orders":false},{"id":"1674057201","title":"CRI-CCT","description":"","query_type":"product_ids","query_ids":[20717,20695,20696,20697],"default_option_id":"","thumbnail_id":"","thumbnail_src":"","quantity_min":1,"quantity_max":1,"priced_individually":false,"shipped_individually":false,"optional":true,"discount":"","options_style":"radios","pagination_style":"classic","display_prices":"absolute","show_sorting_options":false,"show_filtering_options":false,"attribute_filter_ids":[],"product_title_visible":false,"product_descr_visible":false,"product_price_visible":false,"product_thumb_visible":false,"subtotal_visible_product":false,"subtotal_visible_cart":false,"subtotal_visible_orders":false},{"id":"1674057202","title":"Optik","description":"","query_type":"product_ids","query_ids":[20975,20919,20949,20993,20981,20920,20950,20994],"default_option_id":"","thumbnail_id":"","thumbnail_src":"","quantity_min":1,"quantity_max":1,"priced_individually":false,"shipped_individually":false,"optional":true,"discount":"","options_style":"radios","pagination_style":"classic","display_prices":"absolute","show_sorting_options":false,"show_filtering_options":false,"attribute_filter_ids":[],"product_title_visible":false,"product_descr_visible":false,"product_price_visible":false,"product_thumb_visible":false,"subtotal_visible_product":false,"subtotal_visible_cart":false,"subtotal_visible_orders":false},{"id":"1674057203","title":"Prim\u00e4res optisches Zubeh\u00f6r","description":"","query_type":"product_ids","query_ids":[20457],"default_option_id":"","thumbnail_id":"","thumbnail_src":"","quantity_min":1,"quantity_max":1,"priced_individually":false,"shipped_individually":false,"optional":true,"discount":"","options_style":"radios","pagination_style":"classic","display_prices":"absolute","show_sorting_options":false,"show_filtering_options":false,"attribute_filter_ids":[],"product_title_visible":false,"product_descr_visible":false,"product_price_visible":false,"product_thumb_visible":false,"subtotal_visible_product":false,"subtotal_visible_cart":false,"subtotal_visible_orders":false},{"id":"1675701946","title":"Sekund\u00e4res Zubeh\u00f6r","description":"","query_type":"product_ids","query_ids":[41019],"default_option_id":41019,"thumbnail_id":"","thumbnail_src":"","quantity_min":1,"quantity_max":1,"priced_individually":false,"shipped_individually":false,"optional":false,"discount":"","options_style":"radios","pagination_style":"classic","display_prices":"absolute","show_sorting_options":false,"show_filtering_options":false,"attribute_filter_ids":[],"product_title_visible":false,"product_descr_visible":true,"product_price_visible":false,"product_thumb_visible":false,"subtotal_visible_product":false,"subtotal_visible_cart":false,"subtotal_visible_orders":false},{"id":"1675701947","title":" ","description":"","query_type":"product_ids","query_ids":[41040],"default_option_id":41040,"thumbnail_id":"","thumbnail_src":"","quantity_min":1,"quantity_max":1,"priced_individually":false,"shipped_individually":false,"optional":false,"discount":"","options_style":"radios","pagination_style":"classic","display_prices":"absolute","show_sorting_options":false,"show_filtering_options":false,"attribute_filter_ids":[],"product_title_visible":false,"product_descr_visible":true,"product_price_visible":false,"product_thumb_visible":false,"subtotal_visible_product":false,"subtotal_visible_cart":false,"subtotal_visible_orders":false},{"id":"1675702046","title":"W\u00e4hlen Sie, um den Ring zu aktivieren","description":"","query_type":"product_ids","query_ids":[7635],"default_option_id":"","thumbnail_id":"","thumbnail_src":"","quantity_min":1,"quantity_max":1,"priced_individually":false,"shipped_individually":false,"optional":true,"discount":"","options_style":"radios","pagination_style":"classic","display_prices":"absolute","show_sorting_options":false,"show_filtering_options":false,"attribute_filter_ids":[],"product_title_visible":false,"product_descr_visible":false,"product_price_visible":false,"product_thumb_visible":false,"subtotal_visible_product":false,"subtotal_visible_cart":false,"subtotal_visible_orders":false},{"id":"1675702047","title":" ","description":"","query_type":"product_ids","query_ids":[41713],"default_option_id":41713,"thumbnail_id":"","thumbnail_src":"","quantity_min":1,"quantity_max":1,"priced_individually":false,"shipped_individually":false,"optional":false,"discount":"","options_style":"radios","pagination_style":"classic","display_prices":"absolute","show_sorting_options":false,"show_filtering_options":false,"attribute_filter_ids":[],"product_title_visible":false,"product_descr_visible":true,"product_price_visible":false,"product_thumb_visible":true,"subtotal_visible_product":false,"subtotal_visible_cart":false,"subtotal_visible_orders":false},{"id":"1675701948","title":"Steckverbinder","description":"","query_type":"product_ids","query_ids":[33022],"default_option_id":33022,"thumbnail_id":"","thumbnail_src":"","quantity_min":1,"quantity_max":1,"priced_individually":false,"shipped_individually":false,"optional":false,"discount":"","options_style":"radios","pagination_style":"classic","display_prices":"absolute","show_sorting_options":false,"show_filtering_options":false,"attribute_filter_ids":[],"product_title_visible":false,"product_descr_visible":true,"product_price_visible":false,"product_thumb_visible":false,"subtotal_visible_product":false,"subtotal_visible_cart":false,"subtotal_visible_orders":false}],"composite_scenarios":[{"id":"1674057304","name":"7w","description":"","configuration":[{"component_id":"1674057198","options_modifier":"in","component_options":[21107]}],"actions":[{"action_id":"compat_group","is_active":false},{"action_id":"conditional_components","is_active":false,"hidden_components":[]},{"action_id":"conditional_options","is_active":true,"hidden_options":[{"component_id":"1674057202","component_options":[20981,20920,20950,20994],"options_modifier":"in"}]}],"enabled":true},{"id":"1674057305","name":"13w","description":"","configuration":[{"component_id":"1674057198","options_modifier":"in","component_options":[21233]}],"actions":[{"action_id":"compat_group","is_active":false},{"action_id":"conditional_components","is_active":false,"hidden_components":[]},{"action_id":"conditional_options","is_active":true,"hidden_options":[{"component_id":"1674057202","component_options":[20975,20919,20949,20993],"options_modifier":"in"}]}],"enabled":true},{"id":"1674057306","name":"ottica 7w no SPOT","description":"","configuration":[{"component_id":"1674057202","options_modifier":"in","component_options":[20919,20949,20993]}],"actions":[{"action_id":"compat_group","is_active":false},{"action_id":"conditional_components","is_active":true,"hidden_components":["1675701947"]},{"action_id":"conditional_options","is_active":true,"hidden_options":[{"component_id":"1674057198","component_options":[21233],"options_modifier":"in"},{"component_id":"1675701947","component_options":[-1],"options_modifier":"not-in"}]}],"enabled":true},{"id":"1682066134","name":"ottica 7w SPOT","description":"","configuration":[{"component_id":"1674057202","options_modifier":"in","component_options":[20975]}],"actions":[{"action_id":"compat_group","is_active":false},{"action_id":"conditional_components","is_active":false,"hidden_components":[]},{"action_id":"conditional_options","is_active":true,"hidden_options":[{"component_id":"1674057198","component_options":[21233],"options_modifier":"in"}]}],"enabled":true},{"id":"1674057307","name":"ottica 13w no SPOT","description":"","configuration":[{"component_id":"1674057202","options_modifier":"in","component_options":[20920,20950,20994]}],"actions":[{"action_id":"compat_group","is_active":false},{"action_id":"conditional_components","is_active":true,"hidden_components":["1675701947"]},{"action_id":"conditional_options","is_active":true,"hidden_options":[{"component_id":"1674057198","component_options":[21107],"options_modifier":"in"},{"component_id":"1675701947","component_options":[-1],"options_modifier":"not-in"}]}],"enabled":true},{"id":"1682066135","name":"ottica 13w SPOT","description":"","configuration":[{"component_id":"1674057202","options_modifier":"in","component_options":[20981]}],"actions":[{"action_id":"compat_group","is_active":false},{"action_id":"conditional_components","is_active":false,"hidden_components":[]},{"action_id":"conditional_options","is_active":true,"hidden_options":[{"component_id":"1674057198","component_options":[21107],"options_modifier":"in"}]}],"enabled":true},{"id":"1675702112","name":"no anello","description":"","configuration":[{"component_id":"1675702046","options_modifier":"in","component_options":[-1]}],"actions":[{"action_id":"compat_group","is_active":false},{"action_id":"conditional_components","is_active":true,"hidden_components":["1675702047"]},{"action_id":"conditional_options","is_active":true,"hidden_options":[{"component_id":"1675702047","component_options":[-1],"options_modifier":"not-in"}]}],"enabled":true}],"bundled_by":[],"bundle_stock_status":"instock","bundle_stock_quantity":null,"bundle_virtual":false,"bundle_layout":"","bundle_add_to_cart_form_location":"","bundle_editable_in_cart":false,"bundle_sold_individually_context":"","bundle_item_grouping":"","bundle_min_size":"","bundle_max_size":"","bundled_items":[],"bundle_sell_ids":[],"acf":[],"yoast_head":"<!-- This site is optimized with the Yoast SEO plugin v27.4 - https:\/\/yoast.com\/product\/yoast-seo-wordpress\/ -->\n<title>Wolf Strahler Sockel | Exenia<\/title>\n<meta name=\"robots\" content=\"noindex, follow, max-snippet:-1, max-image-preview:large, max-video-preview:-1\" \/>\n<meta property=\"og:locale\" content=\"de_DE\" \/>\n<meta property=\"og:type\" content=\"article\" \/>\n<meta property=\"og:title\" content=\"Wolf Strahler Sockel | Exenia\" \/>\n<meta property=\"og:description\" content=\"Strahler mit Sockel mit LED-Leuchtmittel. Leuchtengeh\u00e4use aus Druckguss-Aluminium und versiegeltes...\" \/>\n<meta property=\"og:url\" content=\"https:\/\/restyling.exenia.eu\/de\/produkt\/wolf-projektor-sockel\/\" \/>\n<meta property=\"og:site_name\" content=\"Exenia\" \/>\n<meta property=\"article:publisher\" content=\"https:\/\/www.facebook.com\/exenialighting\" \/>\n<meta property=\"article:modified_time\" content=\"2023-06-12T07:47:58+00:00\" \/>\n<meta property=\"og:image\" content=\"https:\/\/restyling.exenia.eu\/wp-content\/uploads\/2023\/01\/Wolf-base-prodotto.jpg\" \/>\n\t<meta property=\"og:image:width\" content=\"2000\" \/>\n\t<meta property=\"og:image:height\" content=\"1919\" \/>\n\t<meta property=\"og:image:type\" content=\"image\/jpeg\" \/>\n<!-- \/ Yoast SEO plugin. -->","yoast_head_json":{"title":"Wolf Strahler Sockel | Exenia","robots":{"index":"noindex","follow":"follow","max-snippet":"max-snippet:-1","max-image-preview":"max-image-preview:large","max-video-preview":"max-video-preview:-1"},"og_locale":"de_DE","og_type":"article","og_title":"Wolf Strahler Sockel | Exenia","og_description":"Strahler mit Sockel mit LED-Leuchtmittel. Leuchtengeh\u00e4use aus Druckguss-Aluminium und versiegeltes...","og_url":"https:\/\/restyling.exenia.eu\/de\/produkt\/wolf-projektor-sockel\/","og_site_name":"Exenia","article_publisher":"https:\/\/www.facebook.com\/exenialighting","article_modified_time":"2023-06-12T07:47:58+00:00","og_image":[{"width":2000,"height":1919,"url":"https:\/\/restyling.exenia.eu\/wp-content\/uploads\/2023\/01\/Wolf-base-prodotto.jpg","type":"image\/jpeg"}],"schema":{"@context":"https:\/\/schema.org","@graph":[{"@type":"WebPage","@id":"https:\/\/restyling.exenia.eu\/de\/produkt\/wolf-projektor-sockel\/","url":"https:\/\/restyling.exenia.eu\/de\/produkt\/wolf-projektor-sockel\/","name":"Wolf Strahler Sockel | Exenia","isPartOf":{"@id":"https:\/\/restyling.exenia.eu\/#website"},"primaryImageOfPage":{"@id":"https:\/\/restyling.exenia.eu\/de\/produkt\/wolf-projektor-sockel\/#primaryimage"},"image":{"@id":"https:\/\/restyling.exenia.eu\/de\/produkt\/wolf-projektor-sockel\/#primaryimage"},"thumbnailUrl":"https:\/\/restyling.exenia.eu\/wp-content\/uploads\/2023\/01\/Wolf-base-prodotto.jpg","datePublished":"2022-11-24T08:51:46+00:00","dateModified":"2023-06-12T07:47:58+00:00","breadcrumb":{"@id":"https:\/\/restyling.exenia.eu\/de\/produkt\/wolf-projektor-sockel\/#breadcrumb"},"inLanguage":"de","potentialAction":[{"@type":"ReadAction","target":["https:\/\/restyling.exenia.eu\/de\/produkt\/wolf-projektor-sockel\/"]}]},{"@type":"ImageObject","inLanguage":"de","@id":"https:\/\/restyling.exenia.eu\/de\/produkt\/wolf-projektor-sockel\/#primaryimage","url":"https:\/\/restyling.exenia.eu\/wp-content\/uploads\/2023\/01\/Wolf-base-prodotto.jpg","contentUrl":"https:\/\/restyling.exenia.eu\/wp-content\/uploads\/2023\/01\/Wolf-base-prodotto.jpg","width":2000,"height":1919},{"@type":"BreadcrumbList","@id":"https:\/\/restyling.exenia.eu\/de\/produkt\/wolf-projektor-sockel\/#breadcrumb","itemListElement":[{"@type":"ListItem","position":1,"name":"Home","item":"https:\/\/restyling.exenia.eu\/"},{"@type":"ListItem","position":2,"name":"Produkte","item":"https:\/\/restyling.exenia.eu\/prodotti\/"},{"@type":"ListItem","position":3,"name":"Outdoor","item":"https:\/\/restyling.exenia.eu\/de\/c\/outdoor\/"},{"@type":"ListItem","position":4,"name":"Projektoren","item":"https:\/\/restyling.exenia.eu\/de\/c\/outdoor\/projektoren\/"},{"@type":"ListItem","position":5,"name":"Wolf","item":"https:\/\/restyling.exenia.eu\/c\/outdoor\/proiettori-a-base-outdoor\/wolf\/"},{"@type":"ListItem","position":6,"name":"Wolf Strahler Sockel"}]},{"@type":"WebSite","@id":"https:\/\/restyling.exenia.eu\/#website","url":"https:\/\/restyling.exenia.eu\/","name":"Exenia","description":"","publisher":{"@id":"https:\/\/restyling.exenia.eu\/#organization"},"potentialAction":[{"@type":"SearchAction","target":{"@type":"EntryPoint","urlTemplate":"https:\/\/restyling.exenia.eu\/?s={search_term_string}"},"query-input":{"@type":"PropertyValueSpecification","valueRequired":true,"valueName":"search_term_string"}}],"inLanguage":"de"},{"@type":"Organization","@id":"https:\/\/restyling.exenia.eu\/#organization","name":"Exenia","url":"https:\/\/restyling.exenia.eu\/","logo":{"@type":"ImageObject","inLanguage":"de","@id":"https:\/\/restyling.exenia.eu\/#\/schema\/logo\/image\/","url":"https:\/\/restyling.exenia.eu\/wp-content\/uploads\/2022\/09\/logo_exenia-e1678467519405.png","contentUrl":"https:\/\/restyling.exenia.eu\/wp-content\/uploads\/2022\/09\/logo_exenia-e1678467519405.png","width":600,"height":194,"caption":"Exenia"},"image":{"@id":"https:\/\/restyling.exenia.eu\/#\/schema\/logo\/image\/"},"sameAs":["https:\/\/www.facebook.com\/exenialighting","https:\/\/x.com\/ExeniaLighting"]}]}},"_links":{"self":[{"href":"https:\/\/restyling.exenia.eu\/de\/wp-json\/wp\/v2\/product\/27715","targetHints":{"allow":["GET"]}}],"collection":[{"href":"https:\/\/restyling.exenia.eu\/de\/wp-json\/wp\/v2\/product"}],"about":[{"href":"https:\/\/restyling.exenia.eu\/de\/wp-json\/wp\/v2\/types\/product"}],"wp:featuredmedia":[{"embeddable":true,"href":"https:\/\/restyling.exenia.eu\/de\/wp-json\/wp\/v2\/media\/24243"}],"wp:attachment":[{"href":"https:\/\/restyling.exenia.eu\/de\/wp-json\/wp\/v2\/media?parent=27715"}],"wp:term":[{"taxonomy":"product_brand","embeddable":true,"href":"https:\/\/restyling.exenia.eu\/de\/wp-json\/wp\/v2\/product_brand?post=27715"},{"taxonomy":"product_cat","embeddable":true,"href":"https:\/\/restyling.exenia.eu\/de\/wp-json\/wp\/v2\/product_cat?post=27715"},{"taxonomy":"product_tag","embeddable":true,"href":"https:\/\/restyling.exenia.eu\/de\/wp-json\/wp\/v2\/product_tag?post=27715"},{"taxonomy":"categoria-admin-prodotto","embeddable":true,"href":"https:\/\/restyling.exenia.eu\/de\/wp-json\/wp\/v2\/categoria-admin-prodotto?post=27715"}],"curies":[{"name":"wp","href":"https:\/\/api.w.org\/{rel}","templated":true}]}}