{"id":52708,"date":"2024-06-10T16:25:08","date_gmt":"2024-06-10T14:25:08","guid":{"rendered":"https:\/\/www.exenia.eu\/?post_type=product&#038;p=52708"},"modified":"2024-08-01T11:55:31","modified_gmt":"2024-08-01T09:55:31","slug":"spot-48-revo-mini-2","status":"publish","type":"product","link":"https:\/\/restyling.exenia.eu\/de\/produkt\/spot-48-revo-mini-2\/","title":{"rendered":"Spot 48 Revo Mini"},"content":{"rendered":"<p>Die Revo 48V Scheinwerfer sind in vier Gr\u00f6\u00dfen erh\u00e4ltlich, 8 rotosymmetrische optische Varianten pro Modell, 3 zus\u00e4tzliche asymmetrische f\u00fcr die Modelle Medium und Compact sowie ein Shaper f\u00fcr Medium.<br \/>\nDie neuen Revo-Dark-Optiken, die sich dem fortschrittlichen Lichtdesign verschrieben haben, eignen sich besonders f\u00fcr Umgebungen mit hohem Sehkomfort. Ausgestattet mit hocheffizienten Cross- und asymmetrischen Optiken, eignen sie sich besonders f\u00fcr Museumsanwendungen und Projekte mit komplexen Beleuchtungsanforderungen.<br \/>\nDie Spot Revo-Serie zeichnet sich durch ein hervorragendes Verh\u00e4ltnis zwischen Leistung und Gr\u00f6\u00dfe, eine Vielzahl von Zubeh\u00f6rteilen und eine breite Palette von Oberfl\u00e4chen aus, vor allem aber durch ihre Pr\u00e4zision, Sauberkeit und Gleichm\u00e4\u00dfigkeit der Projektion.<\/p>\n<p>Die <strong>Mini<\/strong>-Version bietet 5 symmetrische \u00d6ffnungen von 8\u00b0 bis 35\u00b0, 1 elliptische Version und zahlreiches Zubeh\u00f6r.<br \/>\nDie hohe Farbwiedergabe, der UGR-Koeffizient&lt;10 und die Einhaltung der Beleuchtungsparameter DARK werden durch die Qualit\u00e4t der 2 SDCM der Quelle und die besondere Sauberkeit der Strahlprojektion erg\u00e4nzt.<br \/>\nDie vollst\u00e4ndige Kompatibilit\u00e4t mit den am weitesten verbreiteten Steuerungssystemen macht den Spot Revo Mini zum idealen Werkzeug in Kontexten, in denen der Wert der Quelle durch eine sehr hohe Leistungsqualit\u00e4t und eine minimale physische und visuelle Beeintr\u00e4chtigung bestimmt wird.<\/p>\n","protected":false},"excerpt":{"rendered":"<p>Die Revo 48V Scheinwerfer sind in vier Gr\u00f6\u00dfen erh\u00e4ltlich, 8&#8230;<\/p>\n","protected":false},"featured_media":23928,"template":"","meta":{"_acf_changed":false},"product_brand":[],"product_cat":[6615,6620,6625,6630,6635,6644,5373],"product_tag":[6780,6785],"categoria-admin-prodotto":[],"class_list":{"0":"post-52708","1":"product","2":"type-product","3":"status-publish","4":"has-post-thumbnail","6":"product_cat-leuchten-track-48-de","7":"product_cat-leuchten-track-48-evo","8":"product_cat-leuchten-track-48-trimless","9":"product_cat-leuchten-track-48-tube","10":"product_cat-leuchten-track-48-twin","11":"product_cat-alle-leuchten-fuer-48","12":"product_cat-spot-revo-48-v-de","13":"product_tag-384t1-de","14":"product_tag-384t2-de","15":"pa_alimentazione-48v","16":"pa_cct-2700k-de","17":"pa_cct-3000k-de","18":"pa_cct-3500k-de","19":"pa_cct-4000k-de","20":"pa_certificazione-conformita-ce-de","21":"pa_classe-f-da","22":"pa_cri-92-de","23":"pa_cri-98-de","24":"pa_grado-ip-ip20-de","25":"pa_lifetime-l80b10-100-000-ore-de","26":"pa_temperatura-di-esercizio-10-35-de","28":"first","29":"instock","30":"purchasable","31":"product-type-composite"},"composite_virtual":false,"composite_layout":"single","composite_add_to_cart_form_location":"default","composite_editable_in_cart":false,"composite_sold_individually_context":"product","composite_shop_price_calc":"defaults","composite_components":[{"id":"1674732720","title":"Geh\u00e4use der Leuchte","description":"","query_type":"product_ids","query_ids":[53328],"default_option_id":53328,"thumbnail_id":"","thumbnail_src":"","quantity_min":1,"quantity_max":1,"priced_individually":false,"shipped_individually":false,"optional":false,"discount":"","options_style":"radios","pagination_style":"classic","display_prices":"absolute","show_sorting_options":false,"show_filtering_options":false,"attribute_filter_ids":[],"product_title_visible":false,"product_descr_visible":false,"product_price_visible":false,"product_thumb_visible":false,"subtotal_visible_product":false,"subtotal_visible_cart":false,"subtotal_visible_orders":false},{"id":"1674732721","title":"Version","description":"","query_type":"product_ids","query_ids":[52691,53452],"default_option_id":"","thumbnail_id":"","thumbnail_src":"","quantity_min":1,"quantity_max":1,"priced_individually":false,"shipped_individually":false,"optional":true,"discount":"","options_style":"radios","pagination_style":"classic","display_prices":"absolute","show_sorting_options":false,"show_filtering_options":false,"attribute_filter_ids":[],"product_title_visible":false,"product_descr_visible":false,"product_price_visible":false,"product_thumb_visible":false,"subtotal_visible_product":false,"subtotal_visible_cart":false,"subtotal_visible_orders":false},{"id":"1674732722","title":"Kontrolle","description":"","query_type":"product_ids","query_ids":[20508,53443,20556,20535],"default_option_id":"","thumbnail_id":"","thumbnail_src":"","quantity_min":1,"quantity_max":1,"priced_individually":false,"shipped_individually":false,"optional":true,"discount":"","options_style":"radios","pagination_style":"classic","display_prices":"absolute","show_sorting_options":false,"show_filtering_options":false,"attribute_filter_ids":[],"product_title_visible":false,"product_descr_visible":true,"product_price_visible":false,"product_thumb_visible":false,"subtotal_visible_product":false,"subtotal_visible_cart":false,"subtotal_visible_orders":false},{"id":"1674732723","title":"Geh\u00e4useoberfl\u00e4che","description":"","query_type":"product_ids","query_ids":[20838,20813,20771,20817,20826,20825],"default_option_id":"","thumbnail_id":"","thumbnail_src":"","quantity_min":1,"quantity_max":1,"priced_individually":false,"shipped_individually":false,"optional":true,"discount":"","options_style":"radios","pagination_style":"classic","display_prices":"absolute","show_sorting_options":false,"show_filtering_options":false,"attribute_filter_ids":[],"product_title_visible":false,"product_descr_visible":false,"product_price_visible":false,"product_thumb_visible":false,"subtotal_visible_product":false,"subtotal_visible_cart":false,"subtotal_visible_orders":false},{"id":"1674732724","title":"Ausf\u00fchrung des Adapters","description":"","query_type":"product_ids","query_ids":[20767,20768],"default_option_id":"","thumbnail_id":"","thumbnail_src":"","quantity_min":1,"quantity_max":1,"priced_individually":false,"shipped_individually":false,"optional":true,"discount":"","options_style":"radios","pagination_style":"classic","display_prices":"absolute","show_sorting_options":false,"show_filtering_options":false,"attribute_filter_ids":[],"product_title_visible":false,"product_descr_visible":false,"product_price_visible":false,"product_thumb_visible":false,"subtotal_visible_product":false,"subtotal_visible_cart":false,"subtotal_visible_orders":false},{"id":"1674732725","title":"CRI-CCT","description":"","query_type":"product_ids","query_ids":[20691,20692,20694,20693,20701,20702,20704,20703],"default_option_id":"","thumbnail_id":"","thumbnail_src":"","quantity_min":1,"quantity_max":1,"priced_individually":false,"shipped_individually":false,"optional":true,"discount":"","options_style":"radios","pagination_style":"classic","display_prices":"absolute","show_sorting_options":false,"show_filtering_options":false,"attribute_filter_ids":[],"product_title_visible":false,"product_descr_visible":false,"product_price_visible":false,"product_thumb_visible":false,"subtotal_visible_product":false,"subtotal_visible_cart":false,"subtotal_visible_orders":false},{"id":"1674732726","title":"Optik","description":"","query_type":"product_ids","query_ids":[20989,20964,20856,20977,20955,20921],"default_option_id":"","thumbnail_id":"","thumbnail_src":"","quantity_min":1,"quantity_max":1,"priced_individually":false,"shipped_individually":false,"optional":true,"discount":"","options_style":"radios","pagination_style":"classic","display_prices":"absolute","show_sorting_options":false,"show_filtering_options":false,"attribute_filter_ids":[],"product_title_visible":false,"product_descr_visible":false,"product_price_visible":false,"product_thumb_visible":false,"subtotal_visible_product":false,"subtotal_visible_cart":false,"subtotal_visible_orders":false},{"id":"1674732727","title":"Zubeh\u00f6r","description":"","query_type":"product_ids","query_ids":[20477,20457,20481,20483,20452],"default_option_id":"","thumbnail_id":"","thumbnail_src":"","quantity_min":1,"quantity_max":1,"priced_individually":false,"shipped_individually":false,"optional":true,"discount":"","options_style":"radios","pagination_style":"classic","display_prices":"absolute","show_sorting_options":false,"show_filtering_options":false,"attribute_filter_ids":[],"product_title_visible":false,"product_descr_visible":false,"product_price_visible":false,"product_thumb_visible":false,"subtotal_visible_product":false,"subtotal_visible_cart":false,"subtotal_visible_orders":false},{"id":"1676887108","title":"Unabh\u00e4ngiges Zubeh\u00f6r","description":"","query_type":"product_ids","query_ids":[40645],"default_option_id":40645,"thumbnail_id":"","thumbnail_src":"","quantity_min":1,"quantity_max":1,"priced_individually":false,"shipped_individually":false,"optional":false,"discount":"","options_style":"radios","pagination_style":"classic","display_prices":"absolute","show_sorting_options":false,"show_filtering_options":false,"attribute_filter_ids":[],"product_title_visible":false,"product_descr_visible":true,"product_price_visible":false,"product_thumb_visible":false,"subtotal_visible_product":false,"subtotal_visible_cart":false,"subtotal_visible_orders":false},{"id":"1721990411","title":"Modul f\u00fcr die PUSH-Verwaltung von DALI-Produkten","description":"","query_type":"product_ids","query_ids":[57769],"default_option_id":57769,"thumbnail_id":"","thumbnail_src":"","quantity_min":1,"quantity_max":1,"priced_individually":false,"shipped_individually":false,"optional":false,"discount":"","options_style":"radios","pagination_style":"classic","display_prices":"absolute","show_sorting_options":false,"show_filtering_options":false,"attribute_filter_ids":[],"product_title_visible":false,"product_descr_visible":false,"product_price_visible":false,"product_thumb_visible":false,"subtotal_visible_product":false,"subtotal_visible_cart":false,"subtotal_visible_orders":false}],"composite_scenarios":[{"id":"1674732957","name":"cri98","description":"","configuration":[{"component_id":"1674732725","options_modifier":"in","component_options":[20701,20702,20704,20703]}],"actions":[{"action_id":"compat_group","is_active":false},{"action_id":"conditional_components","is_active":false,"hidden_components":[]},{"action_id":"conditional_options","is_active":true,"hidden_options":[{"component_id":"1674732726","component_options":[20989,20964,20856],"options_modifier":"in"}]}],"enabled":true},{"id":"1674732958","name":"narrow spot","description":"","configuration":[{"component_id":"1674732726","options_modifier":"in","component_options":[20964]}],"actions":[{"action_id":"compat_group","is_active":false},{"action_id":"conditional_components","is_active":false,"hidden_components":[]},{"action_id":"conditional_options","is_active":true,"hidden_options":[{"component_id":"1674732727","component_options":[20452],"options_modifier":"in"}]}],"enabled":true},{"id":"1674732959","name":"ellittiche","description":"","configuration":[{"component_id":"1674732726","options_modifier":"in","component_options":[20856]}],"actions":[{"action_id":"compat_group","is_active":false},{"action_id":"conditional_components","is_active":false,"hidden_components":[]},{"action_id":"conditional_options","is_active":true,"hidden_options":[{"component_id":"1674732727","component_options":[-1,20477],"options_modifier":"not-in"}]}],"enabled":true},{"id":"1674732960","name":"VN\/narrow spot \/ell.nar spot cri98","description":"","configuration":[{"component_id":"1674732726","options_modifier":"in","component_options":[20989,20964,20856]}],"actions":[{"action_id":"compat_group","is_active":false},{"action_id":"conditional_components","is_active":false,"hidden_components":[]},{"action_id":"conditional_options","is_active":true,"hidden_options":[{"component_id":"1674732725","component_options":[20701,20702,20704,20703],"options_modifier":"in"}]}],"enabled":true},{"id":"1674732961","name":"honeycomb \/ snoot \/ visor","description":"","configuration":[{"component_id":"1674732727","options_modifier":"in","component_options":[20457,20481,20483]}],"actions":[{"action_id":"compat_group","is_active":false},{"action_id":"conditional_components","is_active":false,"hidden_components":[]},{"action_id":"conditional_options","is_active":true,"hidden_options":[{"component_id":"1674732726","component_options":[20856],"options_modifier":"in"}]}],"enabled":true},{"id":"1674732962","name":"lente ellittica","description":"","configuration":[{"component_id":"1674732727","options_modifier":"in","component_options":[20452]}],"actions":[{"action_id":"compat_group","is_active":false},{"action_id":"conditional_components","is_active":false,"hidden_components":[]},{"action_id":"conditional_options","is_active":true,"hidden_options":[{"component_id":"1674732726","component_options":[20964,20856],"options_modifier":"in"}]}],"enabled":true},{"id":"1721990445","name":"no controllo push","description":"","configuration":[{"component_id":"1674732722","options_modifier":"in","component_options":[20508,20556,20535]}],"actions":[{"action_id":"compat_group","is_active":false},{"action_id":"conditional_components","is_active":true,"hidden_components":["1721990411"]},{"action_id":"conditional_options","is_active":false,"hidden_options":[]}],"enabled":true},{"id":"1725979850","name":"2x no potenz.","description":"","configuration":[{"component_id":"1674732721","options_modifier":"in","component_options":[53452]}],"actions":[{"action_id":"compat_group","is_active":false},{"action_id":"conditional_components","is_active":false,"hidden_components":[]},{"action_id":"conditional_options","is_active":true,"hidden_options":[{"component_id":"1674732722","component_options":[20556],"options_modifier":"in"}]}],"enabled":true},{"id":"1725979851","name":"potenz. no 2x","description":"","configuration":[{"component_id":"1674732722","options_modifier":"in","component_options":[20556]}],"actions":[{"action_id":"compat_group","is_active":false},{"action_id":"conditional_components","is_active":false,"hidden_components":[]},{"action_id":"conditional_options","is_active":true,"hidden_options":[{"component_id":"1674732721","component_options":[53452],"options_modifier":"in"}]}],"enabled":true}],"bundled_by":[],"bundle_stock_status":"instock","bundle_stock_quantity":null,"bundle_virtual":false,"bundle_layout":"","bundle_add_to_cart_form_location":"","bundle_editable_in_cart":false,"bundle_sold_individually_context":"","bundle_item_grouping":"","bundle_min_size":"","bundle_max_size":"","bundled_items":[],"bundle_sell_ids":[],"acf":[],"yoast_head":"<!-- This site is optimized with the Yoast SEO plugin v27.5 - https:\/\/yoast.com\/product\/yoast-seo-wordpress\/ -->\n<title>Spot 48 Revo Mini | Exenia<\/title>\n<meta name=\"robots\" content=\"noindex, follow, max-snippet:-1, max-image-preview:large, max-video-preview:-1\" \/>\n<meta property=\"og:locale\" content=\"de_DE\" \/>\n<meta property=\"og:type\" content=\"article\" \/>\n<meta property=\"og:title\" content=\"Spot 48 Revo Mini | Exenia\" \/>\n<meta property=\"og:description\" content=\"Die Revo 48V Scheinwerfer sind in vier Gr\u00f6\u00dfen erh\u00e4ltlich, 8...\" \/>\n<meta property=\"og:url\" content=\"https:\/\/restyling.exenia.eu\/de\/produkt\/spot-48-revo-mini-2\/\" \/>\n<meta property=\"og:site_name\" content=\"Exenia\" \/>\n<meta property=\"article:publisher\" content=\"https:\/\/www.facebook.com\/exenialighting\" \/>\n<meta property=\"article:modified_time\" content=\"2024-08-01T09:55:31+00:00\" \/>\n<meta property=\"og:image\" content=\"https:\/\/restyling.exenia.eu\/wp-content\/uploads\/2023\/01\/Spot-48-revo-mini-prodotto.jpg\" \/>\n\t<meta property=\"og:image:width\" content=\"2000\" \/>\n\t<meta property=\"og:image:height\" content=\"1919\" \/>\n\t<meta property=\"og:image:type\" content=\"image\/jpeg\" \/>\n<!-- \/ Yoast SEO plugin. -->","yoast_head_json":{"title":"Spot 48 Revo Mini | Exenia","robots":{"index":"noindex","follow":"follow","max-snippet":"max-snippet:-1","max-image-preview":"max-image-preview:large","max-video-preview":"max-video-preview:-1"},"og_locale":"de_DE","og_type":"article","og_title":"Spot 48 Revo Mini | Exenia","og_description":"Die Revo 48V Scheinwerfer sind in vier Gr\u00f6\u00dfen erh\u00e4ltlich, 8...","og_url":"https:\/\/restyling.exenia.eu\/de\/produkt\/spot-48-revo-mini-2\/","og_site_name":"Exenia","article_publisher":"https:\/\/www.facebook.com\/exenialighting","article_modified_time":"2024-08-01T09:55:31+00:00","og_image":[{"width":2000,"height":1919,"url":"https:\/\/restyling.exenia.eu\/wp-content\/uploads\/2023\/01\/Spot-48-revo-mini-prodotto.jpg","type":"image\/jpeg"}],"schema":{"@context":"https:\/\/schema.org","@graph":[{"@type":"WebPage","@id":"https:\/\/restyling.exenia.eu\/de\/produkt\/spot-48-revo-mini-2\/","url":"https:\/\/restyling.exenia.eu\/de\/produkt\/spot-48-revo-mini-2\/","name":"Spot 48 Revo Mini | Exenia","isPartOf":{"@id":"https:\/\/restyling.exenia.eu\/#website"},"primaryImageOfPage":{"@id":"https:\/\/restyling.exenia.eu\/de\/produkt\/spot-48-revo-mini-2\/#primaryimage"},"image":{"@id":"https:\/\/restyling.exenia.eu\/de\/produkt\/spot-48-revo-mini-2\/#primaryimage"},"thumbnailUrl":"https:\/\/restyling.exenia.eu\/wp-content\/uploads\/2023\/01\/Spot-48-revo-mini-prodotto.jpg","datePublished":"2024-06-10T14:25:08+00:00","dateModified":"2024-08-01T09:55:31+00:00","breadcrumb":{"@id":"https:\/\/restyling.exenia.eu\/de\/produkt\/spot-48-revo-mini-2\/#breadcrumb"},"inLanguage":"de","potentialAction":[{"@type":"ReadAction","target":["https:\/\/restyling.exenia.eu\/de\/produkt\/spot-48-revo-mini-2\/"]}]},{"@type":"ImageObject","inLanguage":"de","@id":"https:\/\/restyling.exenia.eu\/de\/produkt\/spot-48-revo-mini-2\/#primaryimage","url":"https:\/\/restyling.exenia.eu\/wp-content\/uploads\/2023\/01\/Spot-48-revo-mini-prodotto.jpg","contentUrl":"https:\/\/restyling.exenia.eu\/wp-content\/uploads\/2023\/01\/Spot-48-revo-mini-prodotto.jpg","width":2000,"height":1919},{"@type":"BreadcrumbList","@id":"https:\/\/restyling.exenia.eu\/de\/produkt\/spot-48-revo-mini-2\/#breadcrumb","itemListElement":[{"@type":"ListItem","position":1,"name":"Home","item":"https:\/\/restyling.exenia.eu\/"},{"@type":"ListItem","position":2,"name":"Produkte","item":"https:\/\/restyling.exenia.eu\/prodotti\/"},{"@type":"ListItem","position":3,"name":"Indoor","item":"https:\/\/restyling.exenia.eu\/de\/c\/indoor\/"},{"@type":"ListItem","position":4,"name":"Leuchten f\u00fcr Systeme\/Schienen","item":"https:\/\/restyling.exenia.eu\/de\/c\/indoor\/leuchten-fur-systeme-schienen\/"},{"@type":"ListItem","position":5,"name":"48 V","item":"https:\/\/restyling.exenia.eu\/de\/c\/indoor\/leuchten-fur-systeme-schienen\/48-v-de\/"},{"@type":"ListItem","position":6,"name":"Alle Leuchten f\u00fcr 48","item":"https:\/\/restyling.exenia.eu\/de\/c\/indoor\/leuchten-fur-systeme-schienen\/48-v-de\/alle-leuchten-fuer-48\/"},{"@type":"ListItem","position":7,"name":"Spot Revo","item":"https:\/\/restyling.exenia.eu\/c\/indoor\/apparecchi-per-sistemi-binari-elettrificati\/48-v\/tutti-gli-apparecchi-48\/spot-revo-48v\/"},{"@type":"ListItem","position":8,"name":"Spot 48 Revo Mini"}]},{"@type":"WebSite","@id":"https:\/\/restyling.exenia.eu\/#website","url":"https:\/\/restyling.exenia.eu\/","name":"Exenia","description":"","publisher":{"@id":"https:\/\/restyling.exenia.eu\/#organization"},"potentialAction":[{"@type":"SearchAction","target":{"@type":"EntryPoint","urlTemplate":"https:\/\/restyling.exenia.eu\/?s={search_term_string}"},"query-input":{"@type":"PropertyValueSpecification","valueRequired":true,"valueName":"search_term_string"}}],"inLanguage":"de"},{"@type":"Organization","@id":"https:\/\/restyling.exenia.eu\/#organization","name":"Exenia","url":"https:\/\/restyling.exenia.eu\/","logo":{"@type":"ImageObject","inLanguage":"de","@id":"https:\/\/restyling.exenia.eu\/#\/schema\/logo\/image\/","url":"https:\/\/restyling.exenia.eu\/wp-content\/uploads\/2022\/09\/logo_exenia-e1678467519405.png","contentUrl":"https:\/\/restyling.exenia.eu\/wp-content\/uploads\/2022\/09\/logo_exenia-e1678467519405.png","width":600,"height":194,"caption":"Exenia"},"image":{"@id":"https:\/\/restyling.exenia.eu\/#\/schema\/logo\/image\/"},"sameAs":["https:\/\/www.facebook.com\/exenialighting","https:\/\/x.com\/ExeniaLighting"]}]}},"_links":{"self":[{"href":"https:\/\/restyling.exenia.eu\/de\/wp-json\/wp\/v2\/product\/52708","targetHints":{"allow":["GET"]}}],"collection":[{"href":"https:\/\/restyling.exenia.eu\/de\/wp-json\/wp\/v2\/product"}],"about":[{"href":"https:\/\/restyling.exenia.eu\/de\/wp-json\/wp\/v2\/types\/product"}],"wp:featuredmedia":[{"embeddable":true,"href":"https:\/\/restyling.exenia.eu\/de\/wp-json\/wp\/v2\/media\/23928"}],"wp:attachment":[{"href":"https:\/\/restyling.exenia.eu\/de\/wp-json\/wp\/v2\/media?parent=52708"}],"wp:term":[{"taxonomy":"product_brand","embeddable":true,"href":"https:\/\/restyling.exenia.eu\/de\/wp-json\/wp\/v2\/product_brand?post=52708"},{"taxonomy":"product_cat","embeddable":true,"href":"https:\/\/restyling.exenia.eu\/de\/wp-json\/wp\/v2\/product_cat?post=52708"},{"taxonomy":"product_tag","embeddable":true,"href":"https:\/\/restyling.exenia.eu\/de\/wp-json\/wp\/v2\/product_tag?post=52708"},{"taxonomy":"categoria-admin-prodotto","embeddable":true,"href":"https:\/\/restyling.exenia.eu\/de\/wp-json\/wp\/v2\/categoria-admin-prodotto?post=52708"}],"curies":[{"name":"wp","href":"https:\/\/api.w.org\/{rel}","templated":true}]}}