{"id":52243,"date":"2024-03-20T14:42:31","date_gmt":"2024-03-20T13:42:31","guid":{"rendered":"https:\/\/www.exenia.eu\/?post_type=progetti&#038;p=52243"},"modified":"2024-04-03T12:28:56","modified_gmt":"2024-04-03T10:28:56","slug":"parador-de-muxia","status":"publish","type":"progetti","link":"https:\/\/restyling.exenia.eu\/de\/projekte\/parador-de-muxia\/","title":{"rendered":"Parador De Muxia"},"content":{"rendered":"<p>In Zusammenarbeit mit der Firma <a href=\"https:\/\/sutecsistemas.com\">Sutec<\/a> haben wir das renommierte Hotel Parador de Mux\u00eda dank eines ma\u00dfgeschneiderten Projekts beleuchtet.<br>Ein Hotel mit modernem Design und Blick auf eine wundersch\u00f6ne Bucht in der Region Galicien, Spanien.<\/p><p>Ziel des Projekts war es, den G\u00e4sten ein hohes Ma\u00df an Komfort und Wohlbefinden zu bieten und die R\u00e4umlichkeiten des Hotels durch gezielte Beleuchtungsl\u00f6sungen aufzuwerten.<\/p><p>In den Fluren und Zimmern w\u00e4hlten wir die Produkte <a href=\"https:\/\/restyling.exenia.eu\/de\/produkt\/pluriel-einbau\/\">Pluriel<\/a> und <a href=\"https:\/\/restyling.exenia.eu\/de\/produkt\/pluriel-micro-einbau\/\">Pluriel Micro<\/a>, die aufgrund ihrer Zuverl\u00e4ssigkeit und ihres Sehkomforts ausgew\u00e4hlt wurden. Diese L\u00f6sungen sorgen f\u00fcr eine gleichm\u00e4\u00dfige Beleuchtung und tragen dazu bei, eine einladende und funktionale Atmosph\u00e4re f\u00fcr die G\u00e4ste zu schaffen.<\/p><p>F\u00fcr die Gemeinschaftsbereiche haben wir das Stromschienensystem <a href=\"https:\/\/restyling.exenia.eu\/de\/produkt\/schiene-48\/\">Track 48<\/a> verwendet, das durch ma\u00dfgeschneiderte Abh\u00e4ngevorrichtungen erg\u00e4nzt wurde, um den spezifischen Kundenanforderungen gerecht zu werden. Diese L\u00f6sung bietet eine optimale Lichtverteilung und tr\u00e4gt dazu bei, eine angenehme und komfortable Umgebung zu schaffen.<\/p><p>F\u00fcr die Beleuchtung der ausgestellten Kunstwerke w\u00e4hlten wir die DALI-Projektoren <a href=\"https:\/\/restyling.exenia.eu\/de\/produkt\/spot-48-48-rt\/\">Spot 48<\/a> und <a href=\"https:\/\/restyling.exenia.eu\/de\/produkt\/spot-plus-48-48-rt\/\">Spot 48 Plus<\/a>, die die Sch\u00f6nheit und Eleganz der Werke unterstreichen. Dank dieser Projektoren wird jedes Detail der Kunstwerke hervorgehoben und bereichert das visuelle Erlebnis der Besucher.<\/p><p>Der Parador de Mux\u00eda ist ein Wahrzeichen der Region, nicht nur wegen seiner architektonischen Sch\u00f6nheit, sondern auch wegen seiner historischen und \u00f6kologischen Bedeutung. Wir sind stolz darauf, durch ma\u00dfgeschneiderte Beleuchtungsl\u00f6sungen zu seiner Pracht beigetragen zu haben.<\/p>","protected":false},"excerpt":{"rendered":"<p>In Zusammenarbeit mit der Firma Sutec haben wir das renommierte&#8230;<\/p>\n","protected":false},"featured_media":52245,"parent":0,"menu_order":0,"template":"","meta":{"_acf_changed":false,"footnotes":""},"famiglia_progetto":[562,584,595],"applicazione_progetto":[337,341],"nazione_progetto":[720],"market":[632],"class_list":["post-52243","progetti","type-progetti","status-publish","has-post-thumbnail","hentry","famiglia_progetto-pluriel-de","famiglia_progetto-spot-48-de","famiglia_progetto-track-48-de","applicazione_progetto-diffuse-beleuchtung","applicazione_progetto-projektion-de","nazione_progetto-spanien","market-hospitality"],"acf":[],"yoast_head":"<!-- This site is optimized with the Yoast SEO plugin v27.4 - https:\/\/yoast.com\/product\/yoast-seo-wordpress\/ -->\n<title>Parador De Muxia | Exenia<\/title>\n<meta name=\"robots\" content=\"noindex, follow, max-snippet:-1, max-image-preview:large, max-video-preview:-1\" \/>\n<meta property=\"og:locale\" content=\"de_DE\" \/>\n<meta property=\"og:type\" content=\"article\" \/>\n<meta property=\"og:title\" content=\"Parador De Muxia | Exenia\" \/>\n<meta property=\"og:description\" content=\"In Zusammenarbeit mit der Firma Sutec haben wir das renommierte...\" \/>\n<meta property=\"og:url\" content=\"https:\/\/restyling.exenia.eu\/de\/projekte\/parador-de-muxia\/\" \/>\n<meta property=\"og:site_name\" content=\"Exenia\" \/>\n<meta property=\"article:publisher\" content=\"https:\/\/www.facebook.com\/exenialighting\" \/>\n<meta property=\"article:modified_time\" content=\"2024-04-03T10:28:56+00:00\" \/>\n<meta property=\"og:image\" content=\"https:\/\/restyling.exenia.eu\/wp-content\/uploads\/2024\/03\/Parador-Costa-da-Morte-4-Zonas-comunes.jpg\" \/>\n\t<meta property=\"og:image:width\" content=\"1619\" \/>\n\t<meta property=\"og:image:height\" content=\"1080\" \/>\n\t<meta property=\"og:image:type\" content=\"image\/jpeg\" \/>\n<!-- \/ Yoast SEO plugin. -->","yoast_head_json":{"title":"Parador De Muxia | Exenia","robots":{"index":"noindex","follow":"follow","max-snippet":"max-snippet:-1","max-image-preview":"max-image-preview:large","max-video-preview":"max-video-preview:-1"},"og_locale":"de_DE","og_type":"article","og_title":"Parador De Muxia | Exenia","og_description":"In Zusammenarbeit mit der Firma Sutec haben wir das renommierte...","og_url":"https:\/\/restyling.exenia.eu\/de\/projekte\/parador-de-muxia\/","og_site_name":"Exenia","article_publisher":"https:\/\/www.facebook.com\/exenialighting","article_modified_time":"2024-04-03T10:28:56+00:00","og_image":[{"width":1619,"height":1080,"url":"https:\/\/restyling.exenia.eu\/wp-content\/uploads\/2024\/03\/Parador-Costa-da-Morte-4-Zonas-comunes.jpg","type":"image\/jpeg"}],"schema":{"@context":"https:\/\/schema.org","@graph":[{"@type":"WebPage","@id":"https:\/\/restyling.exenia.eu\/de\/projekte\/parador-de-muxia\/","url":"https:\/\/restyling.exenia.eu\/de\/projekte\/parador-de-muxia\/","name":"Parador De Muxia | Exenia","isPartOf":{"@id":"https:\/\/restyling.exenia.eu\/#website"},"primaryImageOfPage":{"@id":"https:\/\/restyling.exenia.eu\/de\/projekte\/parador-de-muxia\/#primaryimage"},"image":{"@id":"https:\/\/restyling.exenia.eu\/de\/projekte\/parador-de-muxia\/#primaryimage"},"thumbnailUrl":"https:\/\/restyling.exenia.eu\/wp-content\/uploads\/2024\/03\/Parador-Costa-da-Morte-4-Zonas-comunes.jpg","datePublished":"2024-03-20T13:42:31+00:00","dateModified":"2024-04-03T10:28:56+00:00","breadcrumb":{"@id":"https:\/\/restyling.exenia.eu\/de\/projekte\/parador-de-muxia\/#breadcrumb"},"inLanguage":"de","potentialAction":[{"@type":"ReadAction","target":["https:\/\/restyling.exenia.eu\/de\/projekte\/parador-de-muxia\/"]}]},{"@type":"ImageObject","inLanguage":"de","@id":"https:\/\/restyling.exenia.eu\/de\/projekte\/parador-de-muxia\/#primaryimage","url":"https:\/\/restyling.exenia.eu\/wp-content\/uploads\/2024\/03\/Parador-Costa-da-Morte-4-Zonas-comunes.jpg","contentUrl":"https:\/\/restyling.exenia.eu\/wp-content\/uploads\/2024\/03\/Parador-Costa-da-Morte-4-Zonas-comunes.jpg","width":1619,"height":1080},{"@type":"BreadcrumbList","@id":"https:\/\/restyling.exenia.eu\/de\/projekte\/parador-de-muxia\/#breadcrumb","itemListElement":[{"@type":"ListItem","position":1,"name":"Home","item":"https:\/\/restyling.exenia.eu\/"},{"@type":"ListItem","position":2,"name":"Progetti","item":"https:\/\/restyling.exenia.eu\/progetti\/"},{"@type":"ListItem","position":3,"name":"Parador De Muxia"}]},{"@type":"WebSite","@id":"https:\/\/restyling.exenia.eu\/#website","url":"https:\/\/restyling.exenia.eu\/","name":"Exenia","description":"","publisher":{"@id":"https:\/\/restyling.exenia.eu\/#organization"},"potentialAction":[{"@type":"SearchAction","target":{"@type":"EntryPoint","urlTemplate":"https:\/\/restyling.exenia.eu\/?s={search_term_string}"},"query-input":{"@type":"PropertyValueSpecification","valueRequired":true,"valueName":"search_term_string"}}],"inLanguage":"de"},{"@type":"Organization","@id":"https:\/\/restyling.exenia.eu\/#organization","name":"Exenia","url":"https:\/\/restyling.exenia.eu\/","logo":{"@type":"ImageObject","inLanguage":"de","@id":"https:\/\/restyling.exenia.eu\/#\/schema\/logo\/image\/","url":"https:\/\/restyling.exenia.eu\/wp-content\/uploads\/2022\/09\/logo_exenia-e1678467519405.png","contentUrl":"https:\/\/restyling.exenia.eu\/wp-content\/uploads\/2022\/09\/logo_exenia-e1678467519405.png","width":600,"height":194,"caption":"Exenia"},"image":{"@id":"https:\/\/restyling.exenia.eu\/#\/schema\/logo\/image\/"},"sameAs":["https:\/\/www.facebook.com\/exenialighting","https:\/\/x.com\/ExeniaLighting"]}]}},"_links":{"self":[{"href":"https:\/\/restyling.exenia.eu\/de\/wp-json\/wp\/v2\/progetti\/52243","targetHints":{"allow":["GET"]}}],"collection":[{"href":"https:\/\/restyling.exenia.eu\/de\/wp-json\/wp\/v2\/progetti"}],"about":[{"href":"https:\/\/restyling.exenia.eu\/de\/wp-json\/wp\/v2\/types\/progetti"}],"version-history":[{"count":0,"href":"https:\/\/restyling.exenia.eu\/de\/wp-json\/wp\/v2\/progetti\/52243\/revisions"}],"wp:featuredmedia":[{"embeddable":true,"href":"https:\/\/restyling.exenia.eu\/de\/wp-json\/wp\/v2\/media\/52245"}],"wp:attachment":[{"href":"https:\/\/restyling.exenia.eu\/de\/wp-json\/wp\/v2\/media?parent=52243"}],"wp:term":[{"taxonomy":"famiglia_progetto","embeddable":true,"href":"https:\/\/restyling.exenia.eu\/de\/wp-json\/wp\/v2\/famiglia_progetto?post=52243"},{"taxonomy":"applicazione_progetto","embeddable":true,"href":"https:\/\/restyling.exenia.eu\/de\/wp-json\/wp\/v2\/applicazione_progetto?post=52243"},{"taxonomy":"nazione_progetto","embeddable":true,"href":"https:\/\/restyling.exenia.eu\/de\/wp-json\/wp\/v2\/nazione_progetto?post=52243"},{"taxonomy":"market","embeddable":true,"href":"https:\/\/restyling.exenia.eu\/de\/wp-json\/wp\/v2\/market?post=52243"}],"curies":[{"name":"wp","href":"https:\/\/api.w.org\/{rel}","templated":true}]}}