{"id":26726,"date":"2022-09-16T12:23:28","date_gmt":"2022-09-16T10:23:28","guid":{"rendered":"https:\/\/www.exenia.eu\/sustainability\/"},"modified":"2023-02-10T17:19:12","modified_gmt":"2023-02-10T16:19:12","slug":"sostenibilidad","status":"publish","type":"page","link":"https:\/\/restyling.exenia.eu\/es\/sostenibilidad\/","title":{"rendered":"Sostenibilidad"},"content":{"rendered":"\t\t<div data-elementor-type=\"wp-page\" data-elementor-id=\"26726\" class=\"elementor elementor-26726 elementor-511\" wpc-filter-elementor-widget=\"1\" data-elementor-post-type=\"page\">\n\t\t\t\t\t\t<section class=\"elementor-section elementor-top-section elementor-element elementor-element-9415229 elementor-section-full_width elementor-section-height-default elementor-section-height-default\" data-id=\"9415229\" data-element_type=\"section\" data-e-type=\"section\">\n\t\t\t\t\t\t<div class=\"elementor-container elementor-column-gap-default\">\n\t\t\t\t\t<div class=\"elementor-column elementor-col-100 elementor-top-column elementor-element elementor-element-4eed8f0\" data-id=\"4eed8f0\" data-element_type=\"column\" data-e-type=\"column\">\n\t\t\t<div class=\"elementor-widget-wrap elementor-element-populated\">\n\t\t\t\t\t\t<div class=\"elementor-element elementor-element-0dc2f1e elementor-widget elementor-widget-text-editor\" data-id=\"0dc2f1e\" data-element_type=\"widget\" data-e-type=\"widget\" data-widget_type=\"text-editor.default\">\n\t\t\t\t<div class=\"elementor-widget-container\">\n\t\t\t\t\t\t\t\t\t<p>En un momento en el que la cuesti\u00f3n del cambio clim\u00e1tico es cada vez m\u00e1s acuciante, <strong>Exenia<\/strong> basa su filosof\u00eda en un <strong>desarrollo sostenible<\/strong> en el que las plantas, los equipos, los lugares de trabajo y los m\u00e9todos operativos est\u00e1n dise\u00f1ados para salvaguardar la salud de los trabajadores y de la comunidad en la que opera la empresa. La f\u00e1brica de la empresa est\u00e1 situada en un parque verde de 800 metros cuadrados, donde la naturaleza es una fuente de inspiraci\u00f3n y una parte integral de la filosof\u00eda de dise\u00f1o.<br \/>Los entornos de trabajo est\u00e1n dise\u00f1ados para crear espacios compartidos, acogedores y relajados.<\/p>\t\t\t\t\t\t\t\t<\/div>\n\t\t\t\t<\/div>\n\t\t\t\t\t<\/div>\n\t\t<\/div>\n\t\t\t\t\t<\/div>\n\t\t<\/section>\n\t\t\t\t<section class=\"elementor-section elementor-top-section elementor-element elementor-element-8e95ce1 elementor-section-full_width elementor-section-height-default elementor-section-height-default\" data-id=\"8e95ce1\" data-element_type=\"section\" data-e-type=\"section\">\n\t\t\t\t\t\t<div class=\"elementor-container elementor-column-gap-default\">\n\t\t\t\t\t<div class=\"elementor-column elementor-col-50 elementor-top-column elementor-element elementor-element-8f93ae8\" data-id=\"8f93ae8\" data-element_type=\"column\" data-e-type=\"column\">\n\t\t\t<div class=\"elementor-widget-wrap elementor-element-populated\">\n\t\t\t\t\t\t<div class=\"elementor-element elementor-element-e0ebbbf dce_masking-none elementor-widget elementor-widget-image\" data-id=\"e0ebbbf\" data-element_type=\"widget\" data-e-type=\"widget\" data-widget_type=\"image.default\">\n\t\t\t\t<div class=\"elementor-widget-container\">\n\t\t\t\t\t\t\t\t\t\t\t\t\t\t\t\t<a href=\"https:\/\/restyling.exenia.eu\/es\/sostenibilidad\/empresa-sostenible\/\">\n\t\t\t\t\t\t\t<img decoding=\"async\" src=\"https:\/\/restyling.exenia.eu\/wp-content\/uploads\/elementor\/thumbs\/azienda-sostenibile-2-rmfiha35tn4whza3ucuaal2xd1ynm09se1fic94qw6.jpg\" title=\"azienda-sostenibile-2\" alt=\"azienda-sostenibile-2\" loading=\"lazy\" \/>\t\t\t\t\t\t\t\t<\/a>\n\t\t\t\t\t\t\t\t\t\t\t\t\t\t\t<\/div>\n\t\t\t\t<\/div>\n\t\t\t\t\t<\/div>\n\t\t<\/div>\n\t\t\t\t<div class=\"elementor-column elementor-col-50 elementor-top-column elementor-element elementor-element-3bc3ca9\" data-id=\"3bc3ca9\" data-element_type=\"column\" data-e-type=\"column\">\n\t\t\t<div class=\"elementor-widget-wrap elementor-element-populated\">\n\t\t\t\t\t\t<div class=\"elementor-element elementor-element-63c8ad6 dce_masking-none elementor-widget elementor-widget-image\" data-id=\"63c8ad6\" data-element_type=\"widget\" data-e-type=\"widget\" data-widget_type=\"image.default\">\n\t\t\t\t<div class=\"elementor-widget-container\">\n\t\t\t\t\t\t\t\t\t\t\t\t\t\t\t\t<a href=\"https:\/\/restyling.exenia.eu\/es\/sostenibilidad\/exenia-people\/\">\n\t\t\t\t\t\t\t<img decoding=\"async\" src=\"https:\/\/restyling.exenia.eu\/wp-content\/uploads\/elementor\/thumbs\/489_it_331b5_82177_exenia-people-copia-rmfiiy8tz1f950uq32ueq5wfdpq5amwlyb6l1ynjty.jpg\" title=\"489_it_331b5_82177_exenia-people-copia\" alt=\"https:\/\/restyling.exenia.eu\/sostenibilita\/exenia-people\/\" loading=\"lazy\" \/>\t\t\t\t\t\t\t\t<\/a>\n\t\t\t\t\t\t\t\t\t\t\t\t\t\t\t<\/div>\n\t\t\t\t<\/div>\n\t\t\t\t\t<\/div>\n\t\t<\/div>\n\t\t\t\t\t<\/div>\n\t\t<\/section>\n\t\t\t\t<section class=\"elementor-section elementor-top-section elementor-element elementor-element-8c6a0a6 elementor-section-full_width elementor-section-height-default elementor-section-height-default\" data-id=\"8c6a0a6\" data-element_type=\"section\" data-e-type=\"section\">\n\t\t\t\t\t\t<div class=\"elementor-container elementor-column-gap-default\">\n\t\t\t\t\t<div class=\"elementor-column elementor-col-50 elementor-top-column elementor-element elementor-element-c66fea6\" data-id=\"c66fea6\" data-element_type=\"column\" data-e-type=\"column\">\n\t\t\t<div class=\"elementor-widget-wrap elementor-element-populated\">\n\t\t\t\t\t\t<div class=\"elementor-element elementor-element-eeb89fc dce_masking-none elementor-widget elementor-widget-image\" data-id=\"eeb89fc\" data-element_type=\"widget\" data-e-type=\"widget\" data-widget_type=\"image.default\">\n\t\t\t\t<div class=\"elementor-widget-container\">\n\t\t\t\t\t\t\t\t\t\t\t\t\t\t\t\t<a href=\"https:\/\/restyling.exenia.eu\/es\/sostenibilidad\/economia-circular\/\">\n\t\t\t\t\t\t\t<img decoding=\"async\" src=\"https:\/\/restyling.exenia.eu\/wp-content\/uploads\/elementor\/thumbs\/economia-circolare-3-rmfih79n9511j5e7atmel3sjkwcjywyldnh1wf8xeu.jpg\" title=\"economia-circolare-3\" alt=\"economia-circolare-3\" loading=\"lazy\" \/>\t\t\t\t\t\t\t\t<\/a>\n\t\t\t\t\t\t\t\t\t\t\t\t\t\t\t<\/div>\n\t\t\t\t<\/div>\n\t\t\t\t\t<\/div>\n\t\t<\/div>\n\t\t\t\t<div class=\"elementor-column elementor-col-50 elementor-top-column elementor-element elementor-element-cb8169d\" data-id=\"cb8169d\" data-element_type=\"column\" data-e-type=\"column\">\n\t\t\t<div class=\"elementor-widget-wrap elementor-element-populated\">\n\t\t\t\t\t\t<div class=\"elementor-element elementor-element-b5f68d7 dce_masking-none elementor-widget elementor-widget-image\" data-id=\"b5f68d7\" data-element_type=\"widget\" data-e-type=\"widget\" data-widget_type=\"image.default\">\n\t\t\t\t<div class=\"elementor-widget-container\">\n\t\t\t\t\t\t\t\t\t\t\t\t\t\t\t\t<a href=\"https:\/\/restyling.exenia.eu\/es\/sostenibilidad\/lighting-wellness\/\">\n\t\t\t\t\t\t\t<img decoding=\"async\" src=\"https:\/\/restyling.exenia.eu\/wp-content\/uploads\/2023\/04\/Lighting-Wellness.jpg\" title=\"\" alt=\"\" loading=\"lazy\" \/>\t\t\t\t\t\t\t\t<\/a>\n\t\t\t\t\t\t\t\t\t\t\t\t\t\t\t<\/div>\n\t\t\t\t<\/div>\n\t\t\t\t\t<\/div>\n\t\t<\/div>\n\t\t\t\t\t<\/div>\n\t\t<\/section>\n\t\t\t\t<section class=\"elementor-section elementor-top-section elementor-element elementor-element-a58193d elementor-section-full_width elementor-section-height-default elementor-section-height-default\" data-id=\"a58193d\" data-element_type=\"section\" data-e-type=\"section\">\n\t\t\t\t\t\t<div class=\"elementor-container elementor-column-gap-default\">\n\t\t\t\t\t<div class=\"elementor-column elementor-col-100 elementor-top-column elementor-element elementor-element-a6ba9cb\" data-id=\"a6ba9cb\" data-element_type=\"column\" data-e-type=\"column\">\n\t\t\t<div class=\"elementor-widget-wrap elementor-element-populated\">\n\t\t\t\t\t\t<div class=\"elementor-element elementor-element-dce87f7 elementor-widget elementor-widget-text-editor\" data-id=\"dce87f7\" data-element_type=\"widget\" data-e-type=\"widget\" data-widget_type=\"text-editor.default\">\n\t\t\t\t<div class=\"elementor-widget-container\">\n\t\t\t\t\t\t\t\t\t<h2>Objetivos de Desarrollo Sostenible de las Naciones Unidas<\/h2>\t\t\t\t\t\t\t\t<\/div>\n\t\t\t\t<\/div>\n\t\t\t\t\t<\/div>\n\t\t<\/div>\n\t\t\t\t\t<\/div>\n\t\t<\/section>\n\t\t\t\t<section class=\"elementor-section elementor-top-section elementor-element elementor-element-08ebaef elementor-section-full_width elementor-section-height-default elementor-section-height-default\" data-id=\"08ebaef\" data-element_type=\"section\" data-e-type=\"section\">\n\t\t\t\t\t\t<div class=\"elementor-container elementor-column-gap-default\">\n\t\t\t\t\t<div class=\"elementor-column elementor-col-50 elementor-top-column elementor-element elementor-element-393da83\" data-id=\"393da83\" data-element_type=\"column\" data-e-type=\"column\">\n\t\t\t<div class=\"elementor-widget-wrap elementor-element-populated\">\n\t\t\t\t\t\t<div class=\"elementor-element elementor-element-8bf1de9 elementor-widget elementor-widget-text-editor\" data-id=\"8bf1de9\" data-element_type=\"widget\" data-e-type=\"widget\" data-widget_type=\"text-editor.default\">\n\t\t\t\t<div class=\"elementor-widget-container\">\n\t\t\t\t\t\t\t\t\t<p>La Agenda 2030 para el Desarrollo Sostenible es un programa de acci\u00f3n para las personas, el planeta y la prosperidad. <strong>Exenia<\/strong> se compromete a respetar y seguir el camino hacia la consecuci\u00f3n de los objetivos de desarrollo sostenible. Fue firmado en septiembre de 2015 por los gobiernos de los 193 pa\u00edses miembros de la ONU. Incorpora 17 Objetivos de Desarrollo Sostenible -Objetivos de Desarrollo Sostenible, ODS- en un gran programa de acci\u00f3n con un total de 169 \u00abmetas\u00bb u objetivos. El lanzamiento oficial de los Objetivos de Desarrollo Sostenible coincidi\u00f3 con el inicio de 2016, guiando al mundo en el camino a seguir durante los pr\u00f3ximos 15 a\u00f1os: los pa\u00edses se han comprometido a alcanzarlos para 2030.<\/p>\t\t\t\t\t\t\t\t<\/div>\n\t\t\t\t<\/div>\n\t\t\t\t\t<\/div>\n\t\t<\/div>\n\t\t\t\t<div class=\"elementor-column elementor-col-50 elementor-top-column elementor-element elementor-element-d16d0b1\" data-id=\"d16d0b1\" data-element_type=\"column\" data-e-type=\"column\">\n\t\t\t<div class=\"elementor-widget-wrap elementor-element-populated\">\n\t\t\t\t\t\t<div class=\"elementor-element elementor-element-c45da18 elementor-widget elementor-widget-text-editor\" data-id=\"c45da18\" data-element_type=\"widget\" data-e-type=\"widget\" data-widget_type=\"text-editor.default\">\n\t\t\t\t<div class=\"elementor-widget-container\">\n\t\t\t\t\t\t\t\t\t<p>Los Objetivos de Desarrollo son la continuaci\u00f3n de los logros de los Objetivos de Desarrollo del Milenio que los precedieron, y representan metas comunes en un conjunto de importantes cuestiones de desarrollo: la lucha contra la pobreza, la erradicaci\u00f3n del hambre y la lucha contra el cambio clim\u00e1tico, por nombrar s\u00f3lo algunas. Objetivos comunes\u00bb significa que conciernen a todos los pa\u00edses y a todos los individuos: nadie est\u00e1 excluido, ni debe quedar atr\u00e1s en el camino necesario para poner al mundo en la senda de la sostenibilidad.<\/p>\t\t\t\t\t\t\t\t<\/div>\n\t\t\t\t<\/div>\n\t\t\t\t\t<\/div>\n\t\t<\/div>\n\t\t\t\t\t<\/div>\n\t\t<\/section>\n\t\t\t\t<section class=\"elementor-section elementor-top-section elementor-element elementor-element-6c6b0ef elementor-section-full_width elementor-section-height-default elementor-section-height-default\" data-id=\"6c6b0ef\" data-element_type=\"section\" data-e-type=\"section\">\n\t\t\t\t\t\t<div class=\"elementor-container elementor-column-gap-default\">\n\t\t\t\t\t<div class=\"elementor-column elementor-col-100 elementor-top-column elementor-element elementor-element-d08839b\" data-id=\"d08839b\" data-element_type=\"column\" data-e-type=\"column\">\n\t\t\t<div class=\"elementor-widget-wrap elementor-element-populated\">\n\t\t\t\t\t\t<div class=\"elementor-element elementor-element-fb23a2c dce_masking-none elementor-widget elementor-widget-image\" data-id=\"fb23a2c\" data-element_type=\"widget\" data-e-type=\"widget\" data-widget_type=\"image.default\">\n\t\t\t\t<div class=\"elementor-widget-container\">\n\t\t\t\t\t\t\t\t\t\t\t\t\t\t\t\t<a href=\"https:\/\/restyling.exenia.eu\/wp-content\/uploads\/2022\/09\/495_it_af272_82186_eur-aktion-aktion-6-7374-67535-10-mediacockpit-2743662-67535.jpg\" data-elementor-open-lightbox=\"yes\" data-elementor-lightbox-title=\"495_it_af272_82186_eur-aktion-aktion-6-7374-67535-10-mediacockpit-2743662-67535\" data-e-action-hash=\"#elementor-action%3Aaction%3Dlightbox%26settings%3DeyJpZCI6NTQyLCJ1cmwiOiJodHRwczpcL1wvcmVzdHlsaW5nLmV4ZW5pYS5ldVwvd3AtY29udGVudFwvdXBsb2Fkc1wvMjAyMlwvMDlcLzQ5NV9pdF9hZjI3Ml84MjE4Nl9ldXItYWt0aW9uLWFrdGlvbi02LTczNzQtNjc1MzUtMTAtbWVkaWFjb2NrcGl0LTI3NDM2NjItNjc1MzUuanBnIn0%3D\">\n\t\t\t\t\t\t\t<img fetchpriority=\"high\" decoding=\"async\" width=\"768\" height=\"512\" src=\"https:\/\/restyling.exenia.eu\/wp-content\/uploads\/2022\/09\/495_it_af272_82186_eur-aktion-aktion-6-7374-67535-10-mediacockpit-2743662-67535-768x512.jpg\" class=\"attachment-medium_large size-medium_large wp-image-542\" alt=\"\" srcset=\"https:\/\/restyling.exenia.eu\/wp-content\/uploads\/2022\/09\/495_it_af272_82186_eur-aktion-aktion-6-7374-67535-10-mediacockpit-2743662-67535-768x512.jpg 768w, https:\/\/restyling.exenia.eu\/wp-content\/uploads\/2022\/09\/495_it_af272_82186_eur-aktion-aktion-6-7374-67535-10-mediacockpit-2743662-67535-300x200.jpg 300w, https:\/\/restyling.exenia.eu\/wp-content\/uploads\/2022\/09\/495_it_af272_82186_eur-aktion-aktion-6-7374-67535-10-mediacockpit-2743662-67535-1024x683.jpg 1024w, https:\/\/restyling.exenia.eu\/wp-content\/uploads\/2022\/09\/495_it_af272_82186_eur-aktion-aktion-6-7374-67535-10-mediacockpit-2743662-67535.jpg 1204w\" sizes=\"(max-width: 768px) 100vw, 768px\" \/>\t\t\t\t\t\t\t\t<\/a>\n\t\t\t\t\t\t\t\t\t\t\t\t\t\t\t<\/div>\n\t\t\t\t<\/div>\n\t\t\t\t\t<\/div>\n\t\t<\/div>\n\t\t\t\t\t<\/div>\n\t\t<\/section>\n\t\t\t\t<\/div>\n\t\t","protected":false},"excerpt":{"rendered":"<p>En un momento en el que la cuesti\u00f3n del cambio&#8230;<\/p>\n","protected":false},"author":1,"featured_media":510,"parent":0,"menu_order":0,"comment_status":"closed","ping_status":"closed","template":"","meta":{"_acf_changed":false,"footnotes":""},"class_list":["post-26726","page","type-page","status-publish","has-post-thumbnail","hentry"],"acf":[],"yoast_head":"<!-- This site is optimized with the Yoast SEO plugin v27.4 - https:\/\/yoast.com\/product\/yoast-seo-wordpress\/ -->\n<title>Sostenibilidad | Exenia<\/title>\n<meta name=\"robots\" content=\"noindex, follow, max-snippet:-1, max-image-preview:large, max-video-preview:-1\" \/>\n<meta property=\"og:locale\" content=\"es_ES\" \/>\n<meta property=\"og:type\" content=\"article\" \/>\n<meta property=\"og:title\" content=\"Sostenibilidad | Exenia\" \/>\n<meta property=\"og:description\" content=\"En un momento en el que la cuesti\u00f3n del cambio...\" \/>\n<meta property=\"og:url\" content=\"https:\/\/restyling.exenia.eu\/sostenibilita\/\" \/>\n<meta property=\"og:site_name\" content=\"Exenia\" \/>\n<meta property=\"article:publisher\" content=\"https:\/\/www.facebook.com\/exenialighting\" \/>\n<meta property=\"article:modified_time\" content=\"2023-02-10T16:19:12+00:00\" \/>\n<meta property=\"og:image\" content=\"https:\/\/restyling.exenia.eu\/wp-content\/uploads\/2023\/04\/Sustainability.jpg\" \/>\n\t<meta property=\"og:image:width\" content=\"800\" \/>\n\t<meta property=\"og:image:height\" content=\"533\" \/>\n\t<meta property=\"og:image:type\" content=\"image\/jpeg\" \/>\n<!-- \/ Yoast SEO plugin. -->","yoast_head_json":{"title":"Sostenibilidad | Exenia","robots":{"index":"noindex","follow":"follow","max-snippet":"max-snippet:-1","max-image-preview":"max-image-preview:large","max-video-preview":"max-video-preview:-1"},"og_locale":"es_ES","og_type":"article","og_title":"Sostenibilidad | Exenia","og_description":"En un momento en el que la cuesti\u00f3n del cambio...","og_url":"https:\/\/restyling.exenia.eu\/sostenibilita\/","og_site_name":"Exenia","article_publisher":"https:\/\/www.facebook.com\/exenialighting","article_modified_time":"2023-02-10T16:19:12+00:00","og_image":[{"url":"https:\/\/restyling.exenia.eu\/wp-content\/uploads\/2023\/04\/Sustainability.jpg","width":800,"height":533,"type":"image\/jpeg"}],"schema":{"@context":"https:\/\/schema.org","@graph":[{"@type":"WebPage","@id":"https:\/\/restyling.exenia.eu\/sostenibilita\/","url":"https:\/\/restyling.exenia.eu\/sostenibilita\/","name":"Sostenibilidad | Exenia","isPartOf":{"@id":"https:\/\/restyling.exenia.eu\/#website"},"primaryImageOfPage":{"@id":"https:\/\/restyling.exenia.eu\/sostenibilita\/#primaryimage"},"image":{"@id":"https:\/\/restyling.exenia.eu\/sostenibilita\/#primaryimage"},"thumbnailUrl":"https:\/\/restyling.exenia.eu\/wp-content\/uploads\/2023\/04\/Sustainability.jpg","datePublished":"2022-09-16T10:23:28+00:00","dateModified":"2023-02-10T16:19:12+00:00","breadcrumb":{"@id":"https:\/\/restyling.exenia.eu\/sostenibilita\/#breadcrumb"},"inLanguage":"es","potentialAction":[{"@type":"ReadAction","target":["https:\/\/restyling.exenia.eu\/sostenibilita\/"]}]},{"@type":"ImageObject","inLanguage":"es","@id":"https:\/\/restyling.exenia.eu\/sostenibilita\/#primaryimage","url":"https:\/\/restyling.exenia.eu\/wp-content\/uploads\/2023\/04\/Sustainability.jpg","contentUrl":"https:\/\/restyling.exenia.eu\/wp-content\/uploads\/2023\/04\/Sustainability.jpg","width":2560,"height":1707,"caption":"In un'epoca in cui il tema dei cambiamenti climatici diventa sempre pi\u00f9 pressante, Exenia fonda la sua filosofia sullo sviluppo sostenibile in cui impianti, attrezzature, luoghi di lavoro e metodi operativi sono realizzati in modo da salvaguardare la salute dei lavoratori e la comunit\u00e0 in cui l'azienda opera. Lo stabilimento aziendale \u00e8 immerso in un parco verde di 800 mq in cui la natura \u00e8 fonte di ispirazione e parte integrante della filosofia progettuale. Gli ambienti di lavoro sono studiati per creare spazi condivisi, accoglienti e rilassati."},{"@type":"BreadcrumbList","@id":"https:\/\/restyling.exenia.eu\/sostenibilita\/#breadcrumb","itemListElement":[{"@type":"ListItem","position":1,"name":"Home","item":"https:\/\/restyling.exenia.eu\/"},{"@type":"ListItem","position":2,"name":"Sostenibilidad"}]},{"@type":"WebSite","@id":"https:\/\/restyling.exenia.eu\/#website","url":"https:\/\/restyling.exenia.eu\/","name":"Exenia","description":"","publisher":{"@id":"https:\/\/restyling.exenia.eu\/#organization"},"potentialAction":[{"@type":"SearchAction","target":{"@type":"EntryPoint","urlTemplate":"https:\/\/restyling.exenia.eu\/?s={search_term_string}"},"query-input":{"@type":"PropertyValueSpecification","valueRequired":true,"valueName":"search_term_string"}}],"inLanguage":"es"},{"@type":"Organization","@id":"https:\/\/restyling.exenia.eu\/#organization","name":"Exenia","url":"https:\/\/restyling.exenia.eu\/","logo":{"@type":"ImageObject","inLanguage":"es","@id":"https:\/\/restyling.exenia.eu\/#\/schema\/logo\/image\/","url":"https:\/\/restyling.exenia.eu\/wp-content\/uploads\/2022\/09\/logo_exenia-e1678467519405.png","contentUrl":"https:\/\/restyling.exenia.eu\/wp-content\/uploads\/2022\/09\/logo_exenia-e1678467519405.png","width":600,"height":194,"caption":"Exenia"},"image":{"@id":"https:\/\/restyling.exenia.eu\/#\/schema\/logo\/image\/"},"sameAs":["https:\/\/www.facebook.com\/exenialighting","https:\/\/x.com\/ExeniaLighting"]}]}},"_links":{"self":[{"href":"https:\/\/restyling.exenia.eu\/es\/wp-json\/wp\/v2\/pages\/26726","targetHints":{"allow":["GET"]}}],"collection":[{"href":"https:\/\/restyling.exenia.eu\/es\/wp-json\/wp\/v2\/pages"}],"about":[{"href":"https:\/\/restyling.exenia.eu\/es\/wp-json\/wp\/v2\/types\/page"}],"author":[{"embeddable":true,"href":"https:\/\/restyling.exenia.eu\/es\/wp-json\/wp\/v2\/users\/1"}],"replies":[{"embeddable":true,"href":"https:\/\/restyling.exenia.eu\/es\/wp-json\/wp\/v2\/comments?post=26726"}],"version-history":[{"count":0,"href":"https:\/\/restyling.exenia.eu\/es\/wp-json\/wp\/v2\/pages\/26726\/revisions"}],"wp:featuredmedia":[{"embeddable":true,"href":"https:\/\/restyling.exenia.eu\/es\/wp-json\/wp\/v2\/media\/510"}],"wp:attachment":[{"href":"https:\/\/restyling.exenia.eu\/es\/wp-json\/wp\/v2\/media?parent=26726"}],"curies":[{"name":"wp","href":"https:\/\/api.w.org\/{rel}","templated":true}]}}