{"id":27170,"date":"2023-11-21T09:56:51","date_gmt":"2023-11-21T08:56:51","guid":{"rendered":"https:\/\/www.exenia.eu\/prodotto\/spot-230-revo-compact-2\/"},"modified":"2024-07-26T11:27:36","modified_gmt":"2024-07-26T09:27:36","slug":"spot-230-revo-compact","status":"publish","type":"product","link":"https:\/\/restyling.exenia.eu\/es\/producto\/spot-230-revo-compact\/","title":{"rendered":"Spot 230 Revo Compact"},"content":{"rendered":"<p>Los focos Revo 230V est\u00e1n disponibles en cuatro tama\u00f1os, 8 variantes \u00f3pticas rotosim\u00e9tricas por modelo, 3 variantes asim\u00e9tricas adicionales para los modelos Medium, Compact, Max, adem\u00e1s de un moldeador en Medium.<br \/>\nDedicados al dise\u00f1o avanzado de la iluminaci\u00f3n, los nuevos sistemas \u00f3pticos Revo-Dark est\u00e1n especialmente indicados para entornos de gran confort visual. Equipadas con \u00f3pticas \u00bbcruzadas\u00bb y asim\u00e9tricas rotosim\u00e9tricas de alta eficacia, son especialmente adecuadas para aplicaciones en museos y proyectos con requisitos de iluminaci\u00f3n complejos.<br \/>\nLa serie Spot Revo cuenta con una elevada relaci\u00f3n rendimiento\/tama\u00f1o, una amplia gama de accesorios y una gran variedad de acabados, pero sobre todo destaca por su precisi\u00f3n, limpieza y uniformidad de proyecci\u00f3n.<\/p>\n<p>La versi\u00f3n Compact ofrece 6 aperturas de 6\u00b0 a 50\u00b0 \u00b0, tres ba\u00f1adores de pared asim\u00e9tricos: Grazing, Area, Deep, dos versiones el\u00edpticas .<br \/>\nLos numerosos accesorios est\u00e1n dise\u00f1ados con un sistema de fijaci\u00f3n superpuesto, que permite una configuraci\u00f3n \u00f3ptica diferenciada y espec\u00edfica. El alto rendimiento crom\u00e1tico, el UGR&lt;10 y el cumplimiento de los par\u00e1metros de iluminaci\u00f3n DARK se complementan con la calidad de los 2 SDCM de la fuente y la particular limpieza de la proyecci\u00f3n del haz.<br \/>\nLa total compatibilidad con los sistemas de control m\u00e1s comunes hace de Spot Revo Compact la herramienta perfecta en contextos en los que el valor de la fuente viene determinado por un rendimiento de muy alta calidad y una m\u00ednima intrusi\u00f3n f\u00edsica y visual.<br \/>\nEste modelo tambi\u00e9n puede configurarse en una versi\u00f3n conformadora con lentes m\u00f3viles, para obtener proyecciones cuadrangulares enfocadas con un instrumento ligero y peque\u00f1o.<\/p>\n","protected":false},"excerpt":{"rendered":"<p>Los focos Revo 230V est\u00e1n disponibles en cuatro tama\u00f1os, 8&#8230;<\/p>\n","protected":false},"featured_media":23729,"template":"","meta":{"_acf_changed":false},"product_brand":[],"product_cat":[3052],"product_tag":[7481],"categoria-admin-prodotto":[],"class_list":{"0":"post-27170","1":"product","2":"type-product","3":"status-publish","4":"has-post-thumbnail","6":"product_cat-spot-revo-luminarias-para-pistas","7":"product_tag-387e0-es","8":"pa_cct-2700k-es","9":"pa_cct-3000k-es","10":"pa_cct-3500k-es","11":"pa_cct-4000k-es","12":"pa_certificazione-conformita-ce-es","13":"pa_classe-f-si-es-2","14":"pa_cri-92-es","15":"pa_cri-98-es","16":"pa_grado-ip-ip40-es","17":"pa_temperatura-di-esercizio-10-35-es","19":"first","20":"instock","21":"purchasable","22":"product-type-composite"},"composite_virtual":false,"composite_layout":"single","composite_add_to_cart_form_location":"default","composite_editable_in_cart":false,"composite_sold_individually_context":"product","composite_shop_price_calc":"defaults","composite_components":[{"id":"1674741490","title":"Cuerpo de la luminaria","description":"","query_type":"product_ids","query_ids":[21667],"default_option_id":21667,"thumbnail_id":"","thumbnail_src":"","quantity_min":1,"quantity_max":1,"priced_individually":false,"shipped_individually":false,"optional":false,"discount":"","options_style":"radios","pagination_style":"classic","display_prices":"absolute","show_sorting_options":false,"show_filtering_options":false,"attribute_filter_ids":[],"product_title_visible":false,"product_descr_visible":false,"product_price_visible":false,"product_thumb_visible":false,"subtotal_visible_product":false,"subtotal_visible_cart":false,"subtotal_visible_orders":false},{"id":"1674741491","title":"Versi\u00f3n","description":"","query_type":"product_ids","query_ids":[22275],"default_option_id":22275,"thumbnail_id":"","thumbnail_src":"","quantity_min":1,"quantity_max":1,"priced_individually":false,"shipped_individually":false,"optional":false,"discount":"","options_style":"radios","pagination_style":"classic","display_prices":"absolute","show_sorting_options":false,"show_filtering_options":false,"attribute_filter_ids":[],"product_title_visible":false,"product_descr_visible":false,"product_price_visible":false,"product_thumb_visible":false,"subtotal_visible_product":false,"subtotal_visible_cart":false,"subtotal_visible_orders":false},{"id":"1674741492","title":"Controlar","description":"","query_type":"product_ids","query_ids":[21534,21563,21578,75393,21561],"default_option_id":"","thumbnail_id":"","thumbnail_src":"","quantity_min":1,"quantity_max":1,"priced_individually":false,"shipped_individually":false,"optional":true,"discount":"","options_style":"radios","pagination_style":"classic","display_prices":"absolute","show_sorting_options":false,"show_filtering_options":false,"attribute_filter_ids":[],"product_title_visible":false,"product_descr_visible":true,"product_price_visible":false,"product_thumb_visible":false,"subtotal_visible_product":false,"subtotal_visible_cart":false,"subtotal_visible_orders":false},{"id":"1674741493","title":"Acabado del cuerpo","description":"","query_type":"product_ids","query_ids":[21864,21839,21797,21843,21852,21849],"default_option_id":"","thumbnail_id":"","thumbnail_src":"","quantity_min":1,"quantity_max":1,"priced_individually":false,"shipped_individually":false,"optional":true,"discount":"","options_style":"radios","pagination_style":"classic","display_prices":"absolute","show_sorting_options":false,"show_filtering_options":false,"attribute_filter_ids":[],"product_title_visible":false,"product_descr_visible":false,"product_price_visible":false,"product_thumb_visible":false,"subtotal_visible_product":false,"subtotal_visible_cart":false,"subtotal_visible_orders":false},{"id":"1674741494","title":"Acabado del adaptador","description":"","query_type":"product_ids","query_ids":[21793,21794],"default_option_id":"","thumbnail_id":"","thumbnail_src":"","quantity_min":1,"quantity_max":1,"priced_individually":false,"shipped_individually":false,"optional":true,"discount":"","options_style":"radios","pagination_style":"classic","display_prices":"absolute","show_sorting_options":false,"show_filtering_options":false,"attribute_filter_ids":[],"product_title_visible":false,"product_descr_visible":false,"product_price_visible":false,"product_thumb_visible":false,"subtotal_visible_product":false,"subtotal_visible_cart":false,"subtotal_visible_orders":false},{"id":"1674741495","title":"CRI-CCT","description":"","query_type":"product_ids","query_ids":[21717,21718,21720,21719,21727,21728,21730,21729],"default_option_id":"","thumbnail_id":"","thumbnail_src":"","quantity_min":1,"quantity_max":1,"priced_individually":false,"shipped_individually":false,"optional":true,"discount":"","options_style":"radios","pagination_style":"classic","display_prices":"absolute","show_sorting_options":false,"show_filtering_options":false,"attribute_filter_ids":[],"product_title_visible":false,"product_descr_visible":false,"product_price_visible":false,"product_thumb_visible":false,"subtotal_visible_product":false,"subtotal_visible_cart":false,"subtotal_visible_orders":false},{"id":"1674741496","title":"\u00d3ptica","description":"","query_type":"product_ids","query_ids":[22012,21991,21881,21999,21979,21948,22025,21888,21961,21939,21943],"default_option_id":"","thumbnail_id":"","thumbnail_src":"","quantity_min":1,"quantity_max":1,"priced_individually":false,"shipped_individually":false,"optional":true,"discount":"","options_style":"radios","pagination_style":"classic","display_prices":"absolute","show_sorting_options":false,"show_filtering_options":false,"attribute_filter_ids":[],"product_title_visible":false,"product_descr_visible":false,"product_price_visible":false,"product_thumb_visible":false,"subtotal_visible_product":false,"subtotal_visible_cart":false,"subtotal_visible_orders":false},{"id":"1674741497","title":"Accesorios","description":"","query_type":"product_ids","query_ids":[29246],"default_option_id":29246,"thumbnail_id":"","thumbnail_src":"","quantity_min":1,"quantity_max":1,"priced_individually":false,"shipped_individually":false,"optional":false,"discount":"","options_style":"radios","pagination_style":"classic","display_prices":"absolute","show_sorting_options":false,"show_filtering_options":false,"attribute_filter_ids":[],"product_title_visible":false,"product_descr_visible":true,"product_price_visible":false,"product_thumb_visible":true,"subtotal_visible_product":false,"subtotal_visible_cart":false,"subtotal_visible_orders":false},{"id":"1676654331","title":"Accesorios independientes","description":"","query_type":"product_ids","query_ids":[40654],"default_option_id":40654,"thumbnail_id":"","thumbnail_src":"","quantity_min":1,"quantity_max":1,"priced_individually":false,"shipped_individually":false,"optional":false,"discount":"","options_style":"radios","pagination_style":"classic","display_prices":"absolute","show_sorting_options":false,"show_filtering_options":false,"attribute_filter_ids":[],"product_title_visible":false,"product_descr_visible":true,"product_price_visible":false,"product_thumb_visible":false,"subtotal_visible_product":false,"subtotal_visible_cart":false,"subtotal_visible_orders":false},{"id":"1689330898","title":"Vida Util","description":"","query_type":"product_ids","query_ids":[50126,50131],"default_option_id":"","thumbnail_id":"","thumbnail_src":"","quantity_min":1,"quantity_max":1,"priced_individually":false,"shipped_individually":false,"optional":true,"discount":"","options_style":"radios","pagination_style":"classic","display_prices":"absolute","show_sorting_options":false,"show_filtering_options":false,"attribute_filter_ids":[],"product_title_visible":false,"product_descr_visible":false,"product_price_visible":false,"product_thumb_visible":false,"subtotal_visible_product":false,"subtotal_visible_cart":false,"subtotal_visible_orders":false}],"composite_scenarios":[{"id":"1674741895","name":"cri98","description":"","configuration":[{"component_id":"1674741495","options_modifier":"in","component_options":[21727,21728,21730,21729]}],"actions":[{"action_id":"compat_group","is_active":false},{"action_id":"conditional_components","is_active":false,"hidden_components":[]},{"action_id":"conditional_options","is_active":true,"hidden_options":[{"component_id":"1674741496","component_options":[22012],"options_modifier":"in"}]}],"enabled":true},{"id":"1674741896","name":"very narrow","description":"","configuration":[{"component_id":"1674741496","options_modifier":"in","component_options":[22012]}],"actions":[{"action_id":"compat_group","is_active":false},{"action_id":"conditional_components","is_active":false,"hidden_components":[]},{"action_id":"conditional_options","is_active":true,"hidden_options":[{"component_id":"1674741495","component_options":[21727,21728,21730,21729],"options_modifier":"in"}]}],"enabled":true},{"id":"1674741897","name":"narrow spot \/ wide flood","description":"","configuration":[{"component_id":"1674741496","options_modifier":"in","component_options":[21991,22025]}],"actions":[{"action_id":"compat_group","is_active":false},{"action_id":"conditional_components","is_active":false,"hidden_components":[]},{"action_id":"conditional_options","is_active":true,"hidden_options":[{"component_id":"1674741497","component_options":[29468,29473,29480,29481,29484,29485],"options_modifier":"in"}]}],"enabled":true},{"id":"1674741898","name":"ellittiche","description":"","configuration":[{"component_id":"1674741496","options_modifier":"in","component_options":[21881,21888]}],"actions":[{"action_id":"compat_group","is_active":false},{"action_id":"conditional_components","is_active":false,"hidden_components":[]},{"action_id":"conditional_options","is_active":true,"hidden_options":[{"component_id":"1674741497","component_options":[-1,29464],"options_modifier":"not-in"}]}],"enabled":true},{"id":"1674741899","name":"ww","description":"","configuration":[{"component_id":"1674741496","options_modifier":"in","component_options":[21961,21939,21943]}],"actions":[{"action_id":"compat_group","is_active":false},{"action_id":"conditional_components","is_active":true,"hidden_components":["1676654331"]},{"action_id":"conditional_options","is_active":true,"hidden_options":[{"component_id":"1674741497","component_options":[-1,29464],"options_modifier":"not-in"}]}],"enabled":true},{"id":"1674741900","name":"honeycomb \/ diffondente \/ snoot","description":"","configuration":[{"component_id":"1674741497","options_modifier":"in","component_options":[29465,29467,29469,29471,29472,29473,29474,29475,29476,29478,29479,29480,29482,29483,29484,29485,29486,29487]}],"actions":[{"action_id":"compat_group","is_active":false},{"action_id":"conditional_components","is_active":false,"hidden_components":[]},{"action_id":"conditional_options","is_active":true,"hidden_options":[{"component_id":"1674741496","component_options":[21881,21888,21961,21939,21943],"options_modifier":"in"}]}],"enabled":true},{"id":"1674741901","name":"vetro protezione \/ visor","description":"","configuration":[{"component_id":"1674741497","options_modifier":"in","component_options":[29466,29470,29471,29475,29476,29477,29479,29481,29483,29485,29486,29487]}],"actions":[{"action_id":"compat_group","is_active":false},{"action_id":"conditional_components","is_active":false,"hidden_components":[]},{"action_id":"conditional_options","is_active":true,"hidden_options":[{"component_id":"1674741496","component_options":[21961,21939,21943],"options_modifier":"in"}]}],"enabled":true},{"id":"1674741902","name":"lente ellittica","description":"","configuration":[{"component_id":"1674741497","options_modifier":"in","component_options":[29468,29473,29480,29481,29484,29485]}],"actions":[{"action_id":"compat_group","is_active":false},{"action_id":"conditional_components","is_active":false,"hidden_components":[]},{"action_id":"conditional_options","is_active":true,"hidden_options":[{"component_id":"1674741496","component_options":[21991,21881,22025,21888,21961,21939,21943],"options_modifier":"in"}]}],"enabled":true},{"id":"1689330961","name":"LT 80","description":"","configuration":[{"component_id":"1674741496","options_modifier":"in","component_options":[21991,21881]}],"actions":[{"action_id":"compat_group","is_active":false},{"action_id":"conditional_components","is_active":false,"hidden_components":[]},{"action_id":"conditional_options","is_active":true,"hidden_options":[{"component_id":"1689330898","component_options":[-1,50126],"options_modifier":"not-in"}]}],"enabled":true},{"id":"1689330962","name":"LT 100","description":"","configuration":[{"component_id":"1674741496","options_modifier":"in","component_options":[22012,21999,21979,21948,22025,21888,21961,21939,21943]}],"actions":[{"action_id":"compat_group","is_active":false},{"action_id":"conditional_components","is_active":false,"hidden_components":[]},{"action_id":"conditional_options","is_active":true,"hidden_options":[{"component_id":"1689330898","component_options":[-1,50131],"options_modifier":"not-in"}]}],"enabled":true},{"id":"1699886537","name":"V-N-2 NO T.FASE","description":"","configuration":[{"component_id":"1674741496","options_modifier":"in","component_options":[22012,21991,21881]}],"actions":[{"action_id":"compat_group","is_active":false},{"action_id":"conditional_components","is_active":false,"hidden_components":[]},{"action_id":"conditional_options","is_active":true,"hidden_options":[{"component_id":"1674741492","component_options":[21578],"options_modifier":"in"}]}],"enabled":true},{"id":"1699886538","name":"T.FASE NO V-N-2","description":"","configuration":[{"component_id":"1674741492","options_modifier":"in","component_options":[21578]}],"actions":[{"action_id":"compat_group","is_active":false},{"action_id":"conditional_components","is_active":false,"hidden_components":[]},{"action_id":"conditional_options","is_active":true,"hidden_options":[{"component_id":"1674741496","component_options":[22012,21991,21881],"options_modifier":"in"}]}],"enabled":true}],"bundled_by":[],"bundle_stock_status":"instock","bundle_stock_quantity":null,"bundle_virtual":false,"bundle_layout":"","bundle_add_to_cart_form_location":"","bundle_editable_in_cart":false,"bundle_sold_individually_context":"","bundle_item_grouping":"","bundle_min_size":"","bundle_max_size":"","bundled_items":[],"bundle_sell_ids":[],"acf":[],"yoast_head":"<!-- This site is optimized with the Yoast SEO plugin v27.5 - https:\/\/yoast.com\/product\/yoast-seo-wordpress\/ -->\n<title>Spot 230 Revo Compact | Exenia<\/title>\n<meta name=\"robots\" content=\"noindex, follow, max-snippet:-1, max-image-preview:large, max-video-preview:-1\" \/>\n<meta property=\"og:locale\" content=\"es_ES\" \/>\n<meta property=\"og:type\" content=\"article\" \/>\n<meta property=\"og:title\" content=\"Spot 230 Revo Compact | Exenia\" \/>\n<meta property=\"og:description\" content=\"Los focos Revo 230V est\u00e1n disponibles en cuatro tama\u00f1os, 8...\" \/>\n<meta property=\"og:url\" content=\"https:\/\/restyling.exenia.eu\/es\/producto\/spot-230-revo-compact\/\" \/>\n<meta property=\"og:site_name\" content=\"Exenia\" \/>\n<meta property=\"article:publisher\" content=\"https:\/\/www.facebook.com\/exenialighting\" \/>\n<meta property=\"article:modified_time\" content=\"2024-07-26T09:27:36+00:00\" \/>\n<meta property=\"og:image\" content=\"https:\/\/restyling.exenia.eu\/wp-content\/uploads\/2023\/01\/Spot-230-revo-compact-prodotto.jpg\" \/>\n\t<meta property=\"og:image:width\" content=\"2000\" \/>\n\t<meta property=\"og:image:height\" content=\"1919\" \/>\n\t<meta property=\"og:image:type\" content=\"image\/jpeg\" \/>\n<!-- \/ Yoast SEO plugin. -->","yoast_head_json":{"title":"Spot 230 Revo Compact | Exenia","robots":{"index":"noindex","follow":"follow","max-snippet":"max-snippet:-1","max-image-preview":"max-image-preview:large","max-video-preview":"max-video-preview:-1"},"og_locale":"es_ES","og_type":"article","og_title":"Spot 230 Revo Compact | Exenia","og_description":"Los focos Revo 230V est\u00e1n disponibles en cuatro tama\u00f1os, 8...","og_url":"https:\/\/restyling.exenia.eu\/es\/producto\/spot-230-revo-compact\/","og_site_name":"Exenia","article_publisher":"https:\/\/www.facebook.com\/exenialighting","article_modified_time":"2024-07-26T09:27:36+00:00","og_image":[{"width":2000,"height":1919,"url":"https:\/\/restyling.exenia.eu\/wp-content\/uploads\/2023\/01\/Spot-230-revo-compact-prodotto.jpg","type":"image\/jpeg"}],"schema":{"@context":"https:\/\/schema.org","@graph":[{"@type":"WebPage","@id":"https:\/\/restyling.exenia.eu\/es\/producto\/spot-230-revo-compact\/","url":"https:\/\/restyling.exenia.eu\/es\/producto\/spot-230-revo-compact\/","name":"Spot 230 Revo Compact | Exenia","isPartOf":{"@id":"https:\/\/restyling.exenia.eu\/#website"},"primaryImageOfPage":{"@id":"https:\/\/restyling.exenia.eu\/es\/producto\/spot-230-revo-compact\/#primaryimage"},"image":{"@id":"https:\/\/restyling.exenia.eu\/es\/producto\/spot-230-revo-compact\/#primaryimage"},"thumbnailUrl":"https:\/\/restyling.exenia.eu\/wp-content\/uploads\/2023\/01\/Spot-230-revo-compact-prodotto.jpg","datePublished":"2023-11-21T08:56:51+00:00","dateModified":"2024-07-26T09:27:36+00:00","breadcrumb":{"@id":"https:\/\/restyling.exenia.eu\/es\/producto\/spot-230-revo-compact\/#breadcrumb"},"inLanguage":"es","potentialAction":[{"@type":"ReadAction","target":["https:\/\/restyling.exenia.eu\/es\/producto\/spot-230-revo-compact\/"]}]},{"@type":"ImageObject","inLanguage":"es","@id":"https:\/\/restyling.exenia.eu\/es\/producto\/spot-230-revo-compact\/#primaryimage","url":"https:\/\/restyling.exenia.eu\/wp-content\/uploads\/2023\/01\/Spot-230-revo-compact-prodotto.jpg","contentUrl":"https:\/\/restyling.exenia.eu\/wp-content\/uploads\/2023\/01\/Spot-230-revo-compact-prodotto.jpg","width":2000,"height":1919},{"@type":"BreadcrumbList","@id":"https:\/\/restyling.exenia.eu\/es\/producto\/spot-230-revo-compact\/#breadcrumb","itemListElement":[{"@type":"ListItem","position":1,"name":"Home","item":"https:\/\/restyling.exenia.eu\/"},{"@type":"ListItem","position":2,"name":"Productos","item":"https:\/\/restyling.exenia.eu\/prodotti\/"},{"@type":"ListItem","position":3,"name":"Indoor","item":"https:\/\/restyling.exenia.eu\/es\/c\/indoor\/"},{"@type":"ListItem","position":4,"name":"Luminarias para Sistemas\/Carriles","item":"https:\/\/restyling.exenia.eu\/es\/c\/indoor\/luminarias-para-sistemas-carriles\/"},{"@type":"ListItem","position":5,"name":"230 V","item":"https:\/\/restyling.exenia.eu\/es\/c\/indoor\/luminarias-para-sistemas-carriles\/230-v-es\/"},{"@type":"ListItem","position":6,"name":"Spot Revo","item":"https:\/\/restyling.exenia.eu\/es\/c\/indoor\/luminarias-para-sistemas-carriles\/230-v-es\/spot-revo-luminarias-para-pistas\/"},{"@type":"ListItem","position":7,"name":"Spot 230 Revo Compact"}]},{"@type":"WebSite","@id":"https:\/\/restyling.exenia.eu\/#website","url":"https:\/\/restyling.exenia.eu\/","name":"Exenia","description":"","publisher":{"@id":"https:\/\/restyling.exenia.eu\/#organization"},"potentialAction":[{"@type":"SearchAction","target":{"@type":"EntryPoint","urlTemplate":"https:\/\/restyling.exenia.eu\/?s={search_term_string}"},"query-input":{"@type":"PropertyValueSpecification","valueRequired":true,"valueName":"search_term_string"}}],"inLanguage":"es"},{"@type":"Organization","@id":"https:\/\/restyling.exenia.eu\/#organization","name":"Exenia","url":"https:\/\/restyling.exenia.eu\/","logo":{"@type":"ImageObject","inLanguage":"es","@id":"https:\/\/restyling.exenia.eu\/#\/schema\/logo\/image\/","url":"https:\/\/restyling.exenia.eu\/wp-content\/uploads\/2022\/09\/logo_exenia-e1678467519405.png","contentUrl":"https:\/\/restyling.exenia.eu\/wp-content\/uploads\/2022\/09\/logo_exenia-e1678467519405.png","width":600,"height":194,"caption":"Exenia"},"image":{"@id":"https:\/\/restyling.exenia.eu\/#\/schema\/logo\/image\/"},"sameAs":["https:\/\/www.facebook.com\/exenialighting","https:\/\/x.com\/ExeniaLighting"]}]}},"_links":{"self":[{"href":"https:\/\/restyling.exenia.eu\/es\/wp-json\/wp\/v2\/product\/27170","targetHints":{"allow":["GET"]}}],"collection":[{"href":"https:\/\/restyling.exenia.eu\/es\/wp-json\/wp\/v2\/product"}],"about":[{"href":"https:\/\/restyling.exenia.eu\/es\/wp-json\/wp\/v2\/types\/product"}],"wp:featuredmedia":[{"embeddable":true,"href":"https:\/\/restyling.exenia.eu\/es\/wp-json\/wp\/v2\/media\/23729"}],"wp:attachment":[{"href":"https:\/\/restyling.exenia.eu\/es\/wp-json\/wp\/v2\/media?parent=27170"}],"wp:term":[{"taxonomy":"product_brand","embeddable":true,"href":"https:\/\/restyling.exenia.eu\/es\/wp-json\/wp\/v2\/product_brand?post=27170"},{"taxonomy":"product_cat","embeddable":true,"href":"https:\/\/restyling.exenia.eu\/es\/wp-json\/wp\/v2\/product_cat?post=27170"},{"taxonomy":"product_tag","embeddable":true,"href":"https:\/\/restyling.exenia.eu\/es\/wp-json\/wp\/v2\/product_tag?post=27170"},{"taxonomy":"categoria-admin-prodotto","embeddable":true,"href":"https:\/\/restyling.exenia.eu\/es\/wp-json\/wp\/v2\/categoria-admin-prodotto?post=27170"}],"curies":[{"name":"wp","href":"https:\/\/api.w.org\/{rel}","templated":true}]}}