{"id":52710,"date":"2024-06-10T16:25:08","date_gmt":"2024-06-10T14:25:08","guid":{"rendered":"https:\/\/www.exenia.eu\/?post_type=product&#038;p=52710"},"modified":"2024-08-01T11:54:37","modified_gmt":"2024-08-01T09:54:37","slug":"spot-48-revo-mini-2","status":"publish","type":"product","link":"https:\/\/restyling.exenia.eu\/es\/producto\/spot-48-revo-mini-2\/","title":{"rendered":"Spot 48 Revo Mini"},"content":{"rendered":"<p>Los focos Revo 48V est\u00e1n disponibles en cuatro tama\u00f1os, 8 variantes \u00f3pticas rotosim\u00e9tricas por modelo, 3 asim\u00e9tricas adicionales para los modelos Medium y Compact, adem\u00e1s de un shaper en Medium.<br \/>\nDedicados a un dise\u00f1o de iluminaci\u00f3n avanzado, los nuevos sistemas \u00f3pticos Revo-Dark est\u00e1n especialmente indicados para entornos con un elevado confort visual. Equipados con \u00f3pticas \u00aben cruz\u00bb y asim\u00e9tricas de gran eficacia, son especialmente adecuados para aplicaciones muse\u00edsticas y proyectos con requisitos de iluminaci\u00f3n complejos.<br \/>\nLa serie Spot Revo presenta una pronunciada relaci\u00f3n rendimiento\/tama\u00f1o, una gran cantidad de accesorios y una amplia gama de acabados, pero sobre todo destaca por su precisi\u00f3n, limpieza y uniformidad de proyecci\u00f3n.<\/p>\n<p>La versi\u00f3n <strong>Mini<\/strong> ofrece 5 aperturas sim\u00e9tricas de 8\u00b0 a 35\u00b0, 1 versi\u00f3n el\u00edptica y numerosos accesorios.<br \/>\nLa alta reproducci\u00f3n crom\u00e1tica, el coeficiente UGR&lt;10 y el cumplimiento de los par\u00e1metros de iluminaci\u00f3n DARK se complementan con la calidad de los 2 SDCM de la fuente y la especial limpieza de la proyecci\u00f3n del haz.<br \/>\nLa total compatibilidad con los sistemas de control m\u00e1s difundidos hace de Spot Revo Mini la herramienta perfecta en contextos en los que el valor de la fuente viene determinado por una muy alta calidad de las prestaciones y una m\u00ednima intrusi\u00f3n f\u00edsica y visual.<\/p>\n","protected":false},"excerpt":{"rendered":"<p>Los focos Revo 48V est\u00e1n disponibles en cuatro tama\u00f1os, 8&#8230;<\/p>\n","protected":false},"featured_media":23929,"template":"","meta":{"_acf_changed":false},"product_brand":[],"product_cat":[6616,5374,6621,6626,6631,6636,6646],"product_tag":[6782,6786],"categoria-admin-prodotto":[],"class_list":{"0":"post-52710","1":"product","2":"type-product","3":"status-publish","4":"has-post-thumbnail","6":"product_cat-luminarias-track-48","7":"product_cat-spot-revo-48-v-es","8":"product_cat-luminarias-track-48-evo","9":"product_cat-luminarias-track-48-trimless","10":"product_cat-luminarias-track-48-tube","11":"product_cat-luminarias-track-48-twin","12":"product_cat-todas-las-luminarias-para-48","13":"product_tag-384t1-es","14":"product_tag-384t2-es","15":"pa_alimentazione-48v","16":"pa_cct-2700k-es","17":"pa_cct-3000k-es","18":"pa_cct-3500k-es","19":"pa_cct-4000k-es","20":"pa_certificazione-conformita-ce-es","21":"pa_classe-f-si-es-2","22":"pa_cri-92-es","23":"pa_cri-98-es","24":"pa_grado-ip-ip20-es","25":"pa_lifetime-l80b10-100-000-ore-es","26":"pa_temperatura-di-esercizio-10-35-es","28":"first","29":"instock","30":"purchasable","31":"product-type-composite"},"composite_virtual":false,"composite_layout":"single","composite_add_to_cart_form_location":"default","composite_editable_in_cart":false,"composite_sold_individually_context":"product","composite_shop_price_calc":"defaults","composite_components":[{"id":"1674732720","title":"Cuerpo de la luminaria","description":"","query_type":"product_ids","query_ids":[53329],"default_option_id":53329,"thumbnail_id":"","thumbnail_src":"","quantity_min":1,"quantity_max":1,"priced_individually":false,"shipped_individually":false,"optional":false,"discount":"","options_style":"radios","pagination_style":"classic","display_prices":"absolute","show_sorting_options":false,"show_filtering_options":false,"attribute_filter_ids":[],"product_title_visible":false,"product_descr_visible":false,"product_price_visible":false,"product_thumb_visible":false,"subtotal_visible_product":false,"subtotal_visible_cart":false,"subtotal_visible_orders":false},{"id":"1674732721","title":"Versi\u00f3n","description":"","query_type":"product_ids","query_ids":[52692,53453],"default_option_id":"","thumbnail_id":"","thumbnail_src":"","quantity_min":1,"quantity_max":1,"priced_individually":false,"shipped_individually":false,"optional":true,"discount":"","options_style":"radios","pagination_style":"classic","display_prices":"absolute","show_sorting_options":false,"show_filtering_options":false,"attribute_filter_ids":[],"product_title_visible":false,"product_descr_visible":false,"product_price_visible":false,"product_thumb_visible":false,"subtotal_visible_product":false,"subtotal_visible_cart":false,"subtotal_visible_orders":false},{"id":"1674732722","title":"Controlar","description":"","query_type":"product_ids","query_ids":[21534,53444,21582,21561],"default_option_id":"","thumbnail_id":"","thumbnail_src":"","quantity_min":1,"quantity_max":1,"priced_individually":false,"shipped_individually":false,"optional":true,"discount":"","options_style":"radios","pagination_style":"classic","display_prices":"absolute","show_sorting_options":false,"show_filtering_options":false,"attribute_filter_ids":[],"product_title_visible":false,"product_descr_visible":true,"product_price_visible":false,"product_thumb_visible":false,"subtotal_visible_product":false,"subtotal_visible_cart":false,"subtotal_visible_orders":false},{"id":"1674732723","title":"Acabado del cuerpo","description":"","query_type":"product_ids","query_ids":[21864,21839,21797,21843,21852,21851],"default_option_id":"","thumbnail_id":"","thumbnail_src":"","quantity_min":1,"quantity_max":1,"priced_individually":false,"shipped_individually":false,"optional":true,"discount":"","options_style":"radios","pagination_style":"classic","display_prices":"absolute","show_sorting_options":false,"show_filtering_options":false,"attribute_filter_ids":[],"product_title_visible":false,"product_descr_visible":false,"product_price_visible":false,"product_thumb_visible":false,"subtotal_visible_product":false,"subtotal_visible_cart":false,"subtotal_visible_orders":false},{"id":"1674732724","title":"Acabado del adaptador","description":"","query_type":"product_ids","query_ids":[21793,21794],"default_option_id":"","thumbnail_id":"","thumbnail_src":"","quantity_min":1,"quantity_max":1,"priced_individually":false,"shipped_individually":false,"optional":true,"discount":"","options_style":"radios","pagination_style":"classic","display_prices":"absolute","show_sorting_options":false,"show_filtering_options":false,"attribute_filter_ids":[],"product_title_visible":false,"product_descr_visible":false,"product_price_visible":false,"product_thumb_visible":false,"subtotal_visible_product":false,"subtotal_visible_cart":false,"subtotal_visible_orders":false},{"id":"1674732725","title":"CRI-CCT","description":"","query_type":"product_ids","query_ids":[21717,21718,21720,21719,21727,21728,21730,21729],"default_option_id":"","thumbnail_id":"","thumbnail_src":"","quantity_min":1,"quantity_max":1,"priced_individually":false,"shipped_individually":false,"optional":true,"discount":"","options_style":"radios","pagination_style":"classic","display_prices":"absolute","show_sorting_options":false,"show_filtering_options":false,"attribute_filter_ids":[],"product_title_visible":false,"product_descr_visible":false,"product_price_visible":false,"product_thumb_visible":false,"subtotal_visible_product":false,"subtotal_visible_cart":false,"subtotal_visible_orders":false},{"id":"1674732726","title":"\u00d3ptica","description":"","query_type":"product_ids","query_ids":[22015,21990,21882,22003,21981,21947],"default_option_id":"","thumbnail_id":"","thumbnail_src":"","quantity_min":1,"quantity_max":1,"priced_individually":false,"shipped_individually":false,"optional":true,"discount":"","options_style":"radios","pagination_style":"classic","display_prices":"absolute","show_sorting_options":false,"show_filtering_options":false,"attribute_filter_ids":[],"product_title_visible":false,"product_descr_visible":false,"product_price_visible":false,"product_thumb_visible":false,"subtotal_visible_product":false,"subtotal_visible_cart":false,"subtotal_visible_orders":false},{"id":"1674732727","title":"Accesorios","description":"","query_type":"product_ids","query_ids":[21503,21483,21507,21509,21478],"default_option_id":"","thumbnail_id":"","thumbnail_src":"","quantity_min":1,"quantity_max":1,"priced_individually":false,"shipped_individually":false,"optional":true,"discount":"","options_style":"radios","pagination_style":"classic","display_prices":"absolute","show_sorting_options":false,"show_filtering_options":false,"attribute_filter_ids":[],"product_title_visible":false,"product_descr_visible":false,"product_price_visible":false,"product_thumb_visible":false,"subtotal_visible_product":false,"subtotal_visible_cart":false,"subtotal_visible_orders":false},{"id":"1676887108","title":"Accesorios independientes","description":"","query_type":"product_ids","query_ids":[40646],"default_option_id":40646,"thumbnail_id":"","thumbnail_src":"","quantity_min":1,"quantity_max":1,"priced_individually":false,"shipped_individually":false,"optional":false,"discount":"","options_style":"radios","pagination_style":"classic","display_prices":"absolute","show_sorting_options":false,"show_filtering_options":false,"attribute_filter_ids":[],"product_title_visible":false,"product_descr_visible":true,"product_price_visible":false,"product_thumb_visible":false,"subtotal_visible_product":false,"subtotal_visible_cart":false,"subtotal_visible_orders":false},{"id":"1721990411","title":"M\u00f3dulo para la gesti\u00f3n PUSH de productos DALI","description":"","query_type":"product_ids","query_ids":[57770],"default_option_id":57770,"thumbnail_id":"","thumbnail_src":"","quantity_min":1,"quantity_max":1,"priced_individually":false,"shipped_individually":false,"optional":false,"discount":"","options_style":"radios","pagination_style":"classic","display_prices":"absolute","show_sorting_options":false,"show_filtering_options":false,"attribute_filter_ids":[],"product_title_visible":false,"product_descr_visible":false,"product_price_visible":false,"product_thumb_visible":false,"subtotal_visible_product":false,"subtotal_visible_cart":false,"subtotal_visible_orders":false}],"composite_scenarios":[{"id":"1674732957","name":"cri98","description":"","configuration":[{"component_id":"1674732725","options_modifier":"in","component_options":[21727,21728,21730,21729]}],"actions":[{"action_id":"compat_group","is_active":false},{"action_id":"conditional_components","is_active":false,"hidden_components":[]},{"action_id":"conditional_options","is_active":true,"hidden_options":[{"component_id":"1674732726","component_options":[22015,21990,21882],"options_modifier":"in"}]}],"enabled":true},{"id":"1674732958","name":"narrow spot","description":"","configuration":[{"component_id":"1674732726","options_modifier":"in","component_options":[21990]}],"actions":[{"action_id":"compat_group","is_active":false},{"action_id":"conditional_components","is_active":false,"hidden_components":[]},{"action_id":"conditional_options","is_active":true,"hidden_options":[{"component_id":"1674732727","component_options":[21478],"options_modifier":"in"}]}],"enabled":true},{"id":"1674732959","name":"ellittiche","description":"","configuration":[{"component_id":"1674732726","options_modifier":"in","component_options":[21882]}],"actions":[{"action_id":"compat_group","is_active":false},{"action_id":"conditional_components","is_active":false,"hidden_components":[]},{"action_id":"conditional_options","is_active":true,"hidden_options":[{"component_id":"1674732727","component_options":[-1,21503],"options_modifier":"not-in"}]}],"enabled":true},{"id":"1674732960","name":"VN\/narrow spot \/ell.nar spot cri98","description":"","configuration":[{"component_id":"1674732726","options_modifier":"in","component_options":[22015,21990,21882]}],"actions":[{"action_id":"compat_group","is_active":false},{"action_id":"conditional_components","is_active":false,"hidden_components":[]},{"action_id":"conditional_options","is_active":true,"hidden_options":[{"component_id":"1674732725","component_options":[21727,21728,21730,21729],"options_modifier":"in"}]}],"enabled":true},{"id":"1674732961","name":"honeycomb \/ snoot \/ visor","description":"","configuration":[{"component_id":"1674732727","options_modifier":"in","component_options":[21483,21507,21509]}],"actions":[{"action_id":"compat_group","is_active":false},{"action_id":"conditional_components","is_active":false,"hidden_components":[]},{"action_id":"conditional_options","is_active":true,"hidden_options":[{"component_id":"1674732726","component_options":[21882],"options_modifier":"in"}]}],"enabled":true},{"id":"1674732962","name":"lente ellittica","description":"","configuration":[{"component_id":"1674732727","options_modifier":"in","component_options":[21478]}],"actions":[{"action_id":"compat_group","is_active":false},{"action_id":"conditional_components","is_active":false,"hidden_components":[]},{"action_id":"conditional_options","is_active":true,"hidden_options":[{"component_id":"1674732726","component_options":[21990,21882],"options_modifier":"in"}]}],"enabled":true},{"id":"1721990445","name":"no controllo push","description":"","configuration":[{"component_id":"1674732722","options_modifier":"in","component_options":[21534,21582,21561]}],"actions":[{"action_id":"compat_group","is_active":false},{"action_id":"conditional_components","is_active":true,"hidden_components":["1721990411"]},{"action_id":"conditional_options","is_active":false,"hidden_options":[]}],"enabled":true},{"id":"1725979850","name":"2x no potenz.","description":"","configuration":[{"component_id":"1674732721","options_modifier":"in","component_options":[53453]}],"actions":[{"action_id":"compat_group","is_active":false},{"action_id":"conditional_components","is_active":false,"hidden_components":[]},{"action_id":"conditional_options","is_active":true,"hidden_options":[{"component_id":"1674732722","component_options":[21582],"options_modifier":"in"}]}],"enabled":true},{"id":"1725979851","name":"potenz. no 2x","description":"","configuration":[{"component_id":"1674732722","options_modifier":"in","component_options":[21582]}],"actions":[{"action_id":"compat_group","is_active":false},{"action_id":"conditional_components","is_active":false,"hidden_components":[]},{"action_id":"conditional_options","is_active":true,"hidden_options":[{"component_id":"1674732721","component_options":[53453],"options_modifier":"in"}]}],"enabled":true}],"bundled_by":[],"bundle_stock_status":"instock","bundle_stock_quantity":null,"bundle_virtual":false,"bundle_layout":"","bundle_add_to_cart_form_location":"","bundle_editable_in_cart":false,"bundle_sold_individually_context":"","bundle_item_grouping":"","bundle_min_size":"","bundle_max_size":"","bundled_items":[],"bundle_sell_ids":[],"acf":[],"yoast_head":"<!-- This site is optimized with the Yoast SEO plugin v27.5 - https:\/\/yoast.com\/product\/yoast-seo-wordpress\/ -->\n<title>Spot 48 Revo Mini | Exenia<\/title>\n<meta name=\"robots\" content=\"noindex, follow, max-snippet:-1, max-image-preview:large, max-video-preview:-1\" \/>\n<meta property=\"og:locale\" content=\"es_ES\" \/>\n<meta property=\"og:type\" content=\"article\" \/>\n<meta property=\"og:title\" content=\"Spot 48 Revo Mini | Exenia\" \/>\n<meta property=\"og:description\" content=\"Los focos Revo 48V est\u00e1n disponibles en cuatro tama\u00f1os, 8...\" \/>\n<meta property=\"og:url\" content=\"https:\/\/restyling.exenia.eu\/es\/producto\/spot-48-revo-mini-2\/\" \/>\n<meta property=\"og:site_name\" content=\"Exenia\" \/>\n<meta property=\"article:publisher\" content=\"https:\/\/www.facebook.com\/exenialighting\" \/>\n<meta property=\"article:modified_time\" content=\"2024-08-01T09:54:37+00:00\" \/>\n<meta property=\"og:image\" content=\"https:\/\/restyling.exenia.eu\/wp-content\/uploads\/2023\/01\/Spot-48-revo-mini-prodotto.jpg\" \/>\n\t<meta property=\"og:image:width\" content=\"2000\" \/>\n\t<meta property=\"og:image:height\" content=\"1919\" \/>\n\t<meta property=\"og:image:type\" content=\"image\/jpeg\" \/>\n<!-- \/ Yoast SEO plugin. -->","yoast_head_json":{"title":"Spot 48 Revo Mini | Exenia","robots":{"index":"noindex","follow":"follow","max-snippet":"max-snippet:-1","max-image-preview":"max-image-preview:large","max-video-preview":"max-video-preview:-1"},"og_locale":"es_ES","og_type":"article","og_title":"Spot 48 Revo Mini | Exenia","og_description":"Los focos Revo 48V est\u00e1n disponibles en cuatro tama\u00f1os, 8...","og_url":"https:\/\/restyling.exenia.eu\/es\/producto\/spot-48-revo-mini-2\/","og_site_name":"Exenia","article_publisher":"https:\/\/www.facebook.com\/exenialighting","article_modified_time":"2024-08-01T09:54:37+00:00","og_image":[{"width":2000,"height":1919,"url":"https:\/\/restyling.exenia.eu\/wp-content\/uploads\/2023\/01\/Spot-48-revo-mini-prodotto.jpg","type":"image\/jpeg"}],"schema":{"@context":"https:\/\/schema.org","@graph":[{"@type":"WebPage","@id":"https:\/\/restyling.exenia.eu\/es\/producto\/spot-48-revo-mini-2\/","url":"https:\/\/restyling.exenia.eu\/es\/producto\/spot-48-revo-mini-2\/","name":"Spot 48 Revo Mini | Exenia","isPartOf":{"@id":"https:\/\/restyling.exenia.eu\/#website"},"primaryImageOfPage":{"@id":"https:\/\/restyling.exenia.eu\/es\/producto\/spot-48-revo-mini-2\/#primaryimage"},"image":{"@id":"https:\/\/restyling.exenia.eu\/es\/producto\/spot-48-revo-mini-2\/#primaryimage"},"thumbnailUrl":"https:\/\/restyling.exenia.eu\/wp-content\/uploads\/2023\/01\/Spot-48-revo-mini-prodotto.jpg","datePublished":"2024-06-10T14:25:08+00:00","dateModified":"2024-08-01T09:54:37+00:00","breadcrumb":{"@id":"https:\/\/restyling.exenia.eu\/es\/producto\/spot-48-revo-mini-2\/#breadcrumb"},"inLanguage":"es","potentialAction":[{"@type":"ReadAction","target":["https:\/\/restyling.exenia.eu\/es\/producto\/spot-48-revo-mini-2\/"]}]},{"@type":"ImageObject","inLanguage":"es","@id":"https:\/\/restyling.exenia.eu\/es\/producto\/spot-48-revo-mini-2\/#primaryimage","url":"https:\/\/restyling.exenia.eu\/wp-content\/uploads\/2023\/01\/Spot-48-revo-mini-prodotto.jpg","contentUrl":"https:\/\/restyling.exenia.eu\/wp-content\/uploads\/2023\/01\/Spot-48-revo-mini-prodotto.jpg","width":2000,"height":1919},{"@type":"BreadcrumbList","@id":"https:\/\/restyling.exenia.eu\/es\/producto\/spot-48-revo-mini-2\/#breadcrumb","itemListElement":[{"@type":"ListItem","position":1,"name":"Home","item":"https:\/\/restyling.exenia.eu\/"},{"@type":"ListItem","position":2,"name":"Productos","item":"https:\/\/restyling.exenia.eu\/prodotti\/"},{"@type":"ListItem","position":3,"name":"Indoor","item":"https:\/\/restyling.exenia.eu\/es\/c\/indoor\/"},{"@type":"ListItem","position":4,"name":"Luminarias para Sistemas\/Carriles","item":"https:\/\/restyling.exenia.eu\/es\/c\/indoor\/luminarias-para-sistemas-carriles\/"},{"@type":"ListItem","position":5,"name":"48 V","item":"https:\/\/restyling.exenia.eu\/es\/c\/indoor\/luminarias-para-sistemas-carriles\/48-v-es\/"},{"@type":"ListItem","position":6,"name":"Todas las luminarias para 48","item":"https:\/\/restyling.exenia.eu\/es\/c\/indoor\/luminarias-para-sistemas-carriles\/48-v-es\/todas-las-luminarias-para-48\/"},{"@type":"ListItem","position":7,"name":"Spot Revo","item":"https:\/\/restyling.exenia.eu\/c\/indoor\/apparecchi-per-sistemi-binari-elettrificati\/48-v\/tutti-gli-apparecchi-48\/spot-revo-48v\/"},{"@type":"ListItem","position":8,"name":"Spot 48 Revo Mini"}]},{"@type":"WebSite","@id":"https:\/\/restyling.exenia.eu\/#website","url":"https:\/\/restyling.exenia.eu\/","name":"Exenia","description":"","publisher":{"@id":"https:\/\/restyling.exenia.eu\/#organization"},"potentialAction":[{"@type":"SearchAction","target":{"@type":"EntryPoint","urlTemplate":"https:\/\/restyling.exenia.eu\/?s={search_term_string}"},"query-input":{"@type":"PropertyValueSpecification","valueRequired":true,"valueName":"search_term_string"}}],"inLanguage":"es"},{"@type":"Organization","@id":"https:\/\/restyling.exenia.eu\/#organization","name":"Exenia","url":"https:\/\/restyling.exenia.eu\/","logo":{"@type":"ImageObject","inLanguage":"es","@id":"https:\/\/restyling.exenia.eu\/#\/schema\/logo\/image\/","url":"https:\/\/restyling.exenia.eu\/wp-content\/uploads\/2022\/09\/logo_exenia-e1678467519405.png","contentUrl":"https:\/\/restyling.exenia.eu\/wp-content\/uploads\/2022\/09\/logo_exenia-e1678467519405.png","width":600,"height":194,"caption":"Exenia"},"image":{"@id":"https:\/\/restyling.exenia.eu\/#\/schema\/logo\/image\/"},"sameAs":["https:\/\/www.facebook.com\/exenialighting","https:\/\/x.com\/ExeniaLighting"]}]}},"_links":{"self":[{"href":"https:\/\/restyling.exenia.eu\/es\/wp-json\/wp\/v2\/product\/52710","targetHints":{"allow":["GET"]}}],"collection":[{"href":"https:\/\/restyling.exenia.eu\/es\/wp-json\/wp\/v2\/product"}],"about":[{"href":"https:\/\/restyling.exenia.eu\/es\/wp-json\/wp\/v2\/types\/product"}],"wp:featuredmedia":[{"embeddable":true,"href":"https:\/\/restyling.exenia.eu\/es\/wp-json\/wp\/v2\/media\/23929"}],"wp:attachment":[{"href":"https:\/\/restyling.exenia.eu\/es\/wp-json\/wp\/v2\/media?parent=52710"}],"wp:term":[{"taxonomy":"product_brand","embeddable":true,"href":"https:\/\/restyling.exenia.eu\/es\/wp-json\/wp\/v2\/product_brand?post=52710"},{"taxonomy":"product_cat","embeddable":true,"href":"https:\/\/restyling.exenia.eu\/es\/wp-json\/wp\/v2\/product_cat?post=52710"},{"taxonomy":"product_tag","embeddable":true,"href":"https:\/\/restyling.exenia.eu\/es\/wp-json\/wp\/v2\/product_tag?post=52710"},{"taxonomy":"categoria-admin-prodotto","embeddable":true,"href":"https:\/\/restyling.exenia.eu\/es\/wp-json\/wp\/v2\/categoria-admin-prodotto?post=52710"}],"curies":[{"name":"wp","href":"https:\/\/api.w.org\/{rel}","templated":true}]}}