{"id":10127,"date":"2018-05-07T00:00:00","date_gmt":"2018-05-06T22:00:00","guid":{"rendered":"https:\/\/www.exenia.eu\/progetti\/porsche-showroom\/"},"modified":"2023-01-05T14:58:50","modified_gmt":"2023-01-05T13:58:50","slug":"porsche-showroom","status":"publish","type":"progetti","link":"https:\/\/restyling.exenia.eu\/es\/proyectos\/porsche-showroom\/","title":{"rendered":"Porsche Showroom"},"content":{"rendered":"<p>La creaci\u00f3n de una sala de exposiciones de autom\u00f3viles de vanguardia a la altura del legado de Porsche podr\u00eda resultar intimidante para algunos; \u00abla preocupaci\u00f3n principal era garantizar que la iluminaci\u00f3n fuese lo suficientemente vers\u00e1til para adaptarse al cambio de escenarios a lo largo de las temporadas, de modo que cuando pasaran las visitas la iluminaci\u00f3n de la sala de exposiciones se viera siempre diferente y din\u00e1mica\u00bb. Chroma Lighting cumpli\u00f3 y sobrepas\u00f3 todas las expectativas con la ayuda de la tecnolog\u00eda de vanguardia de los reflectores M-Series.<\/p>\n<p>Usadas principalmente en carriles en la sala de exposiciones de Porsche, los proyectores M4&nbsp;proporcionan la iluminaci\u00f3n general del espacio desde un cielo raso de seis metros sin un efecto adverso de enfoque,, de modo que los autom\u00f3viles puedan cambiarse de lugar. \u00abNo quer\u00edamos iluminar el suelo ni crear sombras en los autom\u00f3viles\u00bb, explic\u00f3 McElkerney.<\/p>\n<p>Los proyectores M4&nbsp;que se usaron en la sala de exposiciones de Porsche en Belfast, cuyas especificaciones de la temperatura de color son de 3&nbsp;000&nbsp;K y CRI95, no solo ofrecieron una representaci\u00f3n de color excepcional, sino que la estabilidad de su color tambi\u00e9n garantiz\u00f3 que este no se viera afectado con en el tiempo. Este aspecto es de gran importancia en los espacios de venta como este, para que los colores de los productos que se exponen, en este caso los veh\u00edculos Porsche, no se vean afectados con el paso del tiempo. \u00abLo que nos llev\u00f3 a los M4&nbsp;fue la flexibilidad \u00f3ptica que ofrec\u00edan al equipo de dise\u00f1o, y su excepcional representaci\u00f3n de color. El fot\u00f3grafo no necesit\u00f3 modificar las fotograf\u00edas debido a la excelente iluminaci\u00f3n. La imagen es lo que se ve gracias a la representaci\u00f3n del color de alta densidad de los M4\u00bb, dijo McElkerney.<\/p>\n<p>Los proyectores M4&nbsp;tienen un buen rendimiento en cu\u00e1nto a l\u00famenes y \u00f3pticas y tambi\u00e9n llaman la atenci\u00f3n. El anillo decorativo de color rojo y la terminaci\u00f3n superior fue lo que primero atrajo al cliente sobre el producto, pero despu\u00e9s de ver su rendimiento y representaci\u00f3n del color, entendieron que la flexibilidad de su aspecto no lo era todo en este producto.<\/p>\n<p>Nuestra iluminaci\u00f3n y los autom\u00f3viles de alto rendimiento son una combinaci\u00f3n explosiva.<\/p>\n<p><strong>Equipamiento especificado<br \/>\n<\/strong>138 x M4 Projector, 3000K<\/p>\n","protected":false},"excerpt":{"rendered":"<p>La creaci\u00f3n de una sala de exposiciones de autom\u00f3viles de&#8230;<\/p>\n","protected":false},"featured_media":9562,"parent":0,"menu_order":0,"template":"","meta":{"_acf_changed":false,"footnotes":""},"famiglia_progetto":[],"applicazione_progetto":[338],"nazione_progetto":[737],"market":[644],"class_list":["post-10127","progetti","type-progetti","status-publish","has-post-thumbnail","hentry","applicazione_progetto-iluminacion-difusa","nazione_progetto-reino-unido","market-retail"],"acf":[],"yoast_head":"<!-- This site is optimized with the Yoast SEO plugin v27.5 - https:\/\/yoast.com\/product\/yoast-seo-wordpress\/ -->\n<title>Porsche Showroom | Exenia<\/title>\n<meta name=\"robots\" content=\"noindex, follow, max-snippet:-1, max-image-preview:large, max-video-preview:-1\" \/>\n<meta property=\"og:locale\" content=\"es_ES\" \/>\n<meta property=\"og:type\" content=\"article\" \/>\n<meta property=\"og:title\" content=\"Porsche Showroom | Exenia\" \/>\n<meta property=\"og:description\" content=\"La creaci\u00f3n de una sala de exposiciones de autom\u00f3viles de...\" \/>\n<meta property=\"og:url\" content=\"https:\/\/restyling.exenia.eu\/es\/proyectos\/porsche-showroom\/\" \/>\n<meta property=\"og:site_name\" content=\"Exenia\" \/>\n<meta property=\"article:publisher\" content=\"https:\/\/www.facebook.com\/exenialighting\" \/>\n<meta property=\"article:modified_time\" content=\"2023-01-05T13:58:50+00:00\" \/>\n<meta property=\"og:image\" content=\"https:\/\/restyling.exenia.eu\/wp-content\/uploads\/2023\/01\/lumenpulse-porsche-belfast-1-web.jpg\" \/>\n\t<meta property=\"og:image:width\" content=\"2560\" \/>\n\t<meta property=\"og:image:height\" content=\"1599\" \/>\n\t<meta property=\"og:image:type\" content=\"image\/jpeg\" \/>\n<!-- \/ Yoast SEO plugin. -->","yoast_head_json":{"title":"Porsche Showroom | Exenia","robots":{"index":"noindex","follow":"follow","max-snippet":"max-snippet:-1","max-image-preview":"max-image-preview:large","max-video-preview":"max-video-preview:-1"},"og_locale":"es_ES","og_type":"article","og_title":"Porsche Showroom | Exenia","og_description":"La creaci\u00f3n de una sala de exposiciones de autom\u00f3viles de...","og_url":"https:\/\/restyling.exenia.eu\/es\/proyectos\/porsche-showroom\/","og_site_name":"Exenia","article_publisher":"https:\/\/www.facebook.com\/exenialighting","article_modified_time":"2023-01-05T13:58:50+00:00","og_image":[{"width":2560,"height":1599,"url":"https:\/\/restyling.exenia.eu\/wp-content\/uploads\/2023\/01\/lumenpulse-porsche-belfast-1-web.jpg","type":"image\/jpeg"}],"schema":{"@context":"https:\/\/schema.org","@graph":[{"@type":"WebPage","@id":"https:\/\/restyling.exenia.eu\/es\/proyectos\/porsche-showroom\/","url":"https:\/\/restyling.exenia.eu\/es\/proyectos\/porsche-showroom\/","name":"Porsche Showroom | Exenia","isPartOf":{"@id":"https:\/\/restyling.exenia.eu\/#website"},"primaryImageOfPage":{"@id":"https:\/\/restyling.exenia.eu\/es\/proyectos\/porsche-showroom\/#primaryimage"},"image":{"@id":"https:\/\/restyling.exenia.eu\/es\/proyectos\/porsche-showroom\/#primaryimage"},"thumbnailUrl":"https:\/\/restyling.exenia.eu\/wp-content\/uploads\/2023\/01\/lumenpulse-porsche-belfast-1-web.jpg","datePublished":"2018-05-06T22:00:00+00:00","dateModified":"2023-01-05T13:58:50+00:00","breadcrumb":{"@id":"https:\/\/restyling.exenia.eu\/es\/proyectos\/porsche-showroom\/#breadcrumb"},"inLanguage":"es","potentialAction":[{"@type":"ReadAction","target":["https:\/\/restyling.exenia.eu\/es\/proyectos\/porsche-showroom\/"]}]},{"@type":"ImageObject","inLanguage":"es","@id":"https:\/\/restyling.exenia.eu\/es\/proyectos\/porsche-showroom\/#primaryimage","url":"https:\/\/restyling.exenia.eu\/wp-content\/uploads\/2023\/01\/lumenpulse-porsche-belfast-1-web.jpg","contentUrl":"https:\/\/restyling.exenia.eu\/wp-content\/uploads\/2023\/01\/lumenpulse-porsche-belfast-1-web.jpg","width":2560,"height":1599},{"@type":"BreadcrumbList","@id":"https:\/\/restyling.exenia.eu\/es\/proyectos\/porsche-showroom\/#breadcrumb","itemListElement":[{"@type":"ListItem","position":1,"name":"Home","item":"https:\/\/restyling.exenia.eu\/"},{"@type":"ListItem","position":2,"name":"Progetti","item":"https:\/\/restyling.exenia.eu\/progetti\/"},{"@type":"ListItem","position":3,"name":"Porsche Showroom"}]},{"@type":"WebSite","@id":"https:\/\/restyling.exenia.eu\/#website","url":"https:\/\/restyling.exenia.eu\/","name":"Exenia","description":"","publisher":{"@id":"https:\/\/restyling.exenia.eu\/#organization"},"potentialAction":[{"@type":"SearchAction","target":{"@type":"EntryPoint","urlTemplate":"https:\/\/restyling.exenia.eu\/?s={search_term_string}"},"query-input":{"@type":"PropertyValueSpecification","valueRequired":true,"valueName":"search_term_string"}}],"inLanguage":"es"},{"@type":"Organization","@id":"https:\/\/restyling.exenia.eu\/#organization","name":"Exenia","url":"https:\/\/restyling.exenia.eu\/","logo":{"@type":"ImageObject","inLanguage":"es","@id":"https:\/\/restyling.exenia.eu\/#\/schema\/logo\/image\/","url":"https:\/\/restyling.exenia.eu\/wp-content\/uploads\/2022\/09\/logo_exenia-e1678467519405.png","contentUrl":"https:\/\/restyling.exenia.eu\/wp-content\/uploads\/2022\/09\/logo_exenia-e1678467519405.png","width":600,"height":194,"caption":"Exenia"},"image":{"@id":"https:\/\/restyling.exenia.eu\/#\/schema\/logo\/image\/"},"sameAs":["https:\/\/www.facebook.com\/exenialighting","https:\/\/x.com\/ExeniaLighting"]}]}},"_links":{"self":[{"href":"https:\/\/restyling.exenia.eu\/es\/wp-json\/wp\/v2\/progetti\/10127","targetHints":{"allow":["GET"]}}],"collection":[{"href":"https:\/\/restyling.exenia.eu\/es\/wp-json\/wp\/v2\/progetti"}],"about":[{"href":"https:\/\/restyling.exenia.eu\/es\/wp-json\/wp\/v2\/types\/progetti"}],"version-history":[{"count":0,"href":"https:\/\/restyling.exenia.eu\/es\/wp-json\/wp\/v2\/progetti\/10127\/revisions"}],"wp:featuredmedia":[{"embeddable":true,"href":"https:\/\/restyling.exenia.eu\/es\/wp-json\/wp\/v2\/media\/9562"}],"wp:attachment":[{"href":"https:\/\/restyling.exenia.eu\/es\/wp-json\/wp\/v2\/media?parent=10127"}],"wp:term":[{"taxonomy":"famiglia_progetto","embeddable":true,"href":"https:\/\/restyling.exenia.eu\/es\/wp-json\/wp\/v2\/famiglia_progetto?post=10127"},{"taxonomy":"applicazione_progetto","embeddable":true,"href":"https:\/\/restyling.exenia.eu\/es\/wp-json\/wp\/v2\/applicazione_progetto?post=10127"},{"taxonomy":"nazione_progetto","embeddable":true,"href":"https:\/\/restyling.exenia.eu\/es\/wp-json\/wp\/v2\/nazione_progetto?post=10127"},{"taxonomy":"market","embeddable":true,"href":"https:\/\/restyling.exenia.eu\/es\/wp-json\/wp\/v2\/market?post=10127"}],"curies":[{"name":"wp","href":"https:\/\/api.w.org\/{rel}","templated":true}]}}