{"id":10145,"date":"2021-03-09T00:00:00","date_gmt":"2021-03-08T23:00:00","guid":{"rendered":"https:\/\/www.exenia.eu\/progetti\/the-guercino-in-cento\/"},"modified":"2021-03-09T00:00:00","modified_gmt":"2021-03-08T23:00:00","slug":"the-guercino-in-cento","status":"publish","type":"progetti","link":"https:\/\/restyling.exenia.eu\/es\/proyectos\/the-guercino-in-cento\/","title":{"rendered":"The Guercino in Cento"},"content":{"rendered":"<p><P> La exposici\u00f3n \u00abBarroque Emotion. Il Guercino A Cento\u00bb ofreci\u00f3 una oportunidad importante para admirar el trabajo de Giovanni &#038; nbsp; Francesco Barbieri, conocido como Guercino (Centro, 1575 &#8211; Bolonia, 1666) en su ciudad natal, con el que estaba \u00edntimamente vinculado Y profundamente amado por \u00e9l. La ubicaci\u00f3n de la exposici\u00f3n fue la Iglesia de San Francesco, ahora descrustada, y desde 1870 propiedad de la herencia de estudios, que despu\u00e9s de los terremotos de 2012 se convirti\u00f3 en el hogar de la Galer\u00eda de Arte de San Lorenzo <\/p>\n<p> &#038; nbsp; <\/p>\n<p> El interior de la iglesia, que es completamente blanco, presenta soluciones compositivas de clara inspiraci\u00f3n barroca. &#038; nbsp; <\/p>\n<p> Entre todos los elementos arquitect\u00f3nicos y escult\u00f3ricos, las generosas cornisas, colocadas a m\u00e1s de once metros de altura, que rodean a toda la iglesia ciertamente se destacaron. La presencia generalizada de estos marcos sugiri\u00f3 la idea de usar los nuevos proyectores de Museo Radius para proporcionar una soluci\u00f3n para iluminar las obras de arte. <\/p>\n<p> &#038; nbsp; <\/p>\n<p> En el espacio ofrecido por la nave principal y el \u00e1rea del presbiterio, un entorno interesante creado por una fuerte cromaticidad contrastante, alojada 27 pinturas, la mayor\u00eda de las cuales pertenecen a la Galer\u00eda de Arte C\u00edvico. En el evocador \u00ab\u00bb sala azul \u00ab\u00bb \u00abse ha encontrado una colecci\u00f3n de m\u00e1s de 20 dibujos, propiedad del municipio de Cento, rara vez visible para el p\u00fablico. En ambas exposiciones, el Radio del Museo ha creado una iluminancia respetuosa de la historia del edificio, m\u00ednima en perturbaci\u00f3n, pero sobre todo de gran precisi\u00f3n. <\/p>\n<p> &#038; nbsp; <\/p>\n<p> La disposici\u00f3n de los paneles de visualizaci\u00f3n y su considerable distancia de los marcos hizo necesario llevar a cabo un estudio de dise\u00f1o de iluminaci\u00f3n preliminar para la instalaci\u00f3n de las luminarias. &#038; nbsp; <\/p>\n<p> La simulaci\u00f3n calculada hizo posible identificar con precisi\u00f3n tanto el requisito del \u00e1ngulo del haz del radio del museo como las salidas de luz, que se adaptaron a los niveles de iluminaci\u00f3n requeridos. &#038; nbsp; <\/p>\n<p> A lo largo del proceso de consulta, la red y los vol\u00famenes de los paneles de visualizaci\u00f3n contenidos dentro de los elementos arquitect\u00f3nicos &#038; nbsp requirieron un estudio apropiado para permitir a\u00fan m\u00e1s el posicionamiento \u00f3ptimo de las luminarias. &#038; nbsp; <\/p>\n<p> Por lo tanto, reduciendo las sombras y cualquier luz no deseada y reflexiones sobre las obras de arte. &#038; nbsp; <\/p>\n<p> La precisi\u00f3n de las vigas ofrecidas por el radio del Museo combinado con el uso del accesorio de visor, hizo posible obtener una iluminaci\u00f3n \u00f3ptima de las obras exhibidas, junto con un alto nivel de comodidad visual para el visitante. <\/p>\n","protected":false},"excerpt":{"rendered":"<p>La exposici\u00f3n \u00abBarroque Emotion. Il Guercino A Cento\u00bb ofreci\u00f3 una&#8230;<\/p>\n","protected":false},"featured_media":9649,"parent":0,"menu_order":0,"template":"","meta":{"_acf_changed":false,"footnotes":""},"famiglia_progetto":[],"applicazione_progetto":[333],"nazione_progetto":[731],"market":[638],"class_list":["post-10145","progetti","type-progetti","status-publish","has-post-thumbnail","hentry","applicazione_progetto-iluminacion-de-acentuacion","nazione_progetto-italia","market-lugares-de-culto-monumentos-y-museos"],"acf":[],"yoast_head":"<!-- This site is optimized with the Yoast SEO plugin v27.4 - https:\/\/yoast.com\/product\/yoast-seo-wordpress\/ -->\n<title>The Guercino in Cento | Exenia<\/title>\n<meta name=\"robots\" content=\"noindex, follow, max-snippet:-1, max-image-preview:large, max-video-preview:-1\" \/>\n<meta property=\"og:locale\" content=\"es_ES\" \/>\n<meta property=\"og:type\" content=\"article\" \/>\n<meta property=\"og:title\" content=\"The Guercino in Cento | Exenia\" \/>\n<meta property=\"og:description\" content=\"La exposici\u00f3n \u00abBarroque Emotion. Il Guercino A Cento\u00bb ofreci\u00f3 una...\" \/>\n<meta property=\"og:url\" content=\"https:\/\/restyling.exenia.eu\/es\/proyectos\/the-guercino-in-cento\/\" \/>\n<meta property=\"og:site_name\" content=\"Exenia\" \/>\n<meta property=\"article:publisher\" content=\"https:\/\/www.facebook.com\/exenialighting\" \/>\n<meta property=\"og:image\" content=\"https:\/\/restyling.exenia.eu\/wp-content\/uploads\/2023\/01\/dsc5800.jpg\" \/>\n\t<meta property=\"og:image:width\" content=\"2560\" \/>\n\t<meta property=\"og:image:height\" content=\"1707\" \/>\n\t<meta property=\"og:image:type\" content=\"image\/jpeg\" \/>\n<!-- \/ Yoast SEO plugin. -->","yoast_head_json":{"title":"The Guercino in Cento | Exenia","robots":{"index":"noindex","follow":"follow","max-snippet":"max-snippet:-1","max-image-preview":"max-image-preview:large","max-video-preview":"max-video-preview:-1"},"og_locale":"es_ES","og_type":"article","og_title":"The Guercino in Cento | Exenia","og_description":"La exposici\u00f3n \u00abBarroque Emotion. Il Guercino A Cento\u00bb ofreci\u00f3 una...","og_url":"https:\/\/restyling.exenia.eu\/es\/proyectos\/the-guercino-in-cento\/","og_site_name":"Exenia","article_publisher":"https:\/\/www.facebook.com\/exenialighting","og_image":[{"width":2560,"height":1707,"url":"https:\/\/restyling.exenia.eu\/wp-content\/uploads\/2023\/01\/dsc5800.jpg","type":"image\/jpeg"}],"schema":{"@context":"https:\/\/schema.org","@graph":[{"@type":"WebPage","@id":"https:\/\/restyling.exenia.eu\/es\/proyectos\/the-guercino-in-cento\/","url":"https:\/\/restyling.exenia.eu\/es\/proyectos\/the-guercino-in-cento\/","name":"The Guercino in Cento | Exenia","isPartOf":{"@id":"https:\/\/restyling.exenia.eu\/#website"},"primaryImageOfPage":{"@id":"https:\/\/restyling.exenia.eu\/es\/proyectos\/the-guercino-in-cento\/#primaryimage"},"image":{"@id":"https:\/\/restyling.exenia.eu\/es\/proyectos\/the-guercino-in-cento\/#primaryimage"},"thumbnailUrl":"https:\/\/restyling.exenia.eu\/wp-content\/uploads\/2023\/01\/dsc5800.jpg","datePublished":"2021-03-08T23:00:00+00:00","breadcrumb":{"@id":"https:\/\/restyling.exenia.eu\/es\/proyectos\/the-guercino-in-cento\/#breadcrumb"},"inLanguage":"es","potentialAction":[{"@type":"ReadAction","target":["https:\/\/restyling.exenia.eu\/es\/proyectos\/the-guercino-in-cento\/"]}]},{"@type":"ImageObject","inLanguage":"es","@id":"https:\/\/restyling.exenia.eu\/es\/proyectos\/the-guercino-in-cento\/#primaryimage","url":"https:\/\/restyling.exenia.eu\/wp-content\/uploads\/2023\/01\/dsc5800.jpg","contentUrl":"https:\/\/restyling.exenia.eu\/wp-content\/uploads\/2023\/01\/dsc5800.jpg","width":2560,"height":1707},{"@type":"BreadcrumbList","@id":"https:\/\/restyling.exenia.eu\/es\/proyectos\/the-guercino-in-cento\/#breadcrumb","itemListElement":[{"@type":"ListItem","position":1,"name":"Home","item":"https:\/\/restyling.exenia.eu\/"},{"@type":"ListItem","position":2,"name":"Progetti","item":"https:\/\/restyling.exenia.eu\/progetti\/"},{"@type":"ListItem","position":3,"name":"The Guercino in Cento"}]},{"@type":"WebSite","@id":"https:\/\/restyling.exenia.eu\/#website","url":"https:\/\/restyling.exenia.eu\/","name":"Exenia","description":"","publisher":{"@id":"https:\/\/restyling.exenia.eu\/#organization"},"potentialAction":[{"@type":"SearchAction","target":{"@type":"EntryPoint","urlTemplate":"https:\/\/restyling.exenia.eu\/?s={search_term_string}"},"query-input":{"@type":"PropertyValueSpecification","valueRequired":true,"valueName":"search_term_string"}}],"inLanguage":"es"},{"@type":"Organization","@id":"https:\/\/restyling.exenia.eu\/#organization","name":"Exenia","url":"https:\/\/restyling.exenia.eu\/","logo":{"@type":"ImageObject","inLanguage":"es","@id":"https:\/\/restyling.exenia.eu\/#\/schema\/logo\/image\/","url":"https:\/\/restyling.exenia.eu\/wp-content\/uploads\/2022\/09\/logo_exenia-e1678467519405.png","contentUrl":"https:\/\/restyling.exenia.eu\/wp-content\/uploads\/2022\/09\/logo_exenia-e1678467519405.png","width":600,"height":194,"caption":"Exenia"},"image":{"@id":"https:\/\/restyling.exenia.eu\/#\/schema\/logo\/image\/"},"sameAs":["https:\/\/www.facebook.com\/exenialighting","https:\/\/x.com\/ExeniaLighting"]}]}},"_links":{"self":[{"href":"https:\/\/restyling.exenia.eu\/es\/wp-json\/wp\/v2\/progetti\/10145","targetHints":{"allow":["GET"]}}],"collection":[{"href":"https:\/\/restyling.exenia.eu\/es\/wp-json\/wp\/v2\/progetti"}],"about":[{"href":"https:\/\/restyling.exenia.eu\/es\/wp-json\/wp\/v2\/types\/progetti"}],"version-history":[{"count":0,"href":"https:\/\/restyling.exenia.eu\/es\/wp-json\/wp\/v2\/progetti\/10145\/revisions"}],"wp:featuredmedia":[{"embeddable":true,"href":"https:\/\/restyling.exenia.eu\/es\/wp-json\/wp\/v2\/media\/9649"}],"wp:attachment":[{"href":"https:\/\/restyling.exenia.eu\/es\/wp-json\/wp\/v2\/media?parent=10145"}],"wp:term":[{"taxonomy":"famiglia_progetto","embeddable":true,"href":"https:\/\/restyling.exenia.eu\/es\/wp-json\/wp\/v2\/famiglia_progetto?post=10145"},{"taxonomy":"applicazione_progetto","embeddable":true,"href":"https:\/\/restyling.exenia.eu\/es\/wp-json\/wp\/v2\/applicazione_progetto?post=10145"},{"taxonomy":"nazione_progetto","embeddable":true,"href":"https:\/\/restyling.exenia.eu\/es\/wp-json\/wp\/v2\/nazione_progetto?post=10145"},{"taxonomy":"market","embeddable":true,"href":"https:\/\/restyling.exenia.eu\/es\/wp-json\/wp\/v2\/market?post=10145"}],"curies":[{"name":"wp","href":"https:\/\/api.w.org\/{rel}","templated":true}]}}