{"id":52622,"date":"2024-06-05T11:07:31","date_gmt":"2024-06-05T09:07:31","guid":{"rendered":"https:\/\/www.exenia.eu\/?post_type=progetti&#038;p=52622"},"modified":"2024-06-07T14:46:36","modified_gmt":"2024-06-07T12:46:36","slug":"clinica-dental-valdespartera","status":"publish","type":"progetti","link":"https:\/\/restyling.exenia.eu\/es\/proyectos\/clinica-dental-valdespartera\/","title":{"rendered":"CL\u00cdNICA DENTAL VALDESPARTERA"},"content":{"rendered":"<p>El proyecto, dise\u00f1ado por la interiorista Nati Hueso, consisti\u00f3 en la adaptaci\u00f3n de un espacio de 150 m\u00b2 a cl\u00ednica dental, combinando la funcionalidad sanitaria con un ambiente acogedor y tranquilo, tal y como solicitaba el cliente. Se cre\u00f3 un lenguaje coherente y com\u00fan para todos los espacios que componen la cl\u00ednica, dotando a cada uno de ellos de elementos diferenciadores que, a su vez, dieran personalidad al proyecto.<\/p><p>La iluminaci\u00f3n se consider\u00f3 el elemento m\u00e1s crucial del proyecto. Se eligieron luminarias Exenia para dar personalidad y continuidad a los espacios. Una larga l\u00ednea de luces gu\u00eda el recorrido del paciente desde el mostrador de recepci\u00f3n hasta las consultas dentales, con carriles suspendidos que proyectan la luz hacia el techo verde oscuro y focos que iluminan las puertas de los boxes. Este sistema de iluminaci\u00f3n est\u00e1 dise\u00f1ado para crear un juego de luces y sombras, resaltando los elementos necesarios y dejando en la sombra los menos importantes, transmitiendo as\u00ed una sensaci\u00f3n de calidez y bienestar. As\u00ed pues, la luz no s\u00f3lo cumple una funci\u00f3n pr\u00e1ctica, sino que tambi\u00e9n contribuye a definir el ambiente sereno y relajante de la cl\u00ednica, de acuerdo con los deseos del cliente.\u201d<\/p>","protected":false},"excerpt":{"rendered":"<p>El proyecto, dise\u00f1ado por la interiorista Nati Hueso, consisti\u00f3 en&#8230;<\/p>\n","protected":false},"featured_media":52619,"parent":0,"menu_order":0,"template":"","meta":{"_acf_changed":false,"footnotes":""},"famiglia_progetto":[582,594],"applicazione_progetto":[338],"nazione_progetto":[739],"market":[634],"class_list":["post-52622","progetti","type-progetti","status-publish","has-post-thumbnail","hentry","famiglia_progetto-spot-48-es","famiglia_progetto-track-48-es","applicazione_progetto-iluminacion-difusa","nazione_progetto-espana","market-hospitality"],"acf":[],"yoast_head":"<!-- This site is optimized with the Yoast SEO plugin v27.4 - https:\/\/yoast.com\/product\/yoast-seo-wordpress\/ -->\n<title>CL\u00cdNICA DENTAL VALDESPARTERA | Exenia<\/title>\n<meta name=\"robots\" content=\"noindex, follow, max-snippet:-1, max-image-preview:large, max-video-preview:-1\" \/>\n<meta property=\"og:locale\" content=\"es_ES\" \/>\n<meta property=\"og:type\" content=\"article\" \/>\n<meta property=\"og:title\" content=\"CL\u00cdNICA DENTAL VALDESPARTERA | Exenia\" \/>\n<meta property=\"og:description\" content=\"El proyecto, dise\u00f1ado por la interiorista Nati Hueso, consisti\u00f3 en...\" \/>\n<meta property=\"og:url\" content=\"https:\/\/restyling.exenia.eu\/es\/proyectos\/clinica-dental-valdespartera\/\" \/>\n<meta property=\"og:site_name\" content=\"Exenia\" \/>\n<meta property=\"article:publisher\" content=\"https:\/\/www.facebook.com\/exenialighting\" \/>\n<meta property=\"article:modified_time\" content=\"2024-06-07T12:46:36+00:00\" \/>\n<meta property=\"og:image\" content=\"https:\/\/restyling.exenia.eu\/wp-content\/uploads\/2024\/06\/DSC_8672-2024-02-21-14_34_25-scaled.jpg\" \/>\n\t<meta property=\"og:image:width\" content=\"2560\" \/>\n\t<meta property=\"og:image:height\" content=\"1703\" \/>\n\t<meta property=\"og:image:type\" content=\"image\/jpeg\" \/>\n<!-- \/ Yoast SEO plugin. -->","yoast_head_json":{"title":"CL\u00cdNICA DENTAL VALDESPARTERA | Exenia","robots":{"index":"noindex","follow":"follow","max-snippet":"max-snippet:-1","max-image-preview":"max-image-preview:large","max-video-preview":"max-video-preview:-1"},"og_locale":"es_ES","og_type":"article","og_title":"CL\u00cdNICA DENTAL VALDESPARTERA | Exenia","og_description":"El proyecto, dise\u00f1ado por la interiorista Nati Hueso, consisti\u00f3 en...","og_url":"https:\/\/restyling.exenia.eu\/es\/proyectos\/clinica-dental-valdespartera\/","og_site_name":"Exenia","article_publisher":"https:\/\/www.facebook.com\/exenialighting","article_modified_time":"2024-06-07T12:46:36+00:00","og_image":[{"width":2560,"height":1703,"url":"https:\/\/restyling.exenia.eu\/wp-content\/uploads\/2024\/06\/DSC_8672-2024-02-21-14_34_25-scaled.jpg","type":"image\/jpeg"}],"schema":{"@context":"https:\/\/schema.org","@graph":[{"@type":"WebPage","@id":"https:\/\/restyling.exenia.eu\/es\/proyectos\/clinica-dental-valdespartera\/","url":"https:\/\/restyling.exenia.eu\/es\/proyectos\/clinica-dental-valdespartera\/","name":"CL\u00cdNICA DENTAL VALDESPARTERA | Exenia","isPartOf":{"@id":"https:\/\/restyling.exenia.eu\/#website"},"primaryImageOfPage":{"@id":"https:\/\/restyling.exenia.eu\/es\/proyectos\/clinica-dental-valdespartera\/#primaryimage"},"image":{"@id":"https:\/\/restyling.exenia.eu\/es\/proyectos\/clinica-dental-valdespartera\/#primaryimage"},"thumbnailUrl":"https:\/\/restyling.exenia.eu\/wp-content\/uploads\/2024\/06\/DSC_8672-2024-02-21-14_34_25-scaled.jpg","datePublished":"2024-06-05T09:07:31+00:00","dateModified":"2024-06-07T12:46:36+00:00","breadcrumb":{"@id":"https:\/\/restyling.exenia.eu\/es\/proyectos\/clinica-dental-valdespartera\/#breadcrumb"},"inLanguage":"es","potentialAction":[{"@type":"ReadAction","target":["https:\/\/restyling.exenia.eu\/es\/proyectos\/clinica-dental-valdespartera\/"]}]},{"@type":"ImageObject","inLanguage":"es","@id":"https:\/\/restyling.exenia.eu\/es\/proyectos\/clinica-dental-valdespartera\/#primaryimage","url":"https:\/\/restyling.exenia.eu\/wp-content\/uploads\/2024\/06\/DSC_8672-2024-02-21-14_34_25-scaled.jpg","contentUrl":"https:\/\/restyling.exenia.eu\/wp-content\/uploads\/2024\/06\/DSC_8672-2024-02-21-14_34_25-scaled.jpg","width":2560,"height":1703},{"@type":"BreadcrumbList","@id":"https:\/\/restyling.exenia.eu\/es\/proyectos\/clinica-dental-valdespartera\/#breadcrumb","itemListElement":[{"@type":"ListItem","position":1,"name":"Home","item":"https:\/\/restyling.exenia.eu\/"},{"@type":"ListItem","position":2,"name":"Progetti","item":"https:\/\/restyling.exenia.eu\/progetti\/"},{"@type":"ListItem","position":3,"name":"CL\u00cdNICA DENTAL VALDESPARTERA"}]},{"@type":"WebSite","@id":"https:\/\/restyling.exenia.eu\/#website","url":"https:\/\/restyling.exenia.eu\/","name":"Exenia","description":"","publisher":{"@id":"https:\/\/restyling.exenia.eu\/#organization"},"potentialAction":[{"@type":"SearchAction","target":{"@type":"EntryPoint","urlTemplate":"https:\/\/restyling.exenia.eu\/?s={search_term_string}"},"query-input":{"@type":"PropertyValueSpecification","valueRequired":true,"valueName":"search_term_string"}}],"inLanguage":"es"},{"@type":"Organization","@id":"https:\/\/restyling.exenia.eu\/#organization","name":"Exenia","url":"https:\/\/restyling.exenia.eu\/","logo":{"@type":"ImageObject","inLanguage":"es","@id":"https:\/\/restyling.exenia.eu\/#\/schema\/logo\/image\/","url":"https:\/\/restyling.exenia.eu\/wp-content\/uploads\/2022\/09\/logo_exenia-e1678467519405.png","contentUrl":"https:\/\/restyling.exenia.eu\/wp-content\/uploads\/2022\/09\/logo_exenia-e1678467519405.png","width":600,"height":194,"caption":"Exenia"},"image":{"@id":"https:\/\/restyling.exenia.eu\/#\/schema\/logo\/image\/"},"sameAs":["https:\/\/www.facebook.com\/exenialighting","https:\/\/x.com\/ExeniaLighting"]}]}},"_links":{"self":[{"href":"https:\/\/restyling.exenia.eu\/es\/wp-json\/wp\/v2\/progetti\/52622","targetHints":{"allow":["GET"]}}],"collection":[{"href":"https:\/\/restyling.exenia.eu\/es\/wp-json\/wp\/v2\/progetti"}],"about":[{"href":"https:\/\/restyling.exenia.eu\/es\/wp-json\/wp\/v2\/types\/progetti"}],"version-history":[{"count":0,"href":"https:\/\/restyling.exenia.eu\/es\/wp-json\/wp\/v2\/progetti\/52622\/revisions"}],"wp:featuredmedia":[{"embeddable":true,"href":"https:\/\/restyling.exenia.eu\/es\/wp-json\/wp\/v2\/media\/52619"}],"wp:attachment":[{"href":"https:\/\/restyling.exenia.eu\/es\/wp-json\/wp\/v2\/media?parent=52622"}],"wp:term":[{"taxonomy":"famiglia_progetto","embeddable":true,"href":"https:\/\/restyling.exenia.eu\/es\/wp-json\/wp\/v2\/famiglia_progetto?post=52622"},{"taxonomy":"applicazione_progetto","embeddable":true,"href":"https:\/\/restyling.exenia.eu\/es\/wp-json\/wp\/v2\/applicazione_progetto?post=52622"},{"taxonomy":"nazione_progetto","embeddable":true,"href":"https:\/\/restyling.exenia.eu\/es\/wp-json\/wp\/v2\/nazione_progetto?post=52622"},{"taxonomy":"market","embeddable":true,"href":"https:\/\/restyling.exenia.eu\/es\/wp-json\/wp\/v2\/market?post=52622"}],"curies":[{"name":"wp","href":"https:\/\/api.w.org\/{rel}","templated":true}]}}