{"id":28723,"date":"2023-02-15T18:04:44","date_gmt":"2023-02-15T17:04:44","guid":{"rendered":"https:\/\/www.exenia.eu\/informativa-sulla-privacy\/"},"modified":"2023-05-19T16:22:04","modified_gmt":"2023-05-19T14:22:04","slug":"politique-de-confidentialite-old","status":"publish","type":"page","link":"https:\/\/restyling.exenia.eu\/fr\/politique-de-confidentialite-old\/","title":{"rendered":"Politique de confidentialit\u00e9 &#8211; old"},"content":{"rendered":"<h2 class=\"wp-block-heading\">INFORMATIONS SUR LE TRAITEMENT DES DONN\u00c9ES PERSONNELLES<\/h2><p>Exenia s.r.l. (ci-apr\u00e8s \u00e9galement d\u00e9nomm\u00e9e \u00a0\u00bb La Soci\u00e9t\u00e9 \u00ab\u00a0) souhaite vous informer, conform\u00e9ment \u00e0 l&rsquo;article 13 du R\u00e8glement UE 2016\/679 (ci-apr\u00e8s \u00e9galement d\u00e9nomm\u00e9 \u00a0\u00bb GDPR \u00a0\u00bb ou \u00a0\u00bb R\u00e8glement g\u00e9n\u00e9ral sur la protection des donn\u00e9es \u00ab\u00a0), que vos donn\u00e9es seront trait\u00e9es conform\u00e9ment \u00e0 la r\u00e9glementation sur la vie priv\u00e9e selon les indications ci-dessous.<\/p><p>1. Qui sommes-nous ?<br>Exenia s.r.l., dont le si\u00e8ge social se trouve \u00e0 Calenzano (FI), Via della Chiesa n\u00b0 38, adresse \u00e9lectronique privacy@exenia.eu, est le contr\u00f4leur des donn\u00e9es.<\/p><p>Base juridique et finalit\u00e9 du traitement<br>La Soci\u00e9t\u00e9 traite les donn\u00e9es personnelles que vous fournissez en remplissant le formulaire sur notre site web (nom, pr\u00e9nom, adresse e-mail), afin de r\u00e9pondre \u00e0 votre demande de recevoir la newsletter Exenia. L&rsquo;envoi de la newsletter est soumis \u00e0 votre consentement sp\u00e9cifique, libre et \u00e9clair\u00e9 (Art.6, paragraphe 1, lett.a du GDPR) document\u00e9 au moyen d&rsquo;une case \u00e0 cocher sp\u00e9cifique (Art. 7 paragraphe 1 du GDPR).<\/p><p>M\u00e9thodes de traitement<br>Vos donn\u00e9es seront trait\u00e9es par ordinateur et sur papier, conform\u00e9ment aux dispositions de la loi, afin de garantir la s\u00e9curit\u00e9 et la confidentialit\u00e9, ainsi que l&rsquo;exactitude, la mise \u00e0 jour et la pertinence des donn\u00e9es par rapport aux objectifs fix\u00e9s. Le traitement de vos donn\u00e9es est effectu\u00e9 au moyen des op\u00e9rations indiqu\u00e9es \u00e0 l&rsquo;art. 4 n. 2) du R\u00e8glement UE 2016\/679 et pr\u00e9cis\u00e9ment : collecte, enregistrement, organisation, stockage, consultation, traitement, modification, s\u00e9lection, extraction, comparaison, utilisation, interconnexion, blocage, communication, annulation et destruction des donn\u00e9es.<\/p><p>Vos donn\u00e9es seront conserv\u00e9es dans nos archives aux fins mentionn\u00e9es au point 2 pendant la p\u00e9riode n\u00e9cessaire pour atteindre les objectifs pour lesquels elles ont \u00e9t\u00e9 collect\u00e9es et en tout cas dans le respect des termes de la Loi. Si vous d\u00e9cidez de demander l&rsquo;annulation du service de newsletter, vos donn\u00e9es seront supprim\u00e9es des syst\u00e8mes et des archives dans lesquels elles sont pr\u00e9sentes.<\/p><p>Cat\u00e9gories de destinataires des donn\u00e9es<br>Vos donn\u00e9es personnelles seront rendues accessibles, aux fins indiqu\u00e9es au point 2 de la pr\u00e9sente note d&rsquo;information, \u00e0<\/p><p>le personnel autoris\u00e9 par le contr\u00f4leur des donn\u00e9es ;<br>des soci\u00e9t\u00e9s tierces ou d&rsquo;autres sujets (tels que des consultants ou des soci\u00e9t\u00e9s d&rsquo;assistance informatique) en leur qualit\u00e9 de contr\u00f4leurs de donn\u00e9es autonomes ou de processeurs de donn\u00e9es pour le compte du contr\u00f4leur de donn\u00e9es. Une liste des noms des responsables du traitement des donn\u00e9es peut \u00eatre demand\u00e9e au contr\u00f4leur des donn\u00e9es. Le personnel autoris\u00e9 par le Responsable du traitement ainsi que les Responsables du traitement d\u00e9sign\u00e9s ont re\u00e7u des instructions sp\u00e9cifiques et l&rsquo;obligation de maintenir la confidentialit\u00e9 de vos donn\u00e9es leur a \u00e9t\u00e9 \u00e9tendue.<br>Transfert de donn\u00e9es<br>Vos donn\u00e9es personnelles sont stock\u00e9es sur des serveurs situ\u00e9s au Canada, un pays jug\u00e9 ad\u00e9quat par rapport aux normes europ\u00e9ennes en mati\u00e8re de protection de la vie priv\u00e9e. Dans tous les cas, il est entendu que le contr\u00f4leur de donn\u00e9es peut d\u00e9placer les serveurs en dehors de l&rsquo;UE si n\u00e9cessaire. Dans ce cas, le Responsable du traitement assure d\u00e8s \u00e0 pr\u00e9sent que le transfert des donn\u00e9es hors de l&rsquo;UE se fera dans le respect des dispositions l\u00e9gales applicables, sous r\u00e9serve de la stipulation des clauses contractuelles types pr\u00e9vues par la Commission europ\u00e9enne.<\/p><p>Nature de la fourniture des donn\u00e9es et cons\u00e9quences du refus de r\u00e9pondre<br>La communication de vos donn\u00e9es personnelles et l&rsquo;octroi de votre consentement sont facultatifs. Le fait de ne pas fournir vos donn\u00e9es personnelles entra\u00eenera l&rsquo;impossibilit\u00e9 pour Exenia srl de permettre votre inscription \u00e0 la Newsletter Exenia et l&rsquo;impossibilit\u00e9 cons\u00e9quente de vous envoyer des communications commerciales ou promotionnelles orient\u00e9es vers la diffusion de produits d&rsquo;\u00e9clairage.<\/p><p>Droits de la partie int\u00e9ress\u00e9e<br>En votre qualit\u00e9 de personne concern\u00e9e, vous disposez des droits \u00e9nonc\u00e9s aux articles 15 \u00e0 22 du r\u00e8glement UE 2016\/679. En particulier, vous avez le droit de demander au Responsable du traitement : a) l&rsquo;acc\u00e8s \u00e0 vos donn\u00e9es personnelles et leur rectification ou leur effacement ; b) la limitation du traitement des donn\u00e9es vous concernant et de vous opposer \u00e0 leur traitement ; c) la portabilit\u00e9 des donn\u00e9es ; d) la r\u00e9vocation de votre consentement \u00e0 tout moment sans que cela n&rsquo;affecte la lic\u00e9it\u00e9 du traitement fond\u00e9 sur le consentement donn\u00e9 avant la r\u00e9vocation.<\/p><p>Vous avez \u00e9galement le droit de d\u00e9poser une plainte aupr\u00e8s de l&rsquo;autorit\u00e9 italienne charg\u00e9e de la protection des donn\u00e9es.<\/p><p>Comment exercer vos droits<br>Vous pouvez exercer vos droits en envoyant un courrier \u00e9lectronique \u00e0 privacy@exenia.eu auquel nous r\u00e9pondrons dans les 30 jours suivant sa r\u00e9ception.<\/p><p>Traduit avec www.DeepL.com\/Translator (version gratuite)<\/p>","protected":false},"excerpt":{"rendered":"<p>INFORMATIONS SUR LE TRAITEMENT DES DONN\u00c9ES PERSONNELLES Exenia s.r.l. (ci-apr\u00e8s&#8230;<\/p>\n","protected":false},"author":1,"featured_media":0,"parent":0,"menu_order":0,"comment_status":"closed","ping_status":"closed","template":"tpl-no-header.php","meta":{"_acf_changed":false,"footnotes":""},"class_list":["post-28723","page","type-page","status-publish","hentry"],"acf":[],"yoast_head":"<!-- This site is optimized with the Yoast SEO plugin v27.5 - https:\/\/yoast.com\/product\/yoast-seo-wordpress\/ -->\n<title>Politique de confidentialit\u00e9 &#8211; old | Exenia<\/title>\n<meta name=\"robots\" content=\"noindex, follow, max-snippet:-1, max-image-preview:large, max-video-preview:-1\" \/>\n<meta property=\"og:locale\" content=\"fr_FR\" \/>\n<meta property=\"og:type\" content=\"article\" \/>\n<meta property=\"og:title\" content=\"Politique de confidentialit\u00e9 &#8211; old | Exenia\" \/>\n<meta property=\"og:description\" content=\"INFORMATIONS SUR LE TRAITEMENT DES DONN\u00c9ES PERSONNELLES Exenia s.r.l. (ci-apr\u00e8s...\" \/>\n<meta property=\"og:url\" content=\"https:\/\/restyling.exenia.eu\/privacy\/\" \/>\n<meta property=\"og:site_name\" content=\"Exenia\" \/>\n<meta property=\"article:publisher\" content=\"https:\/\/www.facebook.com\/exenialighting\" \/>\n<meta property=\"article:modified_time\" content=\"2023-05-19T14:22:04+00:00\" \/>\n<meta property=\"og:image\" content=\"https:\/\/restyling.exenia.eu\/wp-content\/uploads\/2022\/09\/logo_exenia-e1678467519405.png\" \/>\n\t<meta property=\"og:image:width\" content=\"600\" \/>\n\t<meta property=\"og:image:height\" content=\"194\" \/>\n\t<meta property=\"og:image:type\" content=\"image\/png\" \/>\n<!-- \/ Yoast SEO plugin. -->","yoast_head_json":{"title":"Politique de confidentialit\u00e9 &#8211; old | Exenia","robots":{"index":"noindex","follow":"follow","max-snippet":"max-snippet:-1","max-image-preview":"max-image-preview:large","max-video-preview":"max-video-preview:-1"},"og_locale":"fr_FR","og_type":"article","og_title":"Politique de confidentialit\u00e9 &#8211; old | Exenia","og_description":"INFORMATIONS SUR LE TRAITEMENT DES DONN\u00c9ES PERSONNELLES Exenia s.r.l. (ci-apr\u00e8s...","og_url":"https:\/\/restyling.exenia.eu\/privacy\/","og_site_name":"Exenia","article_publisher":"https:\/\/www.facebook.com\/exenialighting","article_modified_time":"2023-05-19T14:22:04+00:00","og_image":[{"width":600,"height":194,"url":"https:\/\/restyling.exenia.eu\/wp-content\/uploads\/2022\/09\/logo_exenia-e1678467519405.png","type":"image\/png"}],"schema":{"@context":"https:\/\/schema.org","@graph":[{"@type":"WebPage","@id":"https:\/\/restyling.exenia.eu\/privacy\/","url":"https:\/\/restyling.exenia.eu\/privacy\/","name":"Politique de confidentialit\u00e9 &#8211; old | Exenia","isPartOf":{"@id":"https:\/\/restyling.exenia.eu\/#website"},"datePublished":"2023-02-15T17:04:44+00:00","dateModified":"2023-05-19T14:22:04+00:00","breadcrumb":{"@id":"https:\/\/restyling.exenia.eu\/privacy\/#breadcrumb"},"inLanguage":"fr-FR","potentialAction":[{"@type":"ReadAction","target":["https:\/\/restyling.exenia.eu\/privacy\/"]}]},{"@type":"BreadcrumbList","@id":"https:\/\/restyling.exenia.eu\/privacy\/#breadcrumb","itemListElement":[{"@type":"ListItem","position":1,"name":"Home","item":"https:\/\/restyling.exenia.eu\/"},{"@type":"ListItem","position":2,"name":"Politique de confidentialit\u00e9 &#8211; old"}]},{"@type":"WebSite","@id":"https:\/\/restyling.exenia.eu\/#website","url":"https:\/\/restyling.exenia.eu\/","name":"Exenia","description":"","publisher":{"@id":"https:\/\/restyling.exenia.eu\/#organization"},"potentialAction":[{"@type":"SearchAction","target":{"@type":"EntryPoint","urlTemplate":"https:\/\/restyling.exenia.eu\/?s={search_term_string}"},"query-input":{"@type":"PropertyValueSpecification","valueRequired":true,"valueName":"search_term_string"}}],"inLanguage":"fr-FR"},{"@type":"Organization","@id":"https:\/\/restyling.exenia.eu\/#organization","name":"Exenia","url":"https:\/\/restyling.exenia.eu\/","logo":{"@type":"ImageObject","inLanguage":"fr-FR","@id":"https:\/\/restyling.exenia.eu\/#\/schema\/logo\/image\/","url":"https:\/\/restyling.exenia.eu\/wp-content\/uploads\/2022\/09\/logo_exenia-e1678467519405.png","contentUrl":"https:\/\/restyling.exenia.eu\/wp-content\/uploads\/2022\/09\/logo_exenia-e1678467519405.png","width":600,"height":194,"caption":"Exenia"},"image":{"@id":"https:\/\/restyling.exenia.eu\/#\/schema\/logo\/image\/"},"sameAs":["https:\/\/www.facebook.com\/exenialighting","https:\/\/x.com\/ExeniaLighting"]}]}},"_links":{"self":[{"href":"https:\/\/restyling.exenia.eu\/fr\/wp-json\/wp\/v2\/pages\/28723","targetHints":{"allow":["GET"]}}],"collection":[{"href":"https:\/\/restyling.exenia.eu\/fr\/wp-json\/wp\/v2\/pages"}],"about":[{"href":"https:\/\/restyling.exenia.eu\/fr\/wp-json\/wp\/v2\/types\/page"}],"author":[{"embeddable":true,"href":"https:\/\/restyling.exenia.eu\/fr\/wp-json\/wp\/v2\/users\/1"}],"replies":[{"embeddable":true,"href":"https:\/\/restyling.exenia.eu\/fr\/wp-json\/wp\/v2\/comments?post=28723"}],"version-history":[{"count":0,"href":"https:\/\/restyling.exenia.eu\/fr\/wp-json\/wp\/v2\/pages\/28723\/revisions"}],"wp:attachment":[{"href":"https:\/\/restyling.exenia.eu\/fr\/wp-json\/wp\/v2\/media?parent=28723"}],"curies":[{"name":"wp","href":"https:\/\/api.w.org\/{rel}","templated":true}]}}