{"id":28755,"date":"2023-02-15T18:14:00","date_gmt":"2023-02-15T17:14:00","guid":{"rendered":"https:\/\/www.exenia.eu\/termini-e-condizioni\/"},"modified":"2023-03-08T15:31:00","modified_gmt":"2023-03-08T14:31:00","slug":"termes-de-vente-generaux-et-garantie","status":"publish","type":"page","link":"https:\/\/restyling.exenia.eu\/fr\/termes-de-vente-generaux-et-garantie\/","title":{"rendered":"Termes de vente g\u00e9n\u00e9raux et garantie"},"content":{"rendered":"<h2 class=\"wp-block-heading\">Modalit\u00e9s et conditions<\/h2><p><strong><u>NOTE D&rsquo;INFORMATION&nbsp;<\/u><\/strong><strong><u>SUR LE TRAITEMENT DES DONN\u00c9ES PERSONNELLES <\/u><\/strong>&nbsp;<\/p><p>&nbsp;Exenia s.r.l. (ci-apr\u00e8s d\u00e9nomm\u00e9e \u00ab&nbsp;La Soci\u00e9t\u00e9&nbsp;\u00bb) vous informe en vertu de l&rsquo;art. 13 du R\u00e8glement (UE) n\u00b0 679\/2016 (ou\u00abR\u00e8glement G\u00e9n\u00e9ral sur la Protection des Donn\u00e9es&nbsp;\u00bb, ci-apr\u00e8s appel\u00e9 \u00ab RGPD \u00bb), que vos donn\u00e9es seront trait\u00e9es dans le respect de la r\u00e9glementation relative \u00e0 la protection des donn\u00e9es \u00e0 caract\u00e8re personnel conform\u00e9ment aux indications report\u00e9es ci-dessous.<\/p><p>&nbsp;<strong>1<\/strong><strong>. Qui sommes-nous ?<\/strong><\/p><p>Exenia s.r.l. dont le si\u00e8ge social est situ\u00e9 en Calenzano Via della Chiesa 38, adresse e-mail <a href=\"mailto:privacy@exenia.eu\">privacy@exenia.eu<\/a> est le Responsable du traitement des Donn\u00e9es.<\/p><p>&nbsp;<strong>2. Base juridique du traitement de donn\u00e9es et objectifs<\/strong><\/p><p>La Soci\u00e9t\u00e9 utilise les donn\u00e9es \u00e0 caract\u00e8re personnel que vous avez fournies au moyen du formulaire pr\u00e9sent sur notre site (pr\u00e9nom, nom, adresse e-mail&#8230;), afin de mener \u00e0 bien les activit\u00e9s suivantes&nbsp;:<\/p><p>&nbsp;a)&nbsp;&nbsp;&nbsp;&nbsp; vous envoyer notre catalogue et\/ou toute autre communication de nature commerciale en relation avec les produits et services de Exenia S.r.l.&nbsp;;<\/p><p>b)&nbsp;&nbsp;&nbsp;&nbsp; r\u00e9pondre \u00e0 toutes vos demandes d&rsquo;informations ;<\/p><p>c)&nbsp;&nbsp;&nbsp;&nbsp; recevoir la newsletter de&nbsp; Exenia contenant des informations relatives \u00e0 nos produits et le monde de l&rsquo;illuminotechnique.<\/p><p>La collecte de vos donn\u00e9es au moyen du formulaire et la r\u00e9ponse \u00e0 vos questions sont subordonn\u00e9es \u00e0 votre consentement explicite (Article 6, alin\u00e9a 1, point a du GDPR) attest\u00e9 par le biais d&rsquo;une case \u00e0 cocher (Article 7, alin\u00e9a 1 du GDPR).<\/p><p><strong>3. Modalit\u00e9s de traitement<\/strong><\/p><p>Les m\u00e9thodes utilis\u00e9es pour traiter les Donn\u00e9es sont \u00e0 la fois manuelles et informatis\u00e9es, en vertu des dispositions de la loi aptes \u00e0 garantir la s\u00e9curit\u00e9 et la confidentialit\u00e9, ainsi que l&rsquo;exactitude, la mise \u00e0 jour et la pertinence des donn\u00e9es par rapport aux finalit\u00e9s indiqu\u00e9es. Le traitement de vos donn\u00e9es personnelles est effectu\u00e9 au moyen des op\u00e9rations indiqu\u00e9es \u00e0 l&rsquo;article 4, paragraphe 2&nbsp; du R\u00e8glement (UE) n\u00b0 679\/2016 et, plus pr\u00e9cis\u00e9ment&nbsp;: par collecte, enregistrement, organisation, stockage, consultation, adaptation ou modification, s\u00e9lection,&nbsp; extraction, comparaison, utilisation, interconnexion, limitation, communication, suppression ou destruction de donn\u00e9es.<\/p><p>Vos donn\u00e9es seront conserv\u00e9es dans nos archives, pour les fins vis\u00e9es au paragraphe 2 et uniquement le temps n\u00e9cessaire \u00e0 l&rsquo;accomplissement de l&rsquo;objectif poursuivi lors de leur collecte et, en tout cas, en conformit\u00e9 avec la l\u00e9gislation. Si vous d\u00e9cidez d&rsquo;annuler le service de newsletter, vos donn\u00e9es seront \u00e9limin\u00e9es des syst\u00e8mes et archives dans lesquelles elles sont pr\u00e9sentes.<\/p><p>&nbsp;<strong>4. Cat\u00e9gories de destinataires des donn\u00e9es<\/strong><\/p><p>Vos Donn\u00e9es personnelles peuvent \u00eatre communiqu\u00e9es, pour les objectifs indiqu\u00e9s au point 2 de la pr\u00e9sente note d&rsquo;information, \u00e0&nbsp;:<\/p><p>&nbsp;&#8211;&nbsp;&nbsp;&nbsp;&nbsp;&nbsp;&nbsp; du personnel autoris\u00e9 par le Responsable du traitement;&nbsp; &nbsp;&nbsp;<\/p><p>&#8211;&nbsp;&nbsp;&nbsp;&nbsp;&nbsp;&nbsp; des soci\u00e9t\u00e9s tierces ou autres acteurs concern\u00e9s (tels que&nbsp; soci\u00e9t\u00e9s de conseils ou de services en informatique) en qualit\u00e9 de Responsable du traitement des donn\u00e9es ind\u00e9pendant, ou de&nbsp; Sous-traitant. La liste des noms des Responsables du traitement peut \u00eatre demand\u00e9e \u00e0 l&rsquo;adresse du Responsable du traitement. Les personnes autoris\u00e9es par le Responsable du traitement ainsi que les Sous-traitants ont re\u00e7u des instructions pr\u00e9cises et sont soumises \u00e0 une obligation l\u00e9gale appropri\u00e9e de confidentialit\u00e9 de vos donn\u00e9es.<\/p><p>&nbsp;<strong>5. Transfert des donn\u00e9es<\/strong><\/p><p>&nbsp;Vos donn\u00e9es personnelles sont conserv\u00e9es sur serveur bas\u00e9 au Canada, pays jug\u00e9 conforme aux normes europ\u00e9ennes pour la protection des donn\u00e9es personnelles. Dans tous les cas, il reste entendu que le Responsable, si cela s&rsquo;av\u00e8re n\u00e9cessaire, aura la facult\u00e9 de d\u00e9placer l&#8217;emplacement des serveurs m\u00eame hors de l&rsquo;UE. Dans ce cas, le Responsable assure d\u00e8s maintenant que le transfert des donn\u00e9es extra-UE s&rsquo;effectuera conform\u00e9ment \u00e0 la disposition des lois en vigueur stipulant, si n\u00e9cessaire, les clauses contractuelles standards pr\u00e9vues par la Commission Europ\u00e9enne.<\/p><p><strong>6. Nature de la fourniture des donn\u00e9es et cons\u00e9quence du refus de fournir les Donn\u00e9es<\/strong><\/p><p>Bien que l&rsquo;apport de vos donn\u00e9es personnelles et votre consentement explicite soient facultatifs, le refus \u00e9ventuel de fournir des donn\u00e9es n\u00e9cessaires et l&rsquo;absence de consentement pourrait entrainer l&rsquo;impossibilit\u00e9 de la part de Exenia s.r.l. de donner suite \u00e0 vos demandes et, notamment, vous ne pourrez recevoir ni communications commerciales, ni mat\u00e9riel publicitaire inh\u00e9rents \u00e0 la diffusion des produits d&rsquo;illuminotechnique.<\/p><p>&nbsp;<strong>7. DROITS DE LA PERSONNE CONCERNEE<\/strong><\/p><p>&nbsp;En tant que Personne concern\u00e9e, nous vous informons que vous pouvez exercer les droits suivants en application des articles 15 \u00e0 22 du RGPD aupr\u00e8s du responsable du traitement :&nbsp; a) Droit d&rsquo;acc\u00e8s aux donn\u00e9es personnelles, droit de rectification ou d&rsquo;effacement&nbsp;; b) Droit \u00e0 la limitation du traitement des Donn\u00e9es et droit d&rsquo;opposition&nbsp;; c) Droit \u00e0 la portabilit\u00e9 des Donn\u00e9es&nbsp;; d) Droit de r\u00e9voquer le consentement \u00e0 tout moment sans compromettre la lic\u00e9it\u00e9 du traitement fond\u00e9 sur le consentement pr\u00e9alablement donn\u00e9.<\/p><p>Toute personne concern\u00e9e a notamment le droit d&rsquo;introduire une r\u00e9clamation aupr\u00e8s de l&rsquo;Autorit\u00e9 de contr\u00f4le charg\u00e9e de la protection des donn\u00e9es personnelles.<\/p><p>&nbsp;&nbsp;<strong>8. Modalit\u00e9s d&rsquo;exercice des droits<\/strong><\/p><p>Afin d&rsquo;exercer vos droits, vous pouvez nous contacter en envoyant un e-mail \u00e0&nbsp; <a href=\"mailto:privacy@exenia.eu\">privacy@exenia.eu<\/a> auquel nous r\u00e9pondrons dans un d\u00e9lai de 30 jours \u00e0 compter de la date de r\u00e9ception.<\/p><p><strong>Garantie<\/strong><\/p><p><strong>1 : OBJET<\/strong><\/p><p><strong>1.1<\/strong>&nbsp;&nbsp;&nbsp;&nbsp;&nbsp;&nbsp;&nbsp;&nbsp;&nbsp; Nous certifions, aux conditions vis\u00e9es dans le document pr\u00e9sent, et ce, pour une p\u00e9riode de validit\u00e9 de la garantie de cinq ans \u00e0 compter de la date de livraison indiqu\u00e9e sur la facture, que les produits portant la marque \u00ab\u00a0Exenia\u00a0\u00bb achet\u00e9s aupr\u00e8s des revendeurs agr\u00e9\u00e9s sont exempts de d\u00e9fauts de fabrication et de conception en cas d&rsquo;utilisation conform\u00e9ment \u00e0 l&rsquo;usage pr\u00e9vu.<\/p><p><strong>1.2<\/strong>&nbsp;&nbsp;&nbsp;&nbsp;&nbsp;&nbsp;&nbsp;&nbsp;&nbsp; Les produits dont les dates de livraison sont ant\u00e9rieures au 1er janvier 2019 sont exclus de la garantie pr\u00e9sente du fabricant.<\/p><p><strong>1.3<\/strong>&nbsp;&nbsp;&nbsp;&nbsp;&nbsp;&nbsp;&nbsp;&nbsp;&nbsp; Si l&rsquo;achat aupr\u00e8s de notre revendeur par l&rsquo;utilisateur final ne correspond pas \u00e0 la date de vente indiqu\u00e9e sur le document Exenia, une garantie suppl\u00e9mentaire de 3 mois peut \u00eatre accord\u00e9e pour prot\u00e9ger le client final uniquement et exclusivement en pr\u00e9sence d&rsquo;une documentation prouvant ce retard de livraison. Dans ce cas seulement, la garantie totale aura une validit\u00e9 de 63 mois.<\/p><p><strong>1.4<\/strong>&nbsp;&nbsp;&nbsp;&nbsp;&nbsp;&nbsp;&nbsp;&nbsp;&nbsp; La pr\u00e9sente garantie ne s&rsquo;applique pas \u00e0 tous les produits portant des marques autres qu&rsquo;Exenia, bien que commercialis\u00e9s par cette derni\u00e8re, aux produits relatifs aux syst\u00e8mes d&rsquo;alimentation et de gestion de la lumi\u00e8re et aux produits avec technologie LED de r\u00e9seau (alimentation directe led \u00e0 230V dans le cas o\u00f9 ils ne sont pas install\u00e9s sur la ligne d&rsquo;alimentation d\u00e9di\u00e9e des dispositifs de protection contre les surtensions).<\/p><p><strong>2: CONDITIONS<\/strong><\/p><p>La garantie n&rsquo;est valable que si :<\/p><p><strong>2-1&nbsp;&nbsp;&nbsp;&nbsp;&nbsp;&nbsp;&nbsp;&nbsp;&nbsp; <\/strong>Les produits sont utilis\u00e9s conform\u00e9ment aux sp\u00e9cifications d&rsquo;utilisation et de produit indiqu\u00e9es (\u00e0 savoir en conformit\u00e9 avec les \u00e9tiquettes techniques, les manuels d&rsquo;utilisation et d&rsquo;installation et les fiches techniques du produit).<\/p><p><strong>2.2&nbsp;&nbsp;&nbsp;&nbsp;&nbsp;&nbsp;&nbsp;&nbsp;&nbsp; <\/strong>Les produits ont \u00e9t\u00e9 install\u00e9s et mis en service selon aux r\u00e8gles de l&rsquo;art (conform\u00e9ment aux instructions de montage jointes au produit) par du personnel technique qualifi\u00e9.<\/p><p><strong>2.3&nbsp;&nbsp;&nbsp;&nbsp;&nbsp;&nbsp;&nbsp;&nbsp;&nbsp; <\/strong>Les interventions de maintenance et de r\u00e9paration sur les produits sont effectu\u00e9es (si n\u00e9cessaire) exclusivement conform\u00e9ment aux instructions du fabricant et uniquement par du personnel qualifi\u00e9.<\/p><p><strong>2.4&nbsp;&nbsp;&nbsp;&nbsp;&nbsp;&nbsp;&nbsp;&nbsp;&nbsp; <\/strong>Des services tels que, par exemple, mais sans limitation, les mises \u00e0 jour de logiciels ou les extensions de fonctionnalit\u00e9s sont effectu\u00e9s exclusivement par le fabricant ou par un tiers d\u00e9sign\u00e9 par ce dernier<strong>.<\/strong><\/p><p><strong>2.5 &nbsp;&nbsp;&nbsp;&nbsp;&nbsp;&nbsp;&nbsp;&nbsp; <\/strong>Les valeurs limites de temp\u00e9rature et de tension autoris\u00e9es par les normes techniques applicables ou sp\u00e9cifi\u00e9es dans la fiche technique du produit ne sont pas d\u00e9pass\u00e9es<strong>.<\/strong><\/p><p><strong>2.6&nbsp;&nbsp;&nbsp;&nbsp;&nbsp;&nbsp;&nbsp;&nbsp;&nbsp; <\/strong>Le produit n&rsquo;a pas \u00e9t\u00e9 soumis \u00e0 des contraintes m\u00e9caniques et \/ ou chimiques inappropri\u00e9es.<\/p><p><strong>2.7&nbsp;&nbsp;&nbsp;&nbsp;&nbsp;&nbsp;&nbsp;&nbsp;&nbsp; <\/strong>Aucune modification et \/ ou r\u00e9paration n&rsquo;est apport\u00e9e aux Produits sans l&rsquo;autorisation \u00e9crite de la part du fabricant.<\/p><p><strong>2.8&nbsp;&nbsp;&nbsp;&nbsp;&nbsp;&nbsp;&nbsp;&nbsp;&nbsp; <\/strong>Le client (distributeur agr\u00e9\u00e9) pr\u00e9sente \u00e0 Exenia le bon de commande ou la facture correspondante ainsi qu&rsquo;une copie de l&rsquo;\u00e9tiquette de l&#8217;emballage ou technique du produit achet\u00e9. \u00c0 la demande d&rsquo;Exenia, il peut \u00e9galement \u00eatre n\u00e9cessaire de fournir des photos, des vid\u00e9os ou toute autre documentation n\u00e9cessaire \u00e0 la mise en \u0153uvre du service de garantie.<\/p><p><strong>2.9&nbsp;&nbsp;&nbsp;&nbsp;&nbsp;&nbsp;&nbsp;&nbsp;&nbsp; <\/strong>Le client est \u00e0 jour de ces r\u00e8glements et pay\u00e9 la facture du produit conform\u00e9ment aux conditions de paiement convenues dans le bon de commande.<\/p><p><strong>2.10&nbsp;&nbsp;&nbsp;&nbsp;&nbsp;&nbsp;&nbsp; <\/strong>Le Produit est conserv\u00e9, jusqu&rsquo;\u00e0 communication par Exenia, dans l&rsquo;\u00e9tat dans lequel il se trouve (comme install\u00e9) aussi longtemps que n\u00e9cessaire pour permettre \u00e0 Exenia de proc\u00e9der aux contr\u00f4les obligatoires sur les d\u00e9fauts \/ vices pr\u00e9tendument rencontr\u00e9s par le Client. Ce n&rsquo;est qu&rsquo;apr\u00e8s l&rsquo;autorisation de d\u00e9montage par Exenia que le produit peut \u00eatre enlev\u00e9 de l&rsquo;installation et exp\u00e9di\u00e9 dans les locaux d&rsquo;Exenia en utilisant pour l&#8217;emballage une housse de protection appropri\u00e9e.<\/p><p><strong>3: LIMITATIONS<\/strong><\/p><p><strong>3.1&nbsp;&nbsp;&nbsp;&nbsp;&nbsp;&nbsp;&nbsp;&nbsp;&nbsp; <\/strong>La garantie ne couvre que les d\u00e9fauts de produit qui se r\u00e9v\u00e8lent \u00eatre caus\u00e9s par des d\u00e9fauts de mat\u00e9riau, de construction ou de production, ainsi que par des anomalies d\u00e9passant le taux de d\u00e9faillance nominal moyen. Pour les ballasts ou composants \u00e9lectroniques tels que les modules LED, le taux de d\u00e9faillance nominal moyen est de 0,2% \/ 1 000 heures de fonctionnement, \u00e0 moins que la dur\u00e9e de vie moyenne et le taux de d\u00e9faillance nominal moyen ne soient d\u00e9finis diff\u00e9remment dans les sp\u00e9cifications du produit et dans les sp\u00e9cifications d&rsquo;utilisation (notamment dans la fiche technique, la brochure du produit, etc.). Les produits dont le nombre de LEDS hors service est inf\u00e9rieur \u00e0 5% du nombre total de LEDS install\u00e9s ne seront pas consid\u00e9r\u00e9s comme rempla\u00e7ables au titre de la garantie.<\/p><p><strong>3.2&nbsp;&nbsp;&nbsp;&nbsp;&nbsp;&nbsp;&nbsp;&nbsp;&nbsp; <\/strong>Le droit \u00e0 la pr\u00e9sente garantie du fabricant devient caduc si le client ne d\u00e9nonce pas par \u00e9crit le vice constat\u00e9 dans les 30 jours (la date de r\u00e9ception faisant foi) \u00e0 partir du moment o\u00f9 le vice est constat\u00e9 au garant ou \u00e0 la soci\u00e9t\u00e9 de distribution Exenia du pays o\u00f9 le produit a \u00e9t\u00e9 achet\u00e9 et mis en service pour la premi\u00e8re fois, soit en joignant une copie du contrat d&rsquo;achat en question, soit la facture et une preuve du d\u00e9faut constat\u00e9.<\/p><p><strong>3.3&nbsp;&nbsp;&nbsp;&nbsp;&nbsp;&nbsp;&nbsp;&nbsp;&nbsp; <\/strong>S&rsquo;il ressort de l&rsquo;examen du produit qu&rsquo;il s&rsquo;agit d&rsquo;un cas couvert par la garantie, le garant peut proc\u00e9der, \u00e0 sa discr\u00e9tion, \u00e0 la r\u00e9paration du produit d\u00e9fectueux (indistinctement avec des mat\u00e9riaux neufs ou r\u00e9g\u00e9n\u00e9r\u00e9s mais r\u00e9pondant pleinement aux sp\u00e9cifications techniques de production), au remplacement gratuit par un produit de m\u00eame valeur, ou au remboursement du co\u00fbt d&rsquo;achat (hors TVA et transport)soit de proc\u00e9der \u00e0 l&rsquo;envoi de composants en remplacement pour l&rsquo;appareil d&rsquo;\u00e9clairage, par exemple et sans limitation, des dispositifs d&rsquo;alimentation.<\/p><p><strong>3.4&nbsp;&nbsp;&nbsp;&nbsp;&nbsp;&nbsp;&nbsp;&nbsp;&nbsp; <\/strong>Une prestation ex\u00e9cut\u00e9e sous garantie ne prolonge pas la dur\u00e9e de la garantie m\u00eame. La gestion des cas couverts par la garantie est confi\u00e9e \u00e0 la soci\u00e9t\u00e9 de distribution Exenia du pays o\u00f9 le produit a \u00e9t\u00e9 achet\u00e9 et mis en service la premi\u00e8re fois.<\/p><p><strong>3.5&nbsp;&nbsp;&nbsp;&nbsp;&nbsp;&nbsp;&nbsp;&nbsp;&nbsp; <\/strong>Dans le cas de fournitures successives de sources lumineuses \u00e0 LED, il peut y avoir des \u00e9carts par rapport aux produits d&rsquo;origine, en ce qui concerne les caract\u00e9ristiques de la lumi\u00e8re en raison du progr\u00e8s technique ainsi que de l&rsquo;alt\u00e9ration du flux lumineux des produits due \u00e0 l&rsquo;utilisation. Le remplacement d&rsquo;un produit qui n&rsquo;est plus dans le catalogue par un produit \u00e9quivalent ou aux caract\u00e9ristiques techniques sup\u00e9rieures ne n\u00e9cessite en aucun cas le remplacement du parc existant de produits de l&rsquo;installation.<\/p><p><strong>4: EXCLUSIONS<\/strong><\/p><p><strong>4.1&nbsp;&nbsp;&nbsp;&nbsp;&nbsp;&nbsp;&nbsp;&nbsp;&nbsp; <\/strong>Tous les frais accessoires r\u00e9sultant de l&rsquo;\u00e9limination du vice (ex\u00e9cution de la garantie) tels que, mais sans limitation, les co\u00fbts de montage et de d\u00e9montage, les co\u00fbts r\u00e9sultant du transport du produit d\u00e9fectueux et du produit r\u00e9par\u00e9 ou neuf, les co\u00fbts d&rsquo;\u00e9limination, les frais d&rsquo;indemnit\u00e9s journali\u00e8res et de d\u00e9placement, les co\u00fbts de location des appareils de levage, des \u00e9chafaudages, les r\u00e9glages et les param\u00e9trages des installations. Tous ces frais sont \u00e0 la charge de l&rsquo;acheteur.<\/p><p><strong>4.2&nbsp;&nbsp;&nbsp;&nbsp;&nbsp;&nbsp;&nbsp;&nbsp;&nbsp; <\/strong>Les composants sujets \u00e0 l&rsquo;usure, tels que toutes les lampes de technologie traditionnelle, les piles ou les composants m\u00e9caniques sujets \u00e0 l&rsquo;usure.<\/p><p><strong>4.3&nbsp;&nbsp;&nbsp;&nbsp;&nbsp;&nbsp;&nbsp;&nbsp;&nbsp; <\/strong>Dommages caus\u00e9s aux dispositifs connect\u00e9s aux appareils d&rsquo;\u00e9clairage.<\/p><p><strong>4.4&nbsp;&nbsp;&nbsp;&nbsp;&nbsp;&nbsp;&nbsp;&nbsp;&nbsp; <\/strong>Toutes les pi\u00e8ces en plastique, comme par exemple, mais sans limitation, le polycarbonate et le PMMA qui peuvent subir une d\u00e9coloration, une variation de transparence, un changement de tonalit\u00e9 ou d&rsquo;opacit\u00e9 ou une diminution des caract\u00e9ristiques m\u00e9caniques en raison du processus de vieillissement naturel.<\/p><p><strong>4.5&nbsp;&nbsp;&nbsp;&nbsp;&nbsp;&nbsp;&nbsp;&nbsp;&nbsp;<\/strong> D\u00e9fauts du produit dus \u00e0 des erreurs de logiciel, un bug, un virus ou similaires;<\/p><p><strong>4.6&nbsp;&nbsp;&nbsp;&nbsp;&nbsp;&nbsp;&nbsp;&nbsp;&nbsp; <\/strong>Services p\u00e9riodiquement n\u00e9cessaires tels que mais sans limitation, nouvelle mise en service, mises \u00e0 jour de logiciels, tests d&rsquo;unit\u00e9s de secours, etc.<\/p><p><strong>4.7&nbsp;&nbsp;&nbsp;&nbsp;&nbsp;&nbsp;&nbsp;&nbsp;&nbsp; <\/strong>D\u00e9fauts du produit dus \u00e0 des \u00e9v\u00e9nements impr\u00e9vus et impr\u00e9visibles, qui excluent l&rsquo;imputabilit\u00e9 de ces vices au processus de production\/fabrication du produit (par exemple, mais sans limitation, cas fortuit et\/ou force majeure, \u00e9v\u00e9nements m\u00e9t\u00e9orologiques exceptionnels tels que des d\u00e9charges \u00e9lectriques et \u00e9clairs, actes de vandalisme, incendies, courants parasites.<\/p><p><strong>4.8&nbsp;&nbsp;&nbsp;&nbsp;&nbsp;&nbsp;&nbsp;&nbsp;&nbsp; <\/strong>D\u00e9fauts r\u00e9sultant de perturbations \u00e9lectriques (surtension) d&rsquo;amplitude ou de dur\u00e9e sup\u00e9rieure \u00e0:<\/p><p>1000 V entre conducteur et conducteur (L et N);<\/p><p>2000 V entre conducteur et terre (L et PE, N et PE)<\/p><p>Conform\u00e9ment \u00e0 la norme CEI 61000-4-5:2005-11;<\/p><p><strong>4.9&nbsp;&nbsp;&nbsp;&nbsp;&nbsp;&nbsp;&nbsp;&nbsp;&nbsp; <\/strong>Dommages caus\u00e9s aux transformateurs par des \u00e9v\u00e9nements transitoires (br\u00e8ves rafales d&rsquo;\u00e9nergie) dans un syst\u00e8me suite \u00e0 un changement d&rsquo;\u00e9tat soudain. La source d&rsquo;\u00e9nergie transitoire peut \u00eatre un \u00e9v\u00e9nement interne ou un \u00e9v\u00e9nement dans son voisinage. L&rsquo;\u00e9nergie provenant d&rsquo;autres parties du r\u00e9seau se pr\u00e9sente normalement sous la forme d&rsquo;une br\u00e8ve rafale d&rsquo;oscillations.<\/p><p><strong>4.10&nbsp;&nbsp;&nbsp;&nbsp;&nbsp;&nbsp;&nbsp; <\/strong>La Garantie d\u00e9choit si l&rsquo;une des parties ci-apr\u00e8s cit\u00e9es est endommag\u00e9e :<\/p><p>VDR (Variateurs).<\/p><p>PFC (correcteurs de facteur de puissance) endommag\u00e9 en raison d&rsquo;extra-tensions en mode commun.<\/p><p>CIRCUIT SECONDAIRE endommag\u00e9 en raison d&rsquo;extra-tensions en mode diff\u00e9rentiel.<\/p><p><strong>4.11&nbsp;&nbsp;&nbsp;&nbsp;&nbsp;&nbsp;&nbsp; <\/strong>Pour les produits de la s\u00e9rie \u00ab\u00a0Outdoor\u00a0\u00bb, les conditions de garantie se r\u00e9f\u00e8rent exclusivement aux vices \/ d\u00e9fauts compromettant la s\u00e9curit\u00e9 m\u00e9canique \/ structurelle des appareils. La garantie ne s&rsquo;applique pas aux produits utilis\u00e9s dans des environnements, par exemple, mais sans limitation, \u00e0 forte teneur en sel et en pr\u00e9sence d&rsquo;agents corrosifs.<\/p><p><strong>4.12:&nbsp;&nbsp;&nbsp;&nbsp;&nbsp; <\/strong>Les produits sp\u00e9ciaux\/personnalis\u00e9s sont exclus des pr\u00e9sentes conditions de garantie; d&rsquo;\u00e9ventuels accords devront \u00eatre pris en phase de d\u00e9finition de la commande avec le service sp\u00e9cialis\u00e9 en la mati\u00e8re de l&rsquo;entreprise.<\/p><p><strong>5: D\u00c9L\u00c9GU\u00c9S<\/strong><\/p><p>Les d\u00e9l\u00e9gu\u00e9s pour la gestion des interventions de garantie sont les revendeurs agr\u00e9\u00e9s Exenia. N\u00e9anmoins, aucun agent, distributeur ou d\u00e9taillant n&rsquo;est en aucune mani\u00e8re autoris\u00e9 \u00e0 changer, modifier ou \u00e9tendre les termes de la garantie pour le compte de la soci\u00e9t\u00e9 Exenia Illuminazione, quelles que soient les conditions. Ce document est le seul document auquel faire r\u00e9f\u00e9rence.<\/p><p><strong>6: RESPONSABILIT\u00c9<\/strong><\/p><p>Les dispositions ci-dessus de la pr\u00e9sente garantie excluent toute autre responsabilit\u00e9 de la Soci\u00e9t\u00e9 productrice, quelle qu&rsquo;en soit l&rsquo;origine, des Produits fournis ou de leur revente. En particulier, aucune indemnisation et\/ou d\u00e9dommagement ne pourra \u00eatre r\u00e9clam\u00e9 pour des dommages, directs ou indirects, de quelque nature que ce soit, r\u00e9sultant de la non-ou d&rsquo;une utilisation limit\u00e9e des Produits. En particulier, aucune indemnit\u00e9 et \/ ou indemnisation ne peut \u00eatre demand\u00e9e pour des dommages, directs ou indirects, de quelque nature que ce soit, r\u00e9sultant de la d\u00e9faillance ou de l&rsquo;utilisation limit\u00e9e des Produits.<\/p><p><strong>7: DROIT APPLICABLE ET JURIDICTION COMP\u00c9TENTE<\/strong><\/p><p>La garantie pr\u00e9sente est r\u00e9gie par les lois de l&rsquo;\u00c9tat italien. Pour tout litige relatif \u00e0 l&rsquo;ex\u00e9cution ou \u00e0 l&rsquo;interpr\u00e9tation de ladite garantie ou \u00e0 toute autre garantie l\u00e9gale, le tribunal seul comp\u00e9tent est celui de Florence (Italie). Les engagements de la soci\u00e9t\u00e9 de production, les conditions d&rsquo;application de la garantie du produit et les conditions de sa dur\u00e9e sont exclusivement celles contenues dans la garantie pr\u00e9sente. La soci\u00e9t\u00e9 productrice n&rsquo;autorise aucune tierce partie \u00e0 prolonger la dur\u00e9e et \/ ou les conditions de la garantie pr\u00e9sente, ni \u00e0 assumer pour le compte de cette m\u00eame soci\u00e9t\u00e9 de production toute autre obligation ou responsabilit\u00e9 relative aux produits couverts par la garantie. Ladite garantie absorbe et remplace les garanties l\u00e9gales pour les vices et les d\u00e9fauts, et exclut (dans la mesure permise par la loi) toute autre garantie possible et \/ ou responsabilit\u00e9 de la soci\u00e9t\u00e9 productrice qui d\u00e9coule n\u00e9anmoins des produits fournis. Par cons\u00e9quent, tout droit suppl\u00e9mentaire et\/ou garantie li\u00e9 aux produits et \u00e0 leur utilisation non pr\u00e9vue dans la pr\u00e9sente doit \u00eatre express\u00e9ment exclu. En outre, la pr\u00e9sente garantie remplace \u00e9galement toutes les garanties ou d\u00e9clarations verbales ou expresses faites avant l&rsquo;achat du produit. Le texte de cette garantie est \u00e9crit en italien; c&rsquo;est le seul authentique en tant que texte original.<\/p>","protected":false},"excerpt":{"rendered":"<p>Modalit\u00e9s et conditions NOTE D&rsquo;INFORMATION&nbsp;SUR LE TRAITEMENT DES DONN\u00c9ES PERSONNELLES&#8230;<\/p>\n","protected":false},"author":1,"featured_media":0,"parent":0,"menu_order":0,"comment_status":"closed","ping_status":"closed","template":"tpl-no-header.php","meta":{"_acf_changed":false,"footnotes":""},"class_list":["post-28755","page","type-page","status-publish","hentry"],"acf":[],"yoast_head":"<!-- This site is optimized with the Yoast SEO plugin v27.4 - https:\/\/yoast.com\/product\/yoast-seo-wordpress\/ -->\n<title>Termes de vente g\u00e9n\u00e9raux et garantie | Exenia<\/title>\n<meta name=\"robots\" content=\"noindex, follow, max-snippet:-1, max-image-preview:large, max-video-preview:-1\" \/>\n<meta property=\"og:locale\" content=\"fr_FR\" \/>\n<meta property=\"og:type\" content=\"article\" \/>\n<meta property=\"og:title\" content=\"Termes de vente g\u00e9n\u00e9raux et garantie | Exenia\" \/>\n<meta property=\"og:description\" content=\"Modalit\u00e9s et conditions NOTE D&rsquo;INFORMATION&nbsp;SUR LE TRAITEMENT DES DONN\u00c9ES PERSONNELLES...\" \/>\n<meta property=\"og:url\" content=\"https:\/\/restyling.exenia.eu\/condizioni-generali-di-vendita-e-garanzia\/\" \/>\n<meta property=\"og:site_name\" content=\"Exenia\" \/>\n<meta property=\"article:publisher\" content=\"https:\/\/www.facebook.com\/exenialighting\" \/>\n<meta property=\"article:modified_time\" content=\"2023-03-08T14:31:00+00:00\" \/>\n<meta property=\"og:image\" content=\"https:\/\/restyling.exenia.eu\/wp-content\/uploads\/2022\/09\/logo_exenia-e1678467519405.png\" \/>\n\t<meta property=\"og:image:width\" content=\"600\" \/>\n\t<meta property=\"og:image:height\" content=\"194\" \/>\n\t<meta property=\"og:image:type\" content=\"image\/png\" \/>\n<!-- \/ Yoast SEO plugin. -->","yoast_head_json":{"title":"Termes de vente g\u00e9n\u00e9raux et garantie | Exenia","robots":{"index":"noindex","follow":"follow","max-snippet":"max-snippet:-1","max-image-preview":"max-image-preview:large","max-video-preview":"max-video-preview:-1"},"og_locale":"fr_FR","og_type":"article","og_title":"Termes de vente g\u00e9n\u00e9raux et garantie | Exenia","og_description":"Modalit\u00e9s et conditions NOTE D&rsquo;INFORMATION&nbsp;SUR LE TRAITEMENT DES DONN\u00c9ES PERSONNELLES...","og_url":"https:\/\/restyling.exenia.eu\/condizioni-generali-di-vendita-e-garanzia\/","og_site_name":"Exenia","article_publisher":"https:\/\/www.facebook.com\/exenialighting","article_modified_time":"2023-03-08T14:31:00+00:00","og_image":[{"width":600,"height":194,"url":"https:\/\/restyling.exenia.eu\/wp-content\/uploads\/2022\/09\/logo_exenia-e1678467519405.png","type":"image\/png"}],"schema":{"@context":"https:\/\/schema.org","@graph":[{"@type":"WebPage","@id":"https:\/\/restyling.exenia.eu\/condizioni-generali-di-vendita-e-garanzia\/","url":"https:\/\/restyling.exenia.eu\/condizioni-generali-di-vendita-e-garanzia\/","name":"Termes de vente g\u00e9n\u00e9raux et garantie | Exenia","isPartOf":{"@id":"https:\/\/restyling.exenia.eu\/#website"},"datePublished":"2023-02-15T17:14:00+00:00","dateModified":"2023-03-08T14:31:00+00:00","breadcrumb":{"@id":"https:\/\/restyling.exenia.eu\/condizioni-generali-di-vendita-e-garanzia\/#breadcrumb"},"inLanguage":"fr-FR","potentialAction":[{"@type":"ReadAction","target":["https:\/\/restyling.exenia.eu\/condizioni-generali-di-vendita-e-garanzia\/"]}]},{"@type":"BreadcrumbList","@id":"https:\/\/restyling.exenia.eu\/condizioni-generali-di-vendita-e-garanzia\/#breadcrumb","itemListElement":[{"@type":"ListItem","position":1,"name":"Home","item":"https:\/\/restyling.exenia.eu\/"},{"@type":"ListItem","position":2,"name":"Termes de vente g\u00e9n\u00e9raux et garantie"}]},{"@type":"WebSite","@id":"https:\/\/restyling.exenia.eu\/#website","url":"https:\/\/restyling.exenia.eu\/","name":"Exenia","description":"","publisher":{"@id":"https:\/\/restyling.exenia.eu\/#organization"},"potentialAction":[{"@type":"SearchAction","target":{"@type":"EntryPoint","urlTemplate":"https:\/\/restyling.exenia.eu\/?s={search_term_string}"},"query-input":{"@type":"PropertyValueSpecification","valueRequired":true,"valueName":"search_term_string"}}],"inLanguage":"fr-FR"},{"@type":"Organization","@id":"https:\/\/restyling.exenia.eu\/#organization","name":"Exenia","url":"https:\/\/restyling.exenia.eu\/","logo":{"@type":"ImageObject","inLanguage":"fr-FR","@id":"https:\/\/restyling.exenia.eu\/#\/schema\/logo\/image\/","url":"https:\/\/restyling.exenia.eu\/wp-content\/uploads\/2022\/09\/logo_exenia-e1678467519405.png","contentUrl":"https:\/\/restyling.exenia.eu\/wp-content\/uploads\/2022\/09\/logo_exenia-e1678467519405.png","width":600,"height":194,"caption":"Exenia"},"image":{"@id":"https:\/\/restyling.exenia.eu\/#\/schema\/logo\/image\/"},"sameAs":["https:\/\/www.facebook.com\/exenialighting","https:\/\/x.com\/ExeniaLighting"]}]}},"_links":{"self":[{"href":"https:\/\/restyling.exenia.eu\/fr\/wp-json\/wp\/v2\/pages\/28755","targetHints":{"allow":["GET"]}}],"collection":[{"href":"https:\/\/restyling.exenia.eu\/fr\/wp-json\/wp\/v2\/pages"}],"about":[{"href":"https:\/\/restyling.exenia.eu\/fr\/wp-json\/wp\/v2\/types\/page"}],"author":[{"embeddable":true,"href":"https:\/\/restyling.exenia.eu\/fr\/wp-json\/wp\/v2\/users\/1"}],"replies":[{"embeddable":true,"href":"https:\/\/restyling.exenia.eu\/fr\/wp-json\/wp\/v2\/comments?post=28755"}],"version-history":[{"count":0,"href":"https:\/\/restyling.exenia.eu\/fr\/wp-json\/wp\/v2\/pages\/28755\/revisions"}],"wp:attachment":[{"href":"https:\/\/restyling.exenia.eu\/fr\/wp-json\/wp\/v2\/media?parent=28755"}],"curies":[{"name":"wp","href":"https:\/\/api.w.org\/{rel}","templated":true}]}}