{"id":27139,"date":"2023-11-21T09:56:58","date_gmt":"2023-11-21T08:56:58","guid":{"rendered":"https:\/\/www.exenia.eu\/prodotto\/r2-230-2\/"},"modified":"2024-07-26T11:33:13","modified_gmt":"2024-07-26T09:33:13","slug":"r2-230","status":"publish","type":"product","link":"https:\/\/restyling.exenia.eu\/fr\/produit\/r2-230\/","title":{"rendered":"R2 230"},"content":{"rendered":"<p>Mod\u00e8le de projecteur \u00e0 LED innovant comprenant une chambre de ventilation passive qui permet une r\u00e9duction substantielle de la temp\u00e9rature de fonctionnement et donc une r\u00e9duction de la taille du luminaire, avec un rendement lumineux allant jusqu&rsquo;\u00e0 4 410 lm (nom.). La construction par moulage en trois pi\u00e8ces et le transformateur int\u00e9gr\u00e9 \u00e0 l&rsquo;adaptateur de rail en font une approche r\u00e9ellement discr\u00e8te de l&rsquo;\u00e9clairage par rail.\u00a0 Ce mod\u00e8le combin\u00e9 \u00e0 de nouvelles optiques \u00e0 R\u00c9FLEXION TOTALE INTERNE en aluminium et \u00e0 profil bas, garantit des performances \u00e9lev\u00e9es en termes de rendement et de qualit\u00e9 de la lumi\u00e8re. Ce projecteur offre une libert\u00e9 unique de combiner les couleurs en choisissant les options de finition pour le corps du luminaire, la chambre et le bras de ventilation, l&rsquo;adaptateur de rail et l&rsquo;anneau color\u00e9.<\/p>\n","protected":false},"excerpt":{"rendered":"<p>Mod\u00e8le de projecteur \u00e0 LED innovant comprenant une chambre de&#8230;<\/p>\n","protected":false},"featured_media":44158,"template":"","meta":{"_acf_changed":false},"product_brand":[],"product_cat":[5347],"product_tag":[8546,8550,8580],"categoria-admin-prodotto":[],"class_list":{"0":"post-27139","1":"product","2":"type-product","3":"status-publish","4":"has-post-thumbnail","6":"product_cat-r2-fr","7":"product_tag-615e1-fr","8":"product_tag-615e2-fr","9":"product_tag-615e3-fr","10":"pa_cct-2700k-fr","11":"pa_cct-3000k-fr","12":"pa_cct-4000k-fr","13":"pa_certificazione-conformita-ce-fr","14":"pa_classe-f-oui","15":"pa_cri-85-fr","16":"pa_cri-95-fr","17":"pa_grado-ip-ip20-fr","18":"pa_lifetime-l80b10-100-000-ore-fr","19":"pa_temperatura-di-esercizio-10-30-fr","21":"first","22":"instock","23":"purchasable","24":"product-type-composite"},"composite_virtual":false,"composite_layout":"single","composite_add_to_cart_form_location":"default","composite_editable_in_cart":false,"composite_sold_individually_context":"product","composite_shop_price_calc":"defaults","composite_components":[{"id":"1674809676","title":"Corp de l&#039;appareil","description":"","query_type":"product_ids","query_ids":[18588],"default_option_id":18588,"thumbnail_id":"","thumbnail_src":"","quantity_min":1,"quantity_max":1,"priced_individually":false,"shipped_individually":false,"optional":false,"discount":"","options_style":"radios","pagination_style":"classic","display_prices":"absolute","show_sorting_options":false,"show_filtering_options":false,"attribute_filter_ids":[],"product_title_visible":false,"product_descr_visible":false,"product_price_visible":false,"product_thumb_visible":false,"subtotal_visible_product":false,"subtotal_visible_cart":false,"subtotal_visible_orders":false},{"id":"1674809677","title":"Puissance","description":"","query_type":"product_ids","query_ids":[19021,19022,19023,19024],"default_option_id":"","thumbnail_id":"","thumbnail_src":"","quantity_min":1,"quantity_max":1,"priced_individually":false,"shipped_individually":false,"optional":true,"discount":"","options_style":"radios","pagination_style":"classic","display_prices":"absolute","show_sorting_options":false,"show_filtering_options":false,"attribute_filter_ids":[],"product_title_visible":false,"product_descr_visible":false,"product_price_visible":false,"product_thumb_visible":false,"subtotal_visible_product":false,"subtotal_visible_cart":false,"subtotal_visible_orders":false},{"id":"1674809678","title":"Controle","description":"","query_type":"product_ids","query_ids":[18444,18473,18492,18471],"default_option_id":"","thumbnail_id":"","thumbnail_src":"","quantity_min":1,"quantity_max":1,"priced_individually":false,"shipped_individually":false,"optional":true,"discount":"","options_style":"radios","pagination_style":"classic","display_prices":"absolute","show_sorting_options":false,"show_filtering_options":false,"attribute_filter_ids":[],"product_title_visible":false,"product_descr_visible":false,"product_price_visible":false,"product_thumb_visible":false,"subtotal_visible_product":false,"subtotal_visible_cart":false,"subtotal_visible_orders":false},{"id":"1674810670","title":"Finition du bo\u00eetier","description":"","query_type":"product_ids","query_ids":[22410,22415,22420],"default_option_id":"","thumbnail_id":"","thumbnail_src":"","quantity_min":1,"quantity_max":1,"priced_individually":false,"shipped_individually":false,"optional":true,"discount":"","options_style":"radios","pagination_style":"classic","display_prices":"absolute","show_sorting_options":false,"show_filtering_options":false,"attribute_filter_ids":[],"product_title_visible":false,"product_descr_visible":false,"product_price_visible":false,"product_thumb_visible":false,"subtotal_visible_product":false,"subtotal_visible_cart":false,"subtotal_visible_orders":false},{"id":"1674810671","title":"Finition de l&#039;adaptateur","description":"","query_type":"product_ids","query_ids":[18703,18704],"default_option_id":"","thumbnail_id":"","thumbnail_src":"","quantity_min":1,"quantity_max":1,"priced_individually":false,"shipped_individually":false,"optional":true,"discount":"","options_style":"radios","pagination_style":"classic","display_prices":"absolute","show_sorting_options":false,"show_filtering_options":false,"attribute_filter_ids":[],"product_title_visible":false,"product_descr_visible":false,"product_price_visible":false,"product_thumb_visible":false,"subtotal_visible_product":false,"subtotal_visible_cart":false,"subtotal_visible_orders":false},{"id":"1674810672","title":"CRI-CCT","description":"","query_type":"product_ids","query_ids":[18653,18631,18632,18633],"default_option_id":"","thumbnail_id":"","thumbnail_src":"","quantity_min":1,"quantity_max":1,"priced_individually":false,"shipped_individually":false,"optional":true,"discount":"","options_style":"radios","pagination_style":"classic","display_prices":"absolute","show_sorting_options":false,"show_filtering_options":false,"attribute_filter_ids":[],"product_title_visible":false,"product_descr_visible":false,"product_price_visible":false,"product_thumb_visible":false,"subtotal_visible_product":false,"subtotal_visible_cart":false,"subtotal_visible_orders":false},{"id":"1674810673","title":"Commandez s\u00e9par\u00e9ment","description":"","query_type":"product_ids","query_ids":[7634],"default_option_id":7634,"thumbnail_id":"","thumbnail_src":"","quantity_min":1,"quantity_max":1,"priced_individually":false,"shipped_individually":false,"optional":false,"discount":"","options_style":"radios","pagination_style":"classic","display_prices":"absolute","show_sorting_options":false,"show_filtering_options":false,"attribute_filter_ids":[],"product_title_visible":false,"product_descr_visible":false,"product_price_visible":false,"product_thumb_visible":false,"subtotal_visible_product":false,"subtotal_visible_cart":false,"subtotal_visible_orders":false},{"id":"1674813135","title":"Accessoires optiques primaires","description":"","query_type":"product_ids","query_ids":[22424,22428,24474],"default_option_id":"","thumbnail_id":"","thumbnail_src":"","quantity_min":1,"quantity_max":1,"priced_individually":false,"shipped_individually":false,"optional":true,"discount":"","options_style":"radios","pagination_style":"classic","display_prices":"absolute","show_sorting_options":false,"show_filtering_options":false,"attribute_filter_ids":[],"product_title_visible":false,"product_descr_visible":true,"product_price_visible":false,"product_thumb_visible":true,"subtotal_visible_product":false,"subtotal_visible_cart":false,"subtotal_visible_orders":false},{"id":"1674813136","title":"Optique","description":"","query_type":"product_ids","query_ids":[22436,50473,50478,50483,18816,22461,24470],"default_option_id":"","thumbnail_id":"","thumbnail_src":"","quantity_min":1,"quantity_max":1,"priced_individually":false,"shipped_individually":false,"optional":true,"discount":"","options_style":"radios","pagination_style":"classic","display_prices":"absolute","show_sorting_options":false,"show_filtering_options":false,"attribute_filter_ids":[],"product_title_visible":false,"product_descr_visible":false,"product_price_visible":false,"product_thumb_visible":false,"subtotal_visible_product":false,"subtotal_visible_cart":false,"subtotal_visible_orders":false},{"id":"1675682272","title":"Accessoires optiques secondaires","description":"","query_type":"product_ids","query_ids":[38260],"default_option_id":38260,"thumbnail_id":"","thumbnail_src":"","quantity_min":1,"quantity_max":1,"priced_individually":false,"shipped_individually":false,"optional":false,"discount":"","options_style":"radios","pagination_style":"classic","display_prices":"absolute","show_sorting_options":false,"show_filtering_options":false,"attribute_filter_ids":[],"product_title_visible":false,"product_descr_visible":false,"product_price_visible":false,"product_thumb_visible":false,"subtotal_visible_product":false,"subtotal_visible_cart":false,"subtotal_visible_orders":false},{"id":"1678973880","title":"S\u00e9lectionnez pour activer la bague d\u00e9corative","description":"","query_type":"product_ids","query_ids":[7634],"default_option_id":"","thumbnail_id":"","thumbnail_src":"","quantity_min":1,"quantity_max":1,"priced_individually":false,"shipped_individually":false,"optional":true,"discount":"","options_style":"radios","pagination_style":"classic","display_prices":"absolute","show_sorting_options":false,"show_filtering_options":false,"attribute_filter_ids":[],"product_title_visible":false,"product_descr_visible":false,"product_price_visible":false,"product_thumb_visible":false,"subtotal_visible_product":false,"subtotal_visible_cart":false,"subtotal_visible_orders":false},{"id":"1675682274","title":"Anneau d\u00e9coratif","description":"","query_type":"product_ids","query_ids":[45887],"default_option_id":45887,"thumbnail_id":"","thumbnail_src":"","quantity_min":1,"quantity_max":1,"priced_individually":false,"shipped_individually":false,"optional":false,"discount":"","options_style":"radios","pagination_style":"classic","display_prices":"absolute","show_sorting_options":false,"show_filtering_options":false,"attribute_filter_ids":[],"product_title_visible":false,"product_descr_visible":false,"product_price_visible":false,"product_thumb_visible":true,"subtotal_visible_product":false,"subtotal_visible_cart":false,"subtotal_visible_orders":false}],"composite_scenarios":[{"id":"1674813330","name":"12\/18w","description":"","configuration":[{"component_id":"1674809677","options_modifier":"in","component_options":[19021,19022]}],"actions":[{"action_id":"compat_group","is_active":false},{"action_id":"conditional_components","is_active":false,"hidden_components":[]},{"action_id":"conditional_options","is_active":true,"hidden_options":[{"component_id":"1674813135","component_options":[22428],"options_modifier":"in"},{"component_id":"1674813136","component_options":[50483,18816,22461],"options_modifier":"in"}]}],"enabled":true},{"id":"1674813331","name":"25\/31w","description":"","configuration":[{"component_id":"1674809677","options_modifier":"in","component_options":[19023,19024]}],"actions":[{"action_id":"compat_group","is_active":false},{"action_id":"conditional_components","is_active":false,"hidden_components":[]},{"action_id":"conditional_options","is_active":true,"hidden_options":[{"component_id":"1674813135","component_options":[22424],"options_modifier":"in"},{"component_id":"1674813136","component_options":[22436,50473,50478],"options_modifier":"in"}]}],"enabled":true},{"id":"1674813332","name":"ottica 12\/18","description":"","configuration":[{"component_id":"1674813135","options_modifier":"in","component_options":[22424]}],"actions":[{"action_id":"compat_group","is_active":false},{"action_id":"conditional_components","is_active":false,"hidden_components":[]},{"action_id":"conditional_options","is_active":true,"hidden_options":[{"component_id":"1674809677","component_options":[19023,19024],"options_modifier":"in"},{"component_id":"1674813136","component_options":[50483,18816,22461,24470],"options_modifier":"in"}]}],"enabled":true},{"id":"1674813333","name":"ottica 25\/31","description":"","configuration":[{"component_id":"1674813135","options_modifier":"in","component_options":[22428]}],"actions":[{"action_id":"compat_group","is_active":false},{"action_id":"conditional_components","is_active":false,"hidden_components":[]},{"action_id":"conditional_options","is_active":true,"hidden_options":[{"component_id":"1674809677","component_options":[19021,19022],"options_modifier":"in"},{"component_id":"1674813136","component_options":[22436,50473,50478,24470],"options_modifier":"in"}]}],"enabled":true},{"id":"1674813334","name":"fascio 12\/18","description":"","configuration":[{"component_id":"1674813136","options_modifier":"in","component_options":[22436,50473,50478]}],"actions":[{"action_id":"compat_group","is_active":false},{"action_id":"conditional_components","is_active":false,"hidden_components":[]},{"action_id":"conditional_options","is_active":true,"hidden_options":[{"component_id":"1674809677","component_options":[19023,19024],"options_modifier":"in"},{"component_id":"1674813135","component_options":[22428,24474],"options_modifier":"in"}]}],"enabled":true},{"id":"1674813335","name":"fascio 25\/31","description":"","configuration":[{"component_id":"1674813136","options_modifier":"in","component_options":[50483,18816,22461]}],"actions":[{"action_id":"compat_group","is_active":false},{"action_id":"conditional_components","is_active":false,"hidden_components":[]},{"action_id":"conditional_options","is_active":true,"hidden_options":[{"component_id":"1674809677","component_options":[19021,19022],"options_modifier":"in"},{"component_id":"1674813135","component_options":[22424,24474],"options_modifier":"in"}]}],"enabled":true},{"id":"1674813336","name":"zoom","description":"","configuration":[{"component_id":"1674813135","options_modifier":"in","component_options":[24474]}],"actions":[{"action_id":"compat_group","is_active":false},{"action_id":"conditional_components","is_active":true,"hidden_components":["1675682272","1678973880","1675682274"]},{"action_id":"conditional_options","is_active":true,"hidden_options":[{"component_id":"1674813136","component_options":[-1,24470],"options_modifier":"not-in"},{"component_id":"1675682274","component_options":[-1],"options_modifier":"not-in"}]}],"enabled":true},{"id":"1675682437","name":"no anello dec.","description":"","configuration":[{"component_id":"1678973880","options_modifier":"in","component_options":[-1]}],"actions":[{"action_id":"compat_group","is_active":false},{"action_id":"conditional_components","is_active":true,"hidden_components":["1675682274"]},{"action_id":"conditional_options","is_active":true,"hidden_options":[{"component_id":"1675682274","component_options":[-1],"options_modifier":"not-in"}]}],"enabled":true},{"id":"1675682592","name":"ottica zoom","description":"","configuration":[{"component_id":"1674813136","options_modifier":"in","component_options":[24470]}],"actions":[{"action_id":"compat_group","is_active":false},{"action_id":"conditional_components","is_active":true,"hidden_components":["1675682272","1678973880","1675682274"]},{"action_id":"conditional_options","is_active":true,"hidden_options":[{"component_id":"1674813135","component_options":[-1,24474],"options_modifier":"not-in"}]}],"enabled":true},{"id":"1699884222","name":"31W NO CASAMBI","description":"","configuration":[{"component_id":"1674809677","options_modifier":"in","component_options":[19024]}],"actions":[{"action_id":"compat_group","is_active":false},{"action_id":"conditional_components","is_active":false,"hidden_components":[]},{"action_id":"conditional_options","is_active":true,"hidden_options":[{"component_id":"1674809678","component_options":[18471],"options_modifier":"in"}]}],"enabled":true},{"id":"1699884223","name":"NO CAS. 31W","description":"","configuration":[{"component_id":"1674809678","options_modifier":"in","component_options":[18471]}],"actions":[{"action_id":"compat_group","is_active":false},{"action_id":"conditional_components","is_active":false,"hidden_components":[]},{"action_id":"conditional_options","is_active":true,"hidden_options":[{"component_id":"1674809677","component_options":[19024],"options_modifier":"in"}]}],"enabled":true}],"bundled_by":[],"bundle_stock_status":"instock","bundle_stock_quantity":null,"bundle_virtual":false,"bundle_layout":"","bundle_add_to_cart_form_location":"","bundle_editable_in_cart":false,"bundle_sold_individually_context":"","bundle_item_grouping":"","bundle_min_size":"","bundle_max_size":"","bundled_items":[],"bundle_sell_ids":[],"acf":[],"yoast_head":"<!-- This site is optimized with the Yoast SEO plugin v27.5 - https:\/\/yoast.com\/product\/yoast-seo-wordpress\/ -->\n<title>R2 230 | Exenia<\/title>\n<meta name=\"robots\" content=\"noindex, follow, max-snippet:-1, max-image-preview:large, max-video-preview:-1\" \/>\n<meta property=\"og:locale\" content=\"fr_FR\" \/>\n<meta property=\"og:type\" content=\"article\" \/>\n<meta property=\"og:title\" content=\"R2 230 | Exenia\" \/>\n<meta property=\"og:description\" content=\"Mod\u00e8le de projecteur \u00e0 LED innovant comprenant une chambre de...\" \/>\n<meta property=\"og:url\" content=\"https:\/\/restyling.exenia.eu\/fr\/produit\/r2-230\/\" \/>\n<meta property=\"og:site_name\" content=\"Exenia\" \/>\n<meta property=\"article:publisher\" content=\"https:\/\/www.facebook.com\/exenialighting\" \/>\n<meta property=\"article:modified_time\" content=\"2024-07-26T09:33:13+00:00\" \/>\n<meta property=\"og:image\" content=\"https:\/\/restyling.exenia.eu\/wp-content\/uploads\/2023\/04\/R2-230.jpg\" \/>\n\t<meta property=\"og:image:width\" content=\"2000\" \/>\n\t<meta property=\"og:image:height\" content=\"1919\" \/>\n\t<meta property=\"og:image:type\" content=\"image\/jpeg\" \/>\n<!-- \/ Yoast SEO plugin. -->","yoast_head_json":{"title":"R2 230 | Exenia","robots":{"index":"noindex","follow":"follow","max-snippet":"max-snippet:-1","max-image-preview":"max-image-preview:large","max-video-preview":"max-video-preview:-1"},"og_locale":"fr_FR","og_type":"article","og_title":"R2 230 | Exenia","og_description":"Mod\u00e8le de projecteur \u00e0 LED innovant comprenant une chambre de...","og_url":"https:\/\/restyling.exenia.eu\/fr\/produit\/r2-230\/","og_site_name":"Exenia","article_publisher":"https:\/\/www.facebook.com\/exenialighting","article_modified_time":"2024-07-26T09:33:13+00:00","og_image":[{"width":2000,"height":1919,"url":"https:\/\/restyling.exenia.eu\/wp-content\/uploads\/2023\/04\/R2-230.jpg","type":"image\/jpeg"}],"schema":{"@context":"https:\/\/schema.org","@graph":[{"@type":"WebPage","@id":"https:\/\/restyling.exenia.eu\/fr\/produit\/r2-230\/","url":"https:\/\/restyling.exenia.eu\/fr\/produit\/r2-230\/","name":"R2 230 | Exenia","isPartOf":{"@id":"https:\/\/restyling.exenia.eu\/#website"},"primaryImageOfPage":{"@id":"https:\/\/restyling.exenia.eu\/fr\/produit\/r2-230\/#primaryimage"},"image":{"@id":"https:\/\/restyling.exenia.eu\/fr\/produit\/r2-230\/#primaryimage"},"thumbnailUrl":"https:\/\/restyling.exenia.eu\/wp-content\/uploads\/2023\/04\/R2-230.jpg","datePublished":"2023-11-21T08:56:58+00:00","dateModified":"2024-07-26T09:33:13+00:00","breadcrumb":{"@id":"https:\/\/restyling.exenia.eu\/fr\/produit\/r2-230\/#breadcrumb"},"inLanguage":"fr-FR","potentialAction":[{"@type":"ReadAction","target":["https:\/\/restyling.exenia.eu\/fr\/produit\/r2-230\/"]}]},{"@type":"ImageObject","inLanguage":"fr-FR","@id":"https:\/\/restyling.exenia.eu\/fr\/produit\/r2-230\/#primaryimage","url":"https:\/\/restyling.exenia.eu\/wp-content\/uploads\/2023\/04\/R2-230.jpg","contentUrl":"https:\/\/restyling.exenia.eu\/wp-content\/uploads\/2023\/04\/R2-230.jpg","width":2000,"height":1919},{"@type":"BreadcrumbList","@id":"https:\/\/restyling.exenia.eu\/fr\/produit\/r2-230\/#breadcrumb","itemListElement":[{"@type":"ListItem","position":1,"name":"Home","item":"https:\/\/restyling.exenia.eu\/"},{"@type":"ListItem","position":2,"name":"Produits","item":"https:\/\/restyling.exenia.eu\/prodotti\/"},{"@type":"ListItem","position":3,"name":"Indoor","item":"https:\/\/restyling.exenia.eu\/fr\/c\/indoor\/"},{"@type":"ListItem","position":4,"name":"Luminaires pour syst\u00e8mes\/pistes","item":"https:\/\/restyling.exenia.eu\/fr\/c\/indoor\/luminaires-pour-systemes-pistes\/"},{"@type":"ListItem","position":5,"name":"230 V","item":"https:\/\/restyling.exenia.eu\/fr\/c\/indoor\/luminaires-pour-systemes-pistes\/230-v-fr\/"},{"@type":"ListItem","position":6,"name":"R2","item":"https:\/\/restyling.exenia.eu\/c\/indoor\/apparecchi-per-sistemi-binari-elettrificati\/230-v\/r2-230v\/"},{"@type":"ListItem","position":7,"name":"R2 230"}]},{"@type":"WebSite","@id":"https:\/\/restyling.exenia.eu\/#website","url":"https:\/\/restyling.exenia.eu\/","name":"Exenia","description":"","publisher":{"@id":"https:\/\/restyling.exenia.eu\/#organization"},"potentialAction":[{"@type":"SearchAction","target":{"@type":"EntryPoint","urlTemplate":"https:\/\/restyling.exenia.eu\/?s={search_term_string}"},"query-input":{"@type":"PropertyValueSpecification","valueRequired":true,"valueName":"search_term_string"}}],"inLanguage":"fr-FR"},{"@type":"Organization","@id":"https:\/\/restyling.exenia.eu\/#organization","name":"Exenia","url":"https:\/\/restyling.exenia.eu\/","logo":{"@type":"ImageObject","inLanguage":"fr-FR","@id":"https:\/\/restyling.exenia.eu\/#\/schema\/logo\/image\/","url":"https:\/\/restyling.exenia.eu\/wp-content\/uploads\/2022\/09\/logo_exenia-e1678467519405.png","contentUrl":"https:\/\/restyling.exenia.eu\/wp-content\/uploads\/2022\/09\/logo_exenia-e1678467519405.png","width":600,"height":194,"caption":"Exenia"},"image":{"@id":"https:\/\/restyling.exenia.eu\/#\/schema\/logo\/image\/"},"sameAs":["https:\/\/www.facebook.com\/exenialighting","https:\/\/x.com\/ExeniaLighting"]}]}},"_links":{"self":[{"href":"https:\/\/restyling.exenia.eu\/fr\/wp-json\/wp\/v2\/product\/27139","targetHints":{"allow":["GET"]}}],"collection":[{"href":"https:\/\/restyling.exenia.eu\/fr\/wp-json\/wp\/v2\/product"}],"about":[{"href":"https:\/\/restyling.exenia.eu\/fr\/wp-json\/wp\/v2\/types\/product"}],"wp:featuredmedia":[{"embeddable":true,"href":"https:\/\/restyling.exenia.eu\/fr\/wp-json\/wp\/v2\/media\/44158"}],"wp:attachment":[{"href":"https:\/\/restyling.exenia.eu\/fr\/wp-json\/wp\/v2\/media?parent=27139"}],"wp:term":[{"taxonomy":"product_brand","embeddable":true,"href":"https:\/\/restyling.exenia.eu\/fr\/wp-json\/wp\/v2\/product_brand?post=27139"},{"taxonomy":"product_cat","embeddable":true,"href":"https:\/\/restyling.exenia.eu\/fr\/wp-json\/wp\/v2\/product_cat?post=27139"},{"taxonomy":"product_tag","embeddable":true,"href":"https:\/\/restyling.exenia.eu\/fr\/wp-json\/wp\/v2\/product_tag?post=27139"},{"taxonomy":"categoria-admin-prodotto","embeddable":true,"href":"https:\/\/restyling.exenia.eu\/fr\/wp-json\/wp\/v2\/categoria-admin-prodotto?post=27139"}],"curies":[{"name":"wp","href":"https:\/\/api.w.org\/{rel}","templated":true}]}}