{"id":27453,"date":"2022-11-24T09:49:47","date_gmt":"2022-11-24T08:49:47","guid":{"rendered":"https:\/\/www.exenia.eu\/prodotto\/bilux-plafone\/"},"modified":"2023-06-13T14:38:56","modified_gmt":"2023-06-13T12:38:56","slug":"bilux-plafonnier","status":"publish","type":"product","link":"https:\/\/restyling.exenia.eu\/fr\/produit\/bilux-plafonnier\/","title":{"rendered":"Bilux Plafonnier"},"content":{"rendered":"<p>Projecteur de plafond \u00e0 LED \u00ab\u00a0chip on board\u00a0\u00bb (COB) aliment\u00e9 en courant continu \u00e0 courant constant gr\u00e2ce \u00e0 un ballast \u00e9lectronique int\u00e9gr\u00e9 dans le luminaire. La source est install\u00e9e sur une unit\u00e9 optique fixe avec une fonction de dissipation. Le corps du luminaire est en aluminium \u00e9tir\u00e9 rev\u00eatu de peinture liquide. Anneau d\u00e9coratif rev\u00eatu de peinture liquide. Optique r\u00e9fl\u00e9chissante en polycarbonate peint finition miroir apte \u00e0 diriger les flux lumineux. L&rsquo;anneau d\u00e9coratif et l&rsquo;optique doivent \u00eatre command\u00e9s s\u00e9par\u00e9ment. Faisceau moyen, grand, vaste, et tr\u00e8s grand.<\/p>\n","protected":false},"excerpt":{"rendered":"<p>Projecteur de plafond \u00e0 LED \u00ab\u00a0chip on board\u00a0\u00bb (COB) aliment\u00e9&#8230;<\/p>\n","protected":false},"featured_media":10572,"template":"","meta":{"_acf_changed":false},"product_brand":[],"product_cat":[2628],"product_tag":[7716,7720],"categoria-admin-prodotto":[],"class_list":{"0":"post-27453","1":"product","2":"type-product","3":"status-publish","4":"has-post-thumbnail","6":"product_cat-bilux-suspensions-et-plafonniers","7":"product_tag-31940-fr","8":"product_tag-31941-fr","9":"pa_cct-2700k-fr","10":"pa_cct-3000k-fr","11":"pa_cct-4000k-fr","12":"pa_certificazione-conformita-ce-fr","13":"pa_classe-f-oui","14":"pa_cri-85-fr","15":"pa_cri-95-fr","16":"pa_grado-ip-ip20-fr","17":"pa_lifetime-l80b10-100-000-ore-fr","18":"pa_temperatura-di-esercizio-10-30-fr","20":"first","21":"instock","22":"purchasable","23":"product-type-composite"},"composite_virtual":false,"composite_layout":"single","composite_add_to_cart_form_location":"default","composite_editable_in_cart":false,"composite_sold_individually_context":"product","composite_shop_price_calc":"defaults","composite_components":[{"id":"1669388737","title":"Corp de l&#039;appareil","description":"","query_type":"product_ids","query_ids":[13854],"default_option_id":13854,"thumbnail_id":"","thumbnail_src":"","quantity_min":1,"quantity_max":1,"priced_individually":false,"shipped_individually":false,"optional":false,"discount":"","options_style":"radios","pagination_style":"classic","display_prices":"absolute","show_sorting_options":false,"show_filtering_options":false,"attribute_filter_ids":[],"product_title_visible":false,"product_descr_visible":false,"product_price_visible":false,"product_thumb_visible":false,"subtotal_visible_product":false,"subtotal_visible_cart":false,"subtotal_visible_orders":false},{"id":"1669388738","title":"Version","description":"","query_type":"product_ids","query_ids":[19046,19053],"default_option_id":"","thumbnail_id":"","thumbnail_src":"","quantity_min":1,"quantity_max":1,"priced_individually":false,"shipped_individually":false,"optional":true,"discount":"","options_style":"radios","pagination_style":"classic","display_prices":"absolute","show_sorting_options":false,"show_filtering_options":false,"attribute_filter_ids":[],"product_title_visible":false,"product_descr_visible":false,"product_price_visible":false,"product_thumb_visible":false,"subtotal_visible_product":false,"subtotal_visible_cart":false,"subtotal_visible_orders":false},{"id":"1669388739","title":"Controle","description":"","query_type":"product_ids","query_ids":[18447,18451,18453,18454,18456],"default_option_id":"","thumbnail_id":"","thumbnail_src":"","quantity_min":1,"quantity_max":1,"priced_individually":false,"shipped_individually":false,"optional":true,"discount":"","options_style":"radios","pagination_style":"classic","display_prices":"absolute","show_sorting_options":false,"show_filtering_options":false,"attribute_filter_ids":[],"product_title_visible":false,"product_descr_visible":false,"product_price_visible":false,"product_thumb_visible":false,"subtotal_visible_product":false,"subtotal_visible_cart":false,"subtotal_visible_orders":false},{"id":"1669388740","title":"Finition","description":"","query_type":"product_ids","query_ids":[18715,18718,18727],"default_option_id":"","thumbnail_id":"","thumbnail_src":"","quantity_min":1,"quantity_max":1,"priced_individually":false,"shipped_individually":false,"optional":true,"discount":"","options_style":"radios","pagination_style":"classic","display_prices":"absolute","show_sorting_options":false,"show_filtering_options":false,"attribute_filter_ids":[],"product_title_visible":false,"product_descr_visible":false,"product_price_visible":false,"product_thumb_visible":false,"subtotal_visible_product":false,"subtotal_visible_cart":false,"subtotal_visible_orders":false},{"id":"1669388741","title":"CRI-CCT","description":"","query_type":"product_ids","query_ids":[18655,18649,18650,18651],"default_option_id":"","thumbnail_id":"","thumbnail_src":"","quantity_min":1,"quantity_max":1,"priced_individually":false,"shipped_individually":false,"optional":true,"discount":"","options_style":"radios","pagination_style":"classic","display_prices":"absolute","show_sorting_options":false,"show_filtering_options":false,"attribute_filter_ids":[],"product_title_visible":false,"product_descr_visible":false,"product_price_visible":false,"product_thumb_visible":false,"subtotal_visible_product":false,"subtotal_visible_cart":false,"subtotal_visible_orders":false},{"id":"1669390431","title":"Commandez s\u00e9par\u00e9ment","description":"","query_type":"product_ids","query_ids":[7634],"default_option_id":7634,"thumbnail_id":"","thumbnail_src":"","quantity_min":1,"quantity_max":1,"priced_individually":false,"shipped_individually":false,"optional":false,"discount":"","options_style":"radios","pagination_style":"classic","display_prices":"absolute","show_sorting_options":false,"show_filtering_options":false,"attribute_filter_ids":[],"product_title_visible":false,"product_descr_visible":false,"product_price_visible":false,"product_thumb_visible":false,"subtotal_visible_product":false,"subtotal_visible_cart":false,"subtotal_visible_orders":false},{"id":"1669390432","title":"Accessoires optiques primaires","description":"","query_type":"product_ids","query_ids":[18179,18180],"default_option_id":"","thumbnail_id":"","thumbnail_src":"","quantity_min":1,"quantity_max":1,"priced_individually":false,"shipped_individually":false,"optional":true,"discount":"","options_style":"radios","pagination_style":"classic","display_prices":"absolute","show_sorting_options":false,"show_filtering_options":false,"attribute_filter_ids":[],"product_title_visible":false,"product_descr_visible":false,"product_price_visible":false,"product_thumb_visible":true,"subtotal_visible_product":false,"subtotal_visible_cart":false,"subtotal_visible_orders":false},{"id":"1669390433","title":"Finition de l&#039;anneau","description":"","query_type":"product_ids","query_ids":[18708,18709,18710,18715,18718,18719,18727],"default_option_id":"","thumbnail_id":"","thumbnail_src":"","quantity_min":1,"quantity_max":1,"priced_individually":false,"shipped_individually":false,"optional":true,"discount":"","options_style":"radios","pagination_style":"classic","display_prices":"absolute","show_sorting_options":false,"show_filtering_options":false,"attribute_filter_ids":[],"product_title_visible":false,"product_descr_visible":false,"product_price_visible":false,"product_thumb_visible":false,"subtotal_visible_product":false,"subtotal_visible_cart":false,"subtotal_visible_orders":false},{"id":"1669390434","title":"Optique","description":"","query_type":"product_ids","query_ids":[18819,18837,18842,18818,18806,50451],"default_option_id":"","thumbnail_id":"","thumbnail_src":"","quantity_min":1,"quantity_max":1,"priced_individually":false,"shipped_individually":false,"optional":true,"discount":"","options_style":"radios","pagination_style":"classic","display_prices":"absolute","show_sorting_options":false,"show_filtering_options":false,"attribute_filter_ids":[],"product_title_visible":false,"product_descr_visible":false,"product_price_visible":false,"product_thumb_visible":false,"subtotal_visible_product":false,"subtotal_visible_cart":false,"subtotal_visible_orders":false}],"composite_scenarios":[{"id":"1669390536","name":"esclusione 26W","description":"","configuration":[{"component_id":"1669388738","options_modifier":"in","component_options":[19046]}],"actions":[{"action_id":"compat_group","is_active":false},{"action_id":"conditional_components","is_active":false,"hidden_components":[]},{"action_id":"conditional_options","is_active":true,"hidden_options":[{"component_id":"1669390432","component_options":[18180],"options_modifier":"in"},{"component_id":"1669390434","component_options":[-1,18819,18837,18842],"options_modifier":"not-in"}]}],"enabled":true},{"id":"1669390757","name":"esclusione 40W","description":"","configuration":[{"component_id":"1669388738","options_modifier":"in","component_options":[19053]}],"actions":[{"action_id":"compat_group","is_active":false},{"action_id":"conditional_components","is_active":false,"hidden_components":[]},{"action_id":"conditional_options","is_active":true,"hidden_options":[{"component_id":"1669388739","component_options":[18453],"options_modifier":"in"},{"component_id":"1669390432","component_options":[18179],"options_modifier":"in"},{"component_id":"1669390434","component_options":[-1,18818,18806,50451],"options_modifier":"not-in"}]}],"enabled":true},{"id":"1669391310","name":"t.fase","description":"","configuration":[{"component_id":"1669388739","options_modifier":"in","component_options":[18453]}],"actions":[{"action_id":"compat_group","is_active":false},{"action_id":"conditional_components","is_active":false,"hidden_components":[]},{"action_id":"conditional_options","is_active":true,"hidden_options":[{"component_id":"1669388738","component_options":[19053],"options_modifier":"in"},{"component_id":"1669390434","component_options":[-1,18819,18837,18842],"options_modifier":"not-in"}]}],"enabled":true},{"id":"1669391742","name":"anello piccolo","description":"","configuration":[{"component_id":"1669390432","options_modifier":"in","component_options":[18179]}],"actions":[{"action_id":"compat_group","is_active":false},{"action_id":"conditional_components","is_active":false,"hidden_components":[]},{"action_id":"conditional_options","is_active":true,"hidden_options":[{"component_id":"1669388738","component_options":[19053],"options_modifier":"in"},{"component_id":"1669390434","component_options":[-1,18819,18837,18842],"options_modifier":"not-in"}]}],"enabled":true},{"id":"1669391743","name":"anello grande","description":"","configuration":[{"component_id":"1669390432","options_modifier":"in","component_options":[18180]}],"actions":[{"action_id":"compat_group","is_active":false},{"action_id":"conditional_components","is_active":false,"hidden_components":[]},{"action_id":"conditional_options","is_active":true,"hidden_options":[{"component_id":"1669388738","component_options":[19046],"options_modifier":"in"},{"component_id":"1669388739","component_options":[18453],"options_modifier":"in"},{"component_id":"1669390434","component_options":[-1,18818,18806,50451],"options_modifier":"not-in"}]}],"enabled":true},{"id":"1669391960","name":"fasci anello piccolo","description":"","configuration":[{"component_id":"1669390434","options_modifier":"in","component_options":[18819,18837,18842]}],"actions":[{"action_id":"compat_group","is_active":false},{"action_id":"conditional_components","is_active":false,"hidden_components":[]},{"action_id":"conditional_options","is_active":true,"hidden_options":[{"component_id":"1669388738","component_options":[19053],"options_modifier":"in"},{"component_id":"1669390432","component_options":[18180],"options_modifier":"in"}]}],"enabled":true},{"id":"1669391961","name":"fasci anello grande","description":"","configuration":[{"component_id":"1669390434","options_modifier":"in","component_options":[18818,18806,50451]}],"actions":[{"action_id":"compat_group","is_active":false},{"action_id":"conditional_components","is_active":false,"hidden_components":[]},{"action_id":"conditional_options","is_active":true,"hidden_options":[{"component_id":"1669388738","component_options":[19046],"options_modifier":"in"},{"component_id":"1669388739","component_options":[18453],"options_modifier":"in"},{"component_id":"1669390432","component_options":[18179],"options_modifier":"in"}]}],"enabled":true}],"bundled_by":[],"bundle_stock_status":"instock","bundle_stock_quantity":null,"bundle_virtual":false,"bundle_layout":"","bundle_add_to_cart_form_location":"","bundle_editable_in_cart":false,"bundle_sold_individually_context":"","bundle_item_grouping":"","bundle_min_size":"","bundle_max_size":"","bundled_items":[],"bundle_sell_ids":[],"acf":[],"yoast_head":"<!-- This site is optimized with the Yoast SEO plugin v27.4 - https:\/\/yoast.com\/product\/yoast-seo-wordpress\/ -->\n<title>Bilux Plafonnier | Exenia<\/title>\n<meta name=\"robots\" content=\"noindex, follow, max-snippet:-1, max-image-preview:large, max-video-preview:-1\" \/>\n<meta property=\"og:locale\" content=\"fr_FR\" \/>\n<meta property=\"og:type\" content=\"article\" \/>\n<meta property=\"og:title\" content=\"Bilux Plafonnier | Exenia\" \/>\n<meta property=\"og:description\" content=\"Projecteur de plafond \u00e0 LED \u00ab\u00a0chip on board\u00a0\u00bb (COB) aliment\u00e9...\" \/>\n<meta property=\"og:url\" content=\"https:\/\/restyling.exenia.eu\/fr\/produit\/bilux-plafonnier\/\" \/>\n<meta property=\"og:site_name\" content=\"Exenia\" \/>\n<meta property=\"article:publisher\" content=\"https:\/\/www.facebook.com\/exenialighting\" \/>\n<meta property=\"article:modified_time\" content=\"2023-06-13T12:38:56+00:00\" \/>\n<meta property=\"og:image\" content=\"https:\/\/restyling.exenia.eu\/wp-content\/uploads\/2023\/01\/Bilux-plafone-prodotto.jpg\" \/>\n\t<meta property=\"og:image:width\" content=\"2000\" \/>\n\t<meta property=\"og:image:height\" content=\"1919\" \/>\n\t<meta property=\"og:image:type\" content=\"image\/jpeg\" \/>\n<!-- \/ Yoast SEO plugin. -->","yoast_head_json":{"title":"Bilux Plafonnier | Exenia","robots":{"index":"noindex","follow":"follow","max-snippet":"max-snippet:-1","max-image-preview":"max-image-preview:large","max-video-preview":"max-video-preview:-1"},"og_locale":"fr_FR","og_type":"article","og_title":"Bilux Plafonnier | Exenia","og_description":"Projecteur de plafond \u00e0 LED \u00ab\u00a0chip on board\u00a0\u00bb (COB) aliment\u00e9...","og_url":"https:\/\/restyling.exenia.eu\/fr\/produit\/bilux-plafonnier\/","og_site_name":"Exenia","article_publisher":"https:\/\/www.facebook.com\/exenialighting","article_modified_time":"2023-06-13T12:38:56+00:00","og_image":[{"width":2000,"height":1919,"url":"https:\/\/restyling.exenia.eu\/wp-content\/uploads\/2023\/01\/Bilux-plafone-prodotto.jpg","type":"image\/jpeg"}],"schema":{"@context":"https:\/\/schema.org","@graph":[{"@type":"WebPage","@id":"https:\/\/restyling.exenia.eu\/fr\/produit\/bilux-plafonnier\/","url":"https:\/\/restyling.exenia.eu\/fr\/produit\/bilux-plafonnier\/","name":"Bilux Plafonnier | Exenia","isPartOf":{"@id":"https:\/\/restyling.exenia.eu\/#website"},"primaryImageOfPage":{"@id":"https:\/\/restyling.exenia.eu\/fr\/produit\/bilux-plafonnier\/#primaryimage"},"image":{"@id":"https:\/\/restyling.exenia.eu\/fr\/produit\/bilux-plafonnier\/#primaryimage"},"thumbnailUrl":"https:\/\/restyling.exenia.eu\/wp-content\/uploads\/2023\/01\/Bilux-plafone-prodotto.jpg","datePublished":"2022-11-24T08:49:47+00:00","dateModified":"2023-06-13T12:38:56+00:00","breadcrumb":{"@id":"https:\/\/restyling.exenia.eu\/fr\/produit\/bilux-plafonnier\/#breadcrumb"},"inLanguage":"fr-FR","potentialAction":[{"@type":"ReadAction","target":["https:\/\/restyling.exenia.eu\/fr\/produit\/bilux-plafonnier\/"]}]},{"@type":"ImageObject","inLanguage":"fr-FR","@id":"https:\/\/restyling.exenia.eu\/fr\/produit\/bilux-plafonnier\/#primaryimage","url":"https:\/\/restyling.exenia.eu\/wp-content\/uploads\/2023\/01\/Bilux-plafone-prodotto.jpg","contentUrl":"https:\/\/restyling.exenia.eu\/wp-content\/uploads\/2023\/01\/Bilux-plafone-prodotto.jpg","width":2000,"height":1919},{"@type":"BreadcrumbList","@id":"https:\/\/restyling.exenia.eu\/fr\/produit\/bilux-plafonnier\/#breadcrumb","itemListElement":[{"@type":"ListItem","position":1,"name":"Home","item":"https:\/\/restyling.exenia.eu\/"},{"@type":"ListItem","position":2,"name":"Produits","item":"https:\/\/restyling.exenia.eu\/prodotti\/"},{"@type":"ListItem","position":3,"name":"Indoor","item":"https:\/\/restyling.exenia.eu\/fr\/c\/indoor\/"},{"@type":"ListItem","position":4,"name":"Suspensions et plafonniers","item":"https:\/\/restyling.exenia.eu\/fr\/c\/indoor\/suspensions-et-plafonniers\/"},{"@type":"ListItem","position":5,"name":"Bilux","item":"https:\/\/restyling.exenia.eu\/fr\/c\/indoor\/suspensions-et-plafonniers\/bilux-suspensions-et-plafonniers\/"},{"@type":"ListItem","position":6,"name":"Bilux Plafonnier"}]},{"@type":"WebSite","@id":"https:\/\/restyling.exenia.eu\/#website","url":"https:\/\/restyling.exenia.eu\/","name":"Exenia","description":"","publisher":{"@id":"https:\/\/restyling.exenia.eu\/#organization"},"potentialAction":[{"@type":"SearchAction","target":{"@type":"EntryPoint","urlTemplate":"https:\/\/restyling.exenia.eu\/?s={search_term_string}"},"query-input":{"@type":"PropertyValueSpecification","valueRequired":true,"valueName":"search_term_string"}}],"inLanguage":"fr-FR"},{"@type":"Organization","@id":"https:\/\/restyling.exenia.eu\/#organization","name":"Exenia","url":"https:\/\/restyling.exenia.eu\/","logo":{"@type":"ImageObject","inLanguage":"fr-FR","@id":"https:\/\/restyling.exenia.eu\/#\/schema\/logo\/image\/","url":"https:\/\/restyling.exenia.eu\/wp-content\/uploads\/2022\/09\/logo_exenia-e1678467519405.png","contentUrl":"https:\/\/restyling.exenia.eu\/wp-content\/uploads\/2022\/09\/logo_exenia-e1678467519405.png","width":600,"height":194,"caption":"Exenia"},"image":{"@id":"https:\/\/restyling.exenia.eu\/#\/schema\/logo\/image\/"},"sameAs":["https:\/\/www.facebook.com\/exenialighting","https:\/\/x.com\/ExeniaLighting"]}]}},"_links":{"self":[{"href":"https:\/\/restyling.exenia.eu\/fr\/wp-json\/wp\/v2\/product\/27453","targetHints":{"allow":["GET"]}}],"collection":[{"href":"https:\/\/restyling.exenia.eu\/fr\/wp-json\/wp\/v2\/product"}],"about":[{"href":"https:\/\/restyling.exenia.eu\/fr\/wp-json\/wp\/v2\/types\/product"}],"wp:featuredmedia":[{"embeddable":true,"href":"https:\/\/restyling.exenia.eu\/fr\/wp-json\/wp\/v2\/media\/10572"}],"wp:attachment":[{"href":"https:\/\/restyling.exenia.eu\/fr\/wp-json\/wp\/v2\/media?parent=27453"}],"wp:term":[{"taxonomy":"product_brand","embeddable":true,"href":"https:\/\/restyling.exenia.eu\/fr\/wp-json\/wp\/v2\/product_brand?post=27453"},{"taxonomy":"product_cat","embeddable":true,"href":"https:\/\/restyling.exenia.eu\/fr\/wp-json\/wp\/v2\/product_cat?post=27453"},{"taxonomy":"product_tag","embeddable":true,"href":"https:\/\/restyling.exenia.eu\/fr\/wp-json\/wp\/v2\/product_tag?post=27453"},{"taxonomy":"categoria-admin-prodotto","embeddable":true,"href":"https:\/\/restyling.exenia.eu\/fr\/wp-json\/wp\/v2\/categoria-admin-prodotto?post=27453"}],"curies":[{"name":"wp","href":"https:\/\/api.w.org\/{rel}","templated":true}]}}