{"id":52240,"date":"2024-03-20T14:42:31","date_gmt":"2024-03-20T13:42:31","guid":{"rendered":"https:\/\/www.exenia.eu\/?post_type=progetti&#038;p=52240"},"modified":"2024-04-03T12:22:42","modified_gmt":"2024-04-03T10:22:42","slug":"parador-de-muxia","status":"publish","type":"progetti","link":"https:\/\/restyling.exenia.eu\/fr\/projets\/parador-de-muxia\/","title":{"rendered":"Parador De Muxia"},"content":{"rendered":"<p>En collaboration avec la soci\u00e9t\u00e9 <a href=\"http:\/\/sutecsistemas.com\">Sutec<\/a>, nous avons illumin\u00e9 le prestigieux h\u00f4tel Parador de Mux\u00eda gr\u00e2ce \u00e0 un projet sur mesure.<br>Un h\u00f4tel au design contemporain surplombant une magnifique baie de la r\u00e9gion de Galice, en Espagne.<\/p><p>Le projet visait \u00e0 offrir aux clients un excellent niveau de confort et de bien-\u00eatre et \u00e0 mettre en valeur les espaces de l&rsquo;h\u00f4tel gr\u00e2ce \u00e0 des solutions d&rsquo;\u00e9clairage cibl\u00e9es.<\/p><p>Dans les couloirs et les chambres, nous avons choisi les produits <a href=\"https:\/\/restyling.exenia.eu\/fr\/produit\/pluriel-encastre\/\">Pluriel<\/a> et <a href=\"https:\/\/restyling.exenia.eu\/fr\/produit\/pluriel-micro-encastre\/\">Pluriel Micro<\/a>, s\u00e9lectionn\u00e9s pour leur fiabilit\u00e9 et leur confort visuel. Ces solutions assurent un \u00e9clairage homog\u00e8ne, contribuant \u00e0 cr\u00e9er une atmosph\u00e8re accueillante et fonctionnelle pour les clients.<\/p><p>Pour les espaces communs, nous avons utilis\u00e9 le syst\u00e8me de rail \u00e9lectrifi\u00e9 <a href=\"https:\/\/restyling.exenia.eu\/fr\/produit\/rail-48\/\">Track 48<\/a>, compl\u00e9t\u00e9 par des supports de suspension personnalis\u00e9s, afin de r\u00e9pondre aux besoins sp\u00e9cifiques des clients. Cette solution offre une distribution optimale de la lumi\u00e8re, contribuant \u00e0 cr\u00e9er un environnement agr\u00e9able et confortable.<\/p><p>Enfin, nous avons choisi les projecteurs DALI <a href=\"https:\/\/restyling.exenia.eu\/fr\/produit\/spot-48-48-rt\/\">Spot 48<\/a> et <a href=\"https:\/\/restyling.exenia.eu\/fr\/produit\/spot-plus-48-48-rt\/\">Spot 48 Plus<\/a> pour \u00e9clairer les \u0153uvres d&rsquo;art expos\u00e9es, en soulignant leur beaut\u00e9 et leur \u00e9l\u00e9gance. Gr\u00e2ce \u00e0 ces projecteurs, chaque d\u00e9tail des \u0153uvres est mis en valeur, enrichissant ainsi l&rsquo;exp\u00e9rience visuelle des visiteurs.<\/p><p>Le Parador de Mux\u00eda est un point de rep\u00e8re dans la r\u00e9gion, non seulement pour sa beaut\u00e9 architecturale, mais aussi pour son importance historique et environnementale. Nous sommes fiers d&rsquo;avoir contribu\u00e9 \u00e0 sa splendeur gr\u00e2ce \u00e0 des solutions d&rsquo;\u00e9clairage personnalis\u00e9es.<\/p>","protected":false},"excerpt":{"rendered":"<p>En collaboration avec la soci\u00e9t\u00e9 Sutec, nous avons illumin\u00e9 le&#8230;<\/p>\n","protected":false},"featured_media":52242,"parent":0,"menu_order":0,"template":"","meta":{"_acf_changed":false,"footnotes":""},"famiglia_progetto":[563,583,596],"applicazione_progetto":[335,342],"nazione_progetto":[682],"market":[633],"class_list":["post-52240","progetti","type-progetti","status-publish","has-post-thumbnail","hentry","famiglia_progetto-pluriel-fr","famiglia_progetto-spot-48-fr","famiglia_progetto-track-48-fr","applicazione_progetto-eclairage-diffus","applicazione_progetto-projection-fr","nazione_progetto-espagne","market-hospitality"],"acf":[],"yoast_head":"<!-- This site is optimized with the Yoast SEO plugin v27.4 - https:\/\/yoast.com\/product\/yoast-seo-wordpress\/ -->\n<title>Parador De Muxia | Exenia<\/title>\n<meta name=\"robots\" content=\"noindex, follow, max-snippet:-1, max-image-preview:large, max-video-preview:-1\" \/>\n<meta property=\"og:locale\" content=\"fr_FR\" \/>\n<meta property=\"og:type\" content=\"article\" \/>\n<meta property=\"og:title\" content=\"Parador De Muxia | Exenia\" \/>\n<meta property=\"og:description\" content=\"En collaboration avec la soci\u00e9t\u00e9 Sutec, nous avons illumin\u00e9 le...\" \/>\n<meta property=\"og:url\" content=\"https:\/\/restyling.exenia.eu\/fr\/projets\/parador-de-muxia\/\" \/>\n<meta property=\"og:site_name\" content=\"Exenia\" \/>\n<meta property=\"article:publisher\" content=\"https:\/\/www.facebook.com\/exenialighting\" \/>\n<meta property=\"article:modified_time\" content=\"2024-04-03T10:22:42+00:00\" \/>\n<meta property=\"og:image\" content=\"https:\/\/restyling.exenia.eu\/wp-content\/uploads\/2024\/03\/Parador-Costa-da-Morte-4-Zonas-comunes.jpg\" \/>\n\t<meta property=\"og:image:width\" content=\"1619\" \/>\n\t<meta property=\"og:image:height\" content=\"1080\" \/>\n\t<meta property=\"og:image:type\" content=\"image\/jpeg\" \/>\n<!-- \/ Yoast SEO plugin. -->","yoast_head_json":{"title":"Parador De Muxia | Exenia","robots":{"index":"noindex","follow":"follow","max-snippet":"max-snippet:-1","max-image-preview":"max-image-preview:large","max-video-preview":"max-video-preview:-1"},"og_locale":"fr_FR","og_type":"article","og_title":"Parador De Muxia | Exenia","og_description":"En collaboration avec la soci\u00e9t\u00e9 Sutec, nous avons illumin\u00e9 le...","og_url":"https:\/\/restyling.exenia.eu\/fr\/projets\/parador-de-muxia\/","og_site_name":"Exenia","article_publisher":"https:\/\/www.facebook.com\/exenialighting","article_modified_time":"2024-04-03T10:22:42+00:00","og_image":[{"width":1619,"height":1080,"url":"https:\/\/restyling.exenia.eu\/wp-content\/uploads\/2024\/03\/Parador-Costa-da-Morte-4-Zonas-comunes.jpg","type":"image\/jpeg"}],"schema":{"@context":"https:\/\/schema.org","@graph":[{"@type":"WebPage","@id":"https:\/\/restyling.exenia.eu\/fr\/projets\/parador-de-muxia\/","url":"https:\/\/restyling.exenia.eu\/fr\/projets\/parador-de-muxia\/","name":"Parador De Muxia | Exenia","isPartOf":{"@id":"https:\/\/restyling.exenia.eu\/#website"},"primaryImageOfPage":{"@id":"https:\/\/restyling.exenia.eu\/fr\/projets\/parador-de-muxia\/#primaryimage"},"image":{"@id":"https:\/\/restyling.exenia.eu\/fr\/projets\/parador-de-muxia\/#primaryimage"},"thumbnailUrl":"https:\/\/restyling.exenia.eu\/wp-content\/uploads\/2024\/03\/Parador-Costa-da-Morte-4-Zonas-comunes.jpg","datePublished":"2024-03-20T13:42:31+00:00","dateModified":"2024-04-03T10:22:42+00:00","breadcrumb":{"@id":"https:\/\/restyling.exenia.eu\/fr\/projets\/parador-de-muxia\/#breadcrumb"},"inLanguage":"fr-FR","potentialAction":[{"@type":"ReadAction","target":["https:\/\/restyling.exenia.eu\/fr\/projets\/parador-de-muxia\/"]}]},{"@type":"ImageObject","inLanguage":"fr-FR","@id":"https:\/\/restyling.exenia.eu\/fr\/projets\/parador-de-muxia\/#primaryimage","url":"https:\/\/restyling.exenia.eu\/wp-content\/uploads\/2024\/03\/Parador-Costa-da-Morte-4-Zonas-comunes.jpg","contentUrl":"https:\/\/restyling.exenia.eu\/wp-content\/uploads\/2024\/03\/Parador-Costa-da-Morte-4-Zonas-comunes.jpg","width":1619,"height":1080},{"@type":"BreadcrumbList","@id":"https:\/\/restyling.exenia.eu\/fr\/projets\/parador-de-muxia\/#breadcrumb","itemListElement":[{"@type":"ListItem","position":1,"name":"Home","item":"https:\/\/restyling.exenia.eu\/"},{"@type":"ListItem","position":2,"name":"Progetti","item":"https:\/\/restyling.exenia.eu\/progetti\/"},{"@type":"ListItem","position":3,"name":"Parador De Muxia"}]},{"@type":"WebSite","@id":"https:\/\/restyling.exenia.eu\/#website","url":"https:\/\/restyling.exenia.eu\/","name":"Exenia","description":"","publisher":{"@id":"https:\/\/restyling.exenia.eu\/#organization"},"potentialAction":[{"@type":"SearchAction","target":{"@type":"EntryPoint","urlTemplate":"https:\/\/restyling.exenia.eu\/?s={search_term_string}"},"query-input":{"@type":"PropertyValueSpecification","valueRequired":true,"valueName":"search_term_string"}}],"inLanguage":"fr-FR"},{"@type":"Organization","@id":"https:\/\/restyling.exenia.eu\/#organization","name":"Exenia","url":"https:\/\/restyling.exenia.eu\/","logo":{"@type":"ImageObject","inLanguage":"fr-FR","@id":"https:\/\/restyling.exenia.eu\/#\/schema\/logo\/image\/","url":"https:\/\/restyling.exenia.eu\/wp-content\/uploads\/2022\/09\/logo_exenia-e1678467519405.png","contentUrl":"https:\/\/restyling.exenia.eu\/wp-content\/uploads\/2022\/09\/logo_exenia-e1678467519405.png","width":600,"height":194,"caption":"Exenia"},"image":{"@id":"https:\/\/restyling.exenia.eu\/#\/schema\/logo\/image\/"},"sameAs":["https:\/\/www.facebook.com\/exenialighting","https:\/\/x.com\/ExeniaLighting"]}]}},"_links":{"self":[{"href":"https:\/\/restyling.exenia.eu\/fr\/wp-json\/wp\/v2\/progetti\/52240","targetHints":{"allow":["GET"]}}],"collection":[{"href":"https:\/\/restyling.exenia.eu\/fr\/wp-json\/wp\/v2\/progetti"}],"about":[{"href":"https:\/\/restyling.exenia.eu\/fr\/wp-json\/wp\/v2\/types\/progetti"}],"version-history":[{"count":0,"href":"https:\/\/restyling.exenia.eu\/fr\/wp-json\/wp\/v2\/progetti\/52240\/revisions"}],"wp:featuredmedia":[{"embeddable":true,"href":"https:\/\/restyling.exenia.eu\/fr\/wp-json\/wp\/v2\/media\/52242"}],"wp:attachment":[{"href":"https:\/\/restyling.exenia.eu\/fr\/wp-json\/wp\/v2\/media?parent=52240"}],"wp:term":[{"taxonomy":"famiglia_progetto","embeddable":true,"href":"https:\/\/restyling.exenia.eu\/fr\/wp-json\/wp\/v2\/famiglia_progetto?post=52240"},{"taxonomy":"applicazione_progetto","embeddable":true,"href":"https:\/\/restyling.exenia.eu\/fr\/wp-json\/wp\/v2\/applicazione_progetto?post=52240"},{"taxonomy":"nazione_progetto","embeddable":true,"href":"https:\/\/restyling.exenia.eu\/fr\/wp-json\/wp\/v2\/nazione_progetto?post=52240"},{"taxonomy":"market","embeddable":true,"href":"https:\/\/restyling.exenia.eu\/fr\/wp-json\/wp\/v2\/market?post=52240"}],"curies":[{"name":"wp","href":"https:\/\/api.w.org\/{rel}","templated":true}]}}