{"id":75470,"date":"2026-02-11T12:13:33","date_gmt":"2026-02-11T11:13:33","guid":{"rendered":"https:\/\/www.exenia.eu\/?post_type=progetti&#038;p=75470"},"modified":"2026-02-11T12:48:41","modified_gmt":"2026-02-11T11:48:41","slug":"museo-nazionale-delle-ferrovie","status":"publish","type":"progetti","link":"https:\/\/restyling.exenia.eu\/fr\/projets\/museo-nazionale-delle-ferrovie\/","title":{"rendered":"Mus\u00e9e national des chemins de fer"},"content":{"rendered":"<p>La r\u00e9novation de la Station Hall s\u2019inscrit dans un important projet de r\u00e9am\u00e9nagement du National Railway Museum de York, visant \u00e0 valoriser son patrimoine ferroviaire historique et \u00e0 am\u00e9liorer l\u2019exp\u00e9rience globale des visiteurs.<\/p><p>Le projet d\u2019\u00e9clairage rel\u00e8ve les d\u00e9fis d\u2019un espace monumental caract\u00e9ris\u00e9 par de grands volumes, des hauteurs importantes et des points d\u2019installation \u00e9lev\u00e9s. L\u2019objectif \u00e9tait de fournir un \u00e9clairage haute performance capable de mettre en valeur locomotives, wagons et \u00e9l\u00e9ments graphiques, tout en garantissant un confort visuel et un contr\u00f4le efficace de l\u2019\u00e9blouissement.<\/p><p>Le concept d\u2019\u00e9clairage repose sur une solution de floodlighting contr\u00f4l\u00e9e et \u00e0 faible \u00e9blouissement, con\u00e7ue pour s\u2019int\u00e9grer parfaitement aux infrastructures existantes du b\u00e2timent, y compris les syst\u00e8mes de chauffage et de climatisation. La combinaison d\u2019un \u00e9clairage diffus et d\u2019un \u00e9clairage d\u2019accentuation permet un contr\u00f4le pr\u00e9cis des faisceaux lumineux, am\u00e9liorant la lisibilit\u00e9 de l\u2019exposition et la perception de l\u2019espace.<\/p><p>Pour la Station Hall et les espaces graphiques, les SPOT REVO MAX et SPOT REVO MEDIUM avec Framer ont \u00e9t\u00e9 s\u00e9lectionn\u00e9s : des luminaires id\u00e9aux pour les grands espaces et les installations en hauteur, alliant puissance lumineuse, flexibilit\u00e9 de conception et confort visuel.<\/p><p>Le r\u00e9sultat final est un environnement \u00e9quilibr\u00e9 et immersif, o\u00f9 la lumi\u00e8re accompagne les visiteurs et interpr\u00e8te le patrimoine ferroviaire de mani\u00e8re contemporaine.<\/p>","protected":false},"excerpt":{"rendered":"<p>La r\u00e9novation de la Station Hall s\u2019inscrit dans un important&#8230;<\/p>\n","protected":false},"featured_media":75471,"parent":0,"menu_order":0,"template":"","meta":{"_acf_changed":false,"footnotes":""},"famiglia_progetto":[5733],"applicazione_progetto":[342],"nazione_progetto":[],"market":[637],"class_list":["post-75470","progetti","type-progetti","status-publish","has-post-thumbnail","hentry","famiglia_progetto-spot-revo-fr","applicazione_progetto-projection-fr","market-lieux-de-culte-monuments-et-musees"],"acf":[],"yoast_head":"<!-- This site is optimized with the Yoast SEO plugin v27.4 - https:\/\/yoast.com\/product\/yoast-seo-wordpress\/ -->\n<title>Mus\u00e9e national des chemins de fer | Exenia<\/title>\n<meta name=\"robots\" content=\"noindex, follow, max-snippet:-1, max-image-preview:large, max-video-preview:-1\" \/>\n<meta property=\"og:locale\" content=\"fr_FR\" \/>\n<meta property=\"og:type\" content=\"article\" \/>\n<meta property=\"og:title\" content=\"Mus\u00e9e national des chemins de fer | Exenia\" \/>\n<meta property=\"og:description\" content=\"La r\u00e9novation de la Station Hall s\u2019inscrit dans un important...\" \/>\n<meta property=\"og:url\" content=\"https:\/\/restyling.exenia.eu\/fr\/projets\/museo-nazionale-delle-ferrovie\/\" \/>\n<meta property=\"og:site_name\" content=\"Exenia\" \/>\n<meta property=\"article:publisher\" content=\"https:\/\/www.facebook.com\/exenialighting\" \/>\n<meta property=\"article:modified_time\" content=\"2026-02-11T11:48:41+00:00\" \/>\n<meta property=\"og:image\" content=\"https:\/\/restyling.exenia.eu\/wp-content\/uploads\/2022\/09\/logo_exenia-e1678467519405.png\" \/>\n\t<meta property=\"og:image:width\" content=\"600\" \/>\n\t<meta property=\"og:image:height\" content=\"194\" \/>\n\t<meta property=\"og:image:type\" content=\"image\/png\" \/>\n<!-- \/ Yoast SEO plugin. -->","yoast_head_json":{"title":"Mus\u00e9e national des chemins de fer | Exenia","robots":{"index":"noindex","follow":"follow","max-snippet":"max-snippet:-1","max-image-preview":"max-image-preview:large","max-video-preview":"max-video-preview:-1"},"og_locale":"fr_FR","og_type":"article","og_title":"Mus\u00e9e national des chemins de fer | Exenia","og_description":"La r\u00e9novation de la Station Hall s\u2019inscrit dans un important...","og_url":"https:\/\/restyling.exenia.eu\/fr\/projets\/museo-nazionale-delle-ferrovie\/","og_site_name":"Exenia","article_publisher":"https:\/\/www.facebook.com\/exenialighting","article_modified_time":"2026-02-11T11:48:41+00:00","og_image":[{"width":600,"height":194,"url":"https:\/\/restyling.exenia.eu\/wp-content\/uploads\/2022\/09\/logo_exenia-e1678467519405.png","type":"image\/png"}],"schema":{"@context":"https:\/\/schema.org","@graph":[{"@type":"WebPage","@id":"https:\/\/restyling.exenia.eu\/fr\/projets\/museo-nazionale-delle-ferrovie\/","url":"https:\/\/restyling.exenia.eu\/fr\/projets\/museo-nazionale-delle-ferrovie\/","name":"Mus\u00e9e national des chemins de fer | Exenia","isPartOf":{"@id":"https:\/\/restyling.exenia.eu\/#website"},"primaryImageOfPage":{"@id":"https:\/\/restyling.exenia.eu\/fr\/projets\/museo-nazionale-delle-ferrovie\/#primaryimage"},"image":{"@id":"https:\/\/restyling.exenia.eu\/fr\/projets\/museo-nazionale-delle-ferrovie\/#primaryimage"},"thumbnailUrl":"https:\/\/restyling.exenia.eu\/wp-content\/uploads\/2026\/02\/YFhwhRVQv7S7V4Q2E7TeOV1IVgw-scaled.avif","datePublished":"2026-02-11T11:13:33+00:00","dateModified":"2026-02-11T11:48:41+00:00","breadcrumb":{"@id":"https:\/\/restyling.exenia.eu\/fr\/projets\/museo-nazionale-delle-ferrovie\/#breadcrumb"},"inLanguage":"fr-FR","potentialAction":[{"@type":"ReadAction","target":["https:\/\/restyling.exenia.eu\/fr\/projets\/museo-nazionale-delle-ferrovie\/"]}]},{"@type":"ImageObject","inLanguage":"fr-FR","@id":"https:\/\/restyling.exenia.eu\/fr\/projets\/museo-nazionale-delle-ferrovie\/#primaryimage","url":"https:\/\/restyling.exenia.eu\/wp-content\/uploads\/2026\/02\/YFhwhRVQv7S7V4Q2E7TeOV1IVgw-scaled.avif","contentUrl":"https:\/\/restyling.exenia.eu\/wp-content\/uploads\/2026\/02\/YFhwhRVQv7S7V4Q2E7TeOV1IVgw-scaled.avif","width":2560,"height":1920},{"@type":"BreadcrumbList","@id":"https:\/\/restyling.exenia.eu\/fr\/projets\/museo-nazionale-delle-ferrovie\/#breadcrumb","itemListElement":[{"@type":"ListItem","position":1,"name":"Home","item":"https:\/\/restyling.exenia.eu\/"},{"@type":"ListItem","position":2,"name":"Progetti","item":"https:\/\/restyling.exenia.eu\/progetti\/"},{"@type":"ListItem","position":3,"name":"Mus\u00e9e national des chemins de fer"}]},{"@type":"WebSite","@id":"https:\/\/restyling.exenia.eu\/#website","url":"https:\/\/restyling.exenia.eu\/","name":"Exenia","description":"","publisher":{"@id":"https:\/\/restyling.exenia.eu\/#organization"},"potentialAction":[{"@type":"SearchAction","target":{"@type":"EntryPoint","urlTemplate":"https:\/\/restyling.exenia.eu\/?s={search_term_string}"},"query-input":{"@type":"PropertyValueSpecification","valueRequired":true,"valueName":"search_term_string"}}],"inLanguage":"fr-FR"},{"@type":"Organization","@id":"https:\/\/restyling.exenia.eu\/#organization","name":"Exenia","url":"https:\/\/restyling.exenia.eu\/","logo":{"@type":"ImageObject","inLanguage":"fr-FR","@id":"https:\/\/restyling.exenia.eu\/#\/schema\/logo\/image\/","url":"https:\/\/restyling.exenia.eu\/wp-content\/uploads\/2022\/09\/logo_exenia-e1678467519405.png","contentUrl":"https:\/\/restyling.exenia.eu\/wp-content\/uploads\/2022\/09\/logo_exenia-e1678467519405.png","width":600,"height":194,"caption":"Exenia"},"image":{"@id":"https:\/\/restyling.exenia.eu\/#\/schema\/logo\/image\/"},"sameAs":["https:\/\/www.facebook.com\/exenialighting","https:\/\/x.com\/ExeniaLighting"]}]}},"_links":{"self":[{"href":"https:\/\/restyling.exenia.eu\/fr\/wp-json\/wp\/v2\/progetti\/75470","targetHints":{"allow":["GET"]}}],"collection":[{"href":"https:\/\/restyling.exenia.eu\/fr\/wp-json\/wp\/v2\/progetti"}],"about":[{"href":"https:\/\/restyling.exenia.eu\/fr\/wp-json\/wp\/v2\/types\/progetti"}],"version-history":[{"count":0,"href":"https:\/\/restyling.exenia.eu\/fr\/wp-json\/wp\/v2\/progetti\/75470\/revisions"}],"wp:featuredmedia":[{"embeddable":true,"href":"https:\/\/restyling.exenia.eu\/fr\/wp-json\/wp\/v2\/media\/75471"}],"wp:attachment":[{"href":"https:\/\/restyling.exenia.eu\/fr\/wp-json\/wp\/v2\/media?parent=75470"}],"wp:term":[{"taxonomy":"famiglia_progetto","embeddable":true,"href":"https:\/\/restyling.exenia.eu\/fr\/wp-json\/wp\/v2\/famiglia_progetto?post=75470"},{"taxonomy":"applicazione_progetto","embeddable":true,"href":"https:\/\/restyling.exenia.eu\/fr\/wp-json\/wp\/v2\/applicazione_progetto?post=75470"},{"taxonomy":"nazione_progetto","embeddable":true,"href":"https:\/\/restyling.exenia.eu\/fr\/wp-json\/wp\/v2\/nazione_progetto?post=75470"},{"taxonomy":"market","embeddable":true,"href":"https:\/\/restyling.exenia.eu\/fr\/wp-json\/wp\/v2\/market?post=75470"}],"curies":[{"name":"wp","href":"https:\/\/api.w.org\/{rel}","templated":true}]}}