{"id":9924,"date":"2019-01-03T00:00:00","date_gmt":"2019-01-02T23:00:00","guid":{"rendered":"https:\/\/www.exenia.eu\/progetti\/gulinelli-palace\/"},"modified":"2023-01-13T16:25:22","modified_gmt":"2023-01-13T15:25:22","slug":"gulinelli-palace","status":"publish","type":"progetti","link":"https:\/\/restyling.exenia.eu\/fr\/projets\/gulinelli-palace\/","title":{"rendered":"Gulinelli Palace"},"content":{"rendered":"<p class=\" eplus-wrapper\">Le palais de la n\u00e9o-r\u00e9naisance Gulinelli est situ\u00e9 \u00e0 Ferrara, en Italie. La r\u00e9cente r\u00e9novation de l&rsquo;axe central du XVIe si\u00e8cle, par les r\u00e9am\u00e9nageurs urbains, \u00e9tait un exploit hercul\u00e9en. GRANCEMENT endommag\u00e9 par le tremblement de terre de 2012 \u00e0 Emilia, la restauration, qui a termin\u00e9 En 2015, il y a inclus la r\u00e9organisation de l&rsquo;infrastructure du palais pour \u00eatre respectueuse de l&rsquo;environnement.<\/p><p class=\" eplus-wrapper\">La restauration, principalement visant \u00e0 am\u00e9liorer la structure avec les derniers protocoles de s\u00e9curit\u00e9 sismique, a \u00e9galement n\u00e9cessit\u00e9 la r\u00e9cup\u00e9ration et l&rsquo;utilisation de tous les mat\u00e9riaux de construction d&rsquo;origine, dans la mesure du possible, et l&rsquo;utilisation de mat\u00e9riaux isolants recycl\u00e9s pour aider \u00e0 r\u00e9duire la consommation d&rsquo;\u00e9nergie.<\/p><p class=\" eplus-wrapper\">En plus de la restauration, la reconfiguration du Palazzo dans une \u00e9cole n\u00e9cessitait un \u00e9clairage moderne, d&rsquo;o\u00f9 la d\u00e9cision de concentrer la conception d&rsquo;\u00e9clairage sur l&rsquo;utilisation d&rsquo;une s\u00e9rie de luminaires de suspension sp\u00e9ciaux avec la derni\u00e8re g\u00e9n\u00e9ration de technologies LED.<\/p><p class=\" eplus-wrapper\">Ces luminaires offrent une lumi\u00e8re confortable et diffuse et sont distingu\u00e9s avec leur design propre et a\u00e9r\u00e9. Dans les salles de fresques, la conception de ces luminaires fait \u00e9cho aux compositions d\u00e9coratives sur les plafonds. Ailleurs, la d\u00e9cision a \u00e9t\u00e9 prise d&rsquo;utiliser des formes minimales, circulaires ou rectangulaires. Tous les luminaires suspendus sont \u00e9quip\u00e9s de capacit\u00e9s d&rsquo;\u00e9clairage directes et indirectes et fournissent des niveaux de luxe adapt\u00e9s aux bureaux et aux tables illuminants tout en mettant l&rsquo;accent sur le plafond vo\u00fbt\u00e9.<\/p><p class=\" eplus-wrapper\">Produits utilis\u00e9s <br>Exenia: Hola et Hola Meeting, Distribution directe \/ indirecte (CRI95 &#8211; 3000K).<\/p>","protected":false},"excerpt":{"rendered":"<p>Le palais de la n\u00e9o-r\u00e9naisance Gulinelli est situ\u00e9 \u00e0 Ferrara,&#8230;<\/p>\n","protected":false},"featured_media":9443,"parent":0,"menu_order":0,"template":"","meta":{"_acf_changed":false,"footnotes":""},"famiglia_progetto":[],"applicazione_progetto":[335],"nazione_progetto":[674],"market":[637],"class_list":["post-9924","progetti","type-progetti","status-publish","has-post-thumbnail","hentry","applicazione_progetto-eclairage-diffus","nazione_progetto-italie","market-lieux-de-culte-monuments-et-musees"],"acf":[],"yoast_head":"<!-- This site is optimized with the Yoast SEO plugin v27.5 - https:\/\/yoast.com\/product\/yoast-seo-wordpress\/ -->\n<title>Gulinelli Palace | Exenia<\/title>\n<meta name=\"robots\" content=\"noindex, follow, max-snippet:-1, max-image-preview:large, max-video-preview:-1\" \/>\n<meta property=\"og:locale\" content=\"fr_FR\" \/>\n<meta property=\"og:type\" content=\"article\" \/>\n<meta property=\"og:title\" content=\"Gulinelli Palace | Exenia\" \/>\n<meta property=\"og:description\" content=\"Le palais de la n\u00e9o-r\u00e9naisance Gulinelli est situ\u00e9 \u00e0 Ferrara,...\" \/>\n<meta property=\"og:url\" content=\"https:\/\/restyling.exenia.eu\/fr\/projets\/gulinelli-palace\/\" \/>\n<meta property=\"og:site_name\" content=\"Exenia\" \/>\n<meta property=\"article:publisher\" content=\"https:\/\/www.facebook.com\/exenialighting\" \/>\n<meta property=\"article:modified_time\" content=\"2023-01-13T15:25:22+00:00\" \/>\n<meta property=\"og:image\" content=\"https:\/\/restyling.exenia.eu\/wp-content\/uploads\/2023\/01\/palazzo1-3.jpg\" \/>\n\t<meta property=\"og:image:width\" content=\"2560\" \/>\n\t<meta property=\"og:image:height\" content=\"1706\" \/>\n\t<meta property=\"og:image:type\" content=\"image\/jpeg\" \/>\n<!-- \/ Yoast SEO plugin. -->","yoast_head_json":{"title":"Gulinelli Palace | Exenia","robots":{"index":"noindex","follow":"follow","max-snippet":"max-snippet:-1","max-image-preview":"max-image-preview:large","max-video-preview":"max-video-preview:-1"},"og_locale":"fr_FR","og_type":"article","og_title":"Gulinelli Palace | Exenia","og_description":"Le palais de la n\u00e9o-r\u00e9naisance Gulinelli est situ\u00e9 \u00e0 Ferrara,...","og_url":"https:\/\/restyling.exenia.eu\/fr\/projets\/gulinelli-palace\/","og_site_name":"Exenia","article_publisher":"https:\/\/www.facebook.com\/exenialighting","article_modified_time":"2023-01-13T15:25:22+00:00","og_image":[{"width":2560,"height":1706,"url":"https:\/\/restyling.exenia.eu\/wp-content\/uploads\/2023\/01\/palazzo1-3.jpg","type":"image\/jpeg"}],"schema":{"@context":"https:\/\/schema.org","@graph":[{"@type":"WebPage","@id":"https:\/\/restyling.exenia.eu\/fr\/projets\/gulinelli-palace\/","url":"https:\/\/restyling.exenia.eu\/fr\/projets\/gulinelli-palace\/","name":"Gulinelli Palace | Exenia","isPartOf":{"@id":"https:\/\/restyling.exenia.eu\/#website"},"primaryImageOfPage":{"@id":"https:\/\/restyling.exenia.eu\/fr\/projets\/gulinelli-palace\/#primaryimage"},"image":{"@id":"https:\/\/restyling.exenia.eu\/fr\/projets\/gulinelli-palace\/#primaryimage"},"thumbnailUrl":"https:\/\/restyling.exenia.eu\/wp-content\/uploads\/2023\/01\/palazzo1-3.jpg","datePublished":"2019-01-02T23:00:00+00:00","dateModified":"2023-01-13T15:25:22+00:00","breadcrumb":{"@id":"https:\/\/restyling.exenia.eu\/fr\/projets\/gulinelli-palace\/#breadcrumb"},"inLanguage":"fr-FR","potentialAction":[{"@type":"ReadAction","target":["https:\/\/restyling.exenia.eu\/fr\/projets\/gulinelli-palace\/"]}]},{"@type":"ImageObject","inLanguage":"fr-FR","@id":"https:\/\/restyling.exenia.eu\/fr\/projets\/gulinelli-palace\/#primaryimage","url":"https:\/\/restyling.exenia.eu\/wp-content\/uploads\/2023\/01\/palazzo1-3.jpg","contentUrl":"https:\/\/restyling.exenia.eu\/wp-content\/uploads\/2023\/01\/palazzo1-3.jpg","width":2560,"height":1706},{"@type":"BreadcrumbList","@id":"https:\/\/restyling.exenia.eu\/fr\/projets\/gulinelli-palace\/#breadcrumb","itemListElement":[{"@type":"ListItem","position":1,"name":"Home","item":"https:\/\/restyling.exenia.eu\/"},{"@type":"ListItem","position":2,"name":"Progetti","item":"https:\/\/restyling.exenia.eu\/progetti\/"},{"@type":"ListItem","position":3,"name":"Gulinelli Palace"}]},{"@type":"WebSite","@id":"https:\/\/restyling.exenia.eu\/#website","url":"https:\/\/restyling.exenia.eu\/","name":"Exenia","description":"","publisher":{"@id":"https:\/\/restyling.exenia.eu\/#organization"},"potentialAction":[{"@type":"SearchAction","target":{"@type":"EntryPoint","urlTemplate":"https:\/\/restyling.exenia.eu\/?s={search_term_string}"},"query-input":{"@type":"PropertyValueSpecification","valueRequired":true,"valueName":"search_term_string"}}],"inLanguage":"fr-FR"},{"@type":"Organization","@id":"https:\/\/restyling.exenia.eu\/#organization","name":"Exenia","url":"https:\/\/restyling.exenia.eu\/","logo":{"@type":"ImageObject","inLanguage":"fr-FR","@id":"https:\/\/restyling.exenia.eu\/#\/schema\/logo\/image\/","url":"https:\/\/restyling.exenia.eu\/wp-content\/uploads\/2022\/09\/logo_exenia-e1678467519405.png","contentUrl":"https:\/\/restyling.exenia.eu\/wp-content\/uploads\/2022\/09\/logo_exenia-e1678467519405.png","width":600,"height":194,"caption":"Exenia"},"image":{"@id":"https:\/\/restyling.exenia.eu\/#\/schema\/logo\/image\/"},"sameAs":["https:\/\/www.facebook.com\/exenialighting","https:\/\/x.com\/ExeniaLighting"]}]}},"_links":{"self":[{"href":"https:\/\/restyling.exenia.eu\/fr\/wp-json\/wp\/v2\/progetti\/9924","targetHints":{"allow":["GET"]}}],"collection":[{"href":"https:\/\/restyling.exenia.eu\/fr\/wp-json\/wp\/v2\/progetti"}],"about":[{"href":"https:\/\/restyling.exenia.eu\/fr\/wp-json\/wp\/v2\/types\/progetti"}],"version-history":[{"count":0,"href":"https:\/\/restyling.exenia.eu\/fr\/wp-json\/wp\/v2\/progetti\/9924\/revisions"}],"wp:featuredmedia":[{"embeddable":true,"href":"https:\/\/restyling.exenia.eu\/fr\/wp-json\/wp\/v2\/media\/9443"}],"wp:attachment":[{"href":"https:\/\/restyling.exenia.eu\/fr\/wp-json\/wp\/v2\/media?parent=9924"}],"wp:term":[{"taxonomy":"famiglia_progetto","embeddable":true,"href":"https:\/\/restyling.exenia.eu\/fr\/wp-json\/wp\/v2\/famiglia_progetto?post=9924"},{"taxonomy":"applicazione_progetto","embeddable":true,"href":"https:\/\/restyling.exenia.eu\/fr\/wp-json\/wp\/v2\/applicazione_progetto?post=9924"},{"taxonomy":"nazione_progetto","embeddable":true,"href":"https:\/\/restyling.exenia.eu\/fr\/wp-json\/wp\/v2\/nazione_progetto?post=9924"},{"taxonomy":"market","embeddable":true,"href":"https:\/\/restyling.exenia.eu\/fr\/wp-json\/wp\/v2\/market?post=9924"}],"curies":[{"name":"wp","href":"https:\/\/api.w.org\/{rel}","templated":true}]}}