{"id":9939,"date":"2018-12-26T00:00:00","date_gmt":"2018-12-25T23:00:00","guid":{"rendered":"https:\/\/www.exenia.eu\/progetti\/palacio-de-mafra-the-throne-room\/"},"modified":"2018-12-26T00:00:00","modified_gmt":"2018-12-25T23:00:00","slug":"palacio-de-mafra-the-throne-room","status":"publish","type":"progetti","link":"https:\/\/restyling.exenia.eu\/fr\/projets\/palacio-de-mafra-the-throne-room\/","title":{"rendered":"Palacio De Mafra, The Throne room"},"content":{"rendered":"<p> Mafra est une jolie ville, \u00e0 quelques kilom\u00e8tres de Lisbonne, connue pour avoir accueilli l&rsquo;un des palais les plus colossaux et extravagants de l&rsquo;Europe, le Palacio de Mafra. Construit dans la premi\u00e8re moiti\u00e9 du 18 <\/p>\n<p> th <\/p>\n<p> si\u00e8cle en utilisant du calcaire en marbre et en pierre, le complexe couvre une superficie de 40000 m <sup> 2 <\/sup> et comprend un monast\u00e8re, une basilique monumentale et une biblioth\u00e8que avec Plus de 36 000 textes anciens.  <\/p>\n<p> Le palais est parmi les environnements les plus richement d\u00e9cor\u00e9s de Sala del Trono et est fresque d&rsquo;\u009cuvres d&rsquo;artistes de la cour de Domingos Sequeira, tandis que des motifs all\u00e9goriques, peints par Cyrillo Volkmar Machado, embellissent le plafond spectaculaire. <\/p>\n<p> En tant que point culminant de la r\u00e9cente r\u00e9novation, les concepteurs d&rsquo;\u00e9clairage ont d\u00e9velopp\u00e9 et ex\u00e9cut\u00e9 une conception incroyable malgr\u00e9 le budget limit\u00e9 et les probl\u00e8mes de conservation. <\/p>\n<p> L&rsquo;\u00e9quipe de conception s&rsquo;est concentr\u00e9e sur l&rsquo;utilisation de la flexibilit\u00e9 d&rsquo;un luminaire ultra-compact, avec une puissance maximale de 5200 lumens, un indice de rendu de couleur haute (95) et une large gamme d&rsquo;optiques, \u00e0 leur avantage. Un projecteur \u00e0 faible base invasive, avec des bras de verrouillage articul\u00e9s, qui permet un assemblage sur place et aide \u00e0 orienter de mani\u00e8re appropri\u00e9e la lumi\u00e8re \u00e9tait l&rsquo;outil parfait pour ce projet. <\/p>\n<p> L&rsquo;absence de cadres saillants, ou tout autre \u00e9l\u00e9ments architecturaux sur lesquels un luminaire pouvait \u00eatre mont\u00e9 ou cach\u00e9, signifiait que l&rsquo;\u00e9quipe d&rsquo;\u00e9clairage devait \u00eatre inventive. Ils avaient besoin de luminaires petits, mais avec les m\u00eames performances de plus grands luminaires. La capacit\u00e9 d&rsquo;accessoiriser les luminaires avec des snots et des shapers \u00e9tait un bonus, il a permis aux peintures d&rsquo;\u00eatre p\u00e2tur\u00e9es tout en r\u00e9duisant le risque d&rsquo;\u00e9blouissement. <\/p>\n<p> Produits utilis\u00e9s Exenia: Museo Compact \u00e9quip\u00e9 de shapers (Optique moyenne, CRI 95 &#8211; 2700K). <\/p>\n","protected":false},"excerpt":{"rendered":"<p>Mafra est une jolie ville, \u00e0 quelques kilom\u00e8tres de Lisbonne,&#8230;<\/p>\n","protected":false},"featured_media":9520,"parent":0,"menu_order":0,"template":"","meta":{"_acf_changed":false,"footnotes":""},"famiglia_progetto":[],"applicazione_progetto":[332],"nazione_progetto":[679],"market":[637],"class_list":["post-9939","progetti","type-progetti","status-publish","has-post-thumbnail","hentry","applicazione_progetto-eclairage-daccentuation","nazione_progetto-portugal","market-lieux-de-culte-monuments-et-musees"],"acf":[],"yoast_head":"<!-- This site is optimized with the Yoast SEO plugin v27.4 - https:\/\/yoast.com\/product\/yoast-seo-wordpress\/ -->\n<title>Palacio De Mafra, The Throne room | Exenia<\/title>\n<meta name=\"robots\" content=\"noindex, follow, max-snippet:-1, max-image-preview:large, max-video-preview:-1\" \/>\n<meta property=\"og:locale\" content=\"fr_FR\" \/>\n<meta property=\"og:type\" content=\"article\" \/>\n<meta property=\"og:title\" content=\"Palacio De Mafra, The Throne room | Exenia\" \/>\n<meta property=\"og:description\" content=\"Mafra est une jolie ville, \u00e0 quelques kilom\u00e8tres de Lisbonne,...\" \/>\n<meta property=\"og:url\" content=\"https:\/\/restyling.exenia.eu\/fr\/projets\/palacio-de-mafra-the-throne-room\/\" \/>\n<meta property=\"og:site_name\" content=\"Exenia\" \/>\n<meta property=\"article:publisher\" content=\"https:\/\/www.facebook.com\/exenialighting\" \/>\n<meta property=\"og:image\" content=\"https:\/\/restyling.exenia.eu\/wp-content\/uploads\/2023\/01\/palacio1-1.jpg\" \/>\n\t<meta property=\"og:image:width\" content=\"2560\" \/>\n\t<meta property=\"og:image:height\" content=\"1707\" \/>\n\t<meta property=\"og:image:type\" content=\"image\/jpeg\" \/>\n<!-- \/ Yoast SEO plugin. -->","yoast_head_json":{"title":"Palacio De Mafra, The Throne room | Exenia","robots":{"index":"noindex","follow":"follow","max-snippet":"max-snippet:-1","max-image-preview":"max-image-preview:large","max-video-preview":"max-video-preview:-1"},"og_locale":"fr_FR","og_type":"article","og_title":"Palacio De Mafra, The Throne room | Exenia","og_description":"Mafra est une jolie ville, \u00e0 quelques kilom\u00e8tres de Lisbonne,...","og_url":"https:\/\/restyling.exenia.eu\/fr\/projets\/palacio-de-mafra-the-throne-room\/","og_site_name":"Exenia","article_publisher":"https:\/\/www.facebook.com\/exenialighting","og_image":[{"width":2560,"height":1707,"url":"https:\/\/restyling.exenia.eu\/wp-content\/uploads\/2023\/01\/palacio1-1.jpg","type":"image\/jpeg"}],"schema":{"@context":"https:\/\/schema.org","@graph":[{"@type":"WebPage","@id":"https:\/\/restyling.exenia.eu\/fr\/projets\/palacio-de-mafra-the-throne-room\/","url":"https:\/\/restyling.exenia.eu\/fr\/projets\/palacio-de-mafra-the-throne-room\/","name":"Palacio De Mafra, The Throne room | Exenia","isPartOf":{"@id":"https:\/\/restyling.exenia.eu\/#website"},"primaryImageOfPage":{"@id":"https:\/\/restyling.exenia.eu\/fr\/projets\/palacio-de-mafra-the-throne-room\/#primaryimage"},"image":{"@id":"https:\/\/restyling.exenia.eu\/fr\/projets\/palacio-de-mafra-the-throne-room\/#primaryimage"},"thumbnailUrl":"https:\/\/restyling.exenia.eu\/wp-content\/uploads\/2023\/01\/palacio1-1.jpg","datePublished":"2018-12-25T23:00:00+00:00","breadcrumb":{"@id":"https:\/\/restyling.exenia.eu\/fr\/projets\/palacio-de-mafra-the-throne-room\/#breadcrumb"},"inLanguage":"fr-FR","potentialAction":[{"@type":"ReadAction","target":["https:\/\/restyling.exenia.eu\/fr\/projets\/palacio-de-mafra-the-throne-room\/"]}]},{"@type":"ImageObject","inLanguage":"fr-FR","@id":"https:\/\/restyling.exenia.eu\/fr\/projets\/palacio-de-mafra-the-throne-room\/#primaryimage","url":"https:\/\/restyling.exenia.eu\/wp-content\/uploads\/2023\/01\/palacio1-1.jpg","contentUrl":"https:\/\/restyling.exenia.eu\/wp-content\/uploads\/2023\/01\/palacio1-1.jpg","width":2560,"height":1707},{"@type":"BreadcrumbList","@id":"https:\/\/restyling.exenia.eu\/fr\/projets\/palacio-de-mafra-the-throne-room\/#breadcrumb","itemListElement":[{"@type":"ListItem","position":1,"name":"Home","item":"https:\/\/restyling.exenia.eu\/"},{"@type":"ListItem","position":2,"name":"Progetti","item":"https:\/\/restyling.exenia.eu\/progetti\/"},{"@type":"ListItem","position":3,"name":"Palacio De Mafra, The Throne room"}]},{"@type":"WebSite","@id":"https:\/\/restyling.exenia.eu\/#website","url":"https:\/\/restyling.exenia.eu\/","name":"Exenia","description":"","publisher":{"@id":"https:\/\/restyling.exenia.eu\/#organization"},"potentialAction":[{"@type":"SearchAction","target":{"@type":"EntryPoint","urlTemplate":"https:\/\/restyling.exenia.eu\/?s={search_term_string}"},"query-input":{"@type":"PropertyValueSpecification","valueRequired":true,"valueName":"search_term_string"}}],"inLanguage":"fr-FR"},{"@type":"Organization","@id":"https:\/\/restyling.exenia.eu\/#organization","name":"Exenia","url":"https:\/\/restyling.exenia.eu\/","logo":{"@type":"ImageObject","inLanguage":"fr-FR","@id":"https:\/\/restyling.exenia.eu\/#\/schema\/logo\/image\/","url":"https:\/\/restyling.exenia.eu\/wp-content\/uploads\/2022\/09\/logo_exenia-e1678467519405.png","contentUrl":"https:\/\/restyling.exenia.eu\/wp-content\/uploads\/2022\/09\/logo_exenia-e1678467519405.png","width":600,"height":194,"caption":"Exenia"},"image":{"@id":"https:\/\/restyling.exenia.eu\/#\/schema\/logo\/image\/"},"sameAs":["https:\/\/www.facebook.com\/exenialighting","https:\/\/x.com\/ExeniaLighting"]}]}},"_links":{"self":[{"href":"https:\/\/restyling.exenia.eu\/fr\/wp-json\/wp\/v2\/progetti\/9939","targetHints":{"allow":["GET"]}}],"collection":[{"href":"https:\/\/restyling.exenia.eu\/fr\/wp-json\/wp\/v2\/progetti"}],"about":[{"href":"https:\/\/restyling.exenia.eu\/fr\/wp-json\/wp\/v2\/types\/progetti"}],"version-history":[{"count":0,"href":"https:\/\/restyling.exenia.eu\/fr\/wp-json\/wp\/v2\/progetti\/9939\/revisions"}],"wp:featuredmedia":[{"embeddable":true,"href":"https:\/\/restyling.exenia.eu\/fr\/wp-json\/wp\/v2\/media\/9520"}],"wp:attachment":[{"href":"https:\/\/restyling.exenia.eu\/fr\/wp-json\/wp\/v2\/media?parent=9939"}],"wp:term":[{"taxonomy":"famiglia_progetto","embeddable":true,"href":"https:\/\/restyling.exenia.eu\/fr\/wp-json\/wp\/v2\/famiglia_progetto?post=9939"},{"taxonomy":"applicazione_progetto","embeddable":true,"href":"https:\/\/restyling.exenia.eu\/fr\/wp-json\/wp\/v2\/applicazione_progetto?post=9939"},{"taxonomy":"nazione_progetto","embeddable":true,"href":"https:\/\/restyling.exenia.eu\/fr\/wp-json\/wp\/v2\/nazione_progetto?post=9939"},{"taxonomy":"market","embeddable":true,"href":"https:\/\/restyling.exenia.eu\/fr\/wp-json\/wp\/v2\/market?post=9939"}],"curies":[{"name":"wp","href":"https:\/\/api.w.org\/{rel}","templated":true}]}}